{"id":57514,"date":"2022-01-03T19:39:38","date_gmt":"2022-01-03T18:39:38","guid":{"rendered":"https:\/\/fundacioateneusantroc.org\/ateneu-arpilleres\/mujeres-disruptivas\/"},"modified":"2025-05-20T17:25:26","modified_gmt":"2025-05-20T15:25:26","slug":"mujeres-disruptivas","status":"publish","type":"ateneu-arpilleres","link":"https:\/\/fundacioateneusantroc.org\/es\/ateneu-arpilleres\/mujeres-disruptivas\/","title":{"rendered":"Mujeres disruptivas"},"content":{"rendered":"\n<h3 class=\"wp-block-heading\">Exposici\u00f3n 2019<\/h3>\n\n<figure class=\"wp-block-image size-large\"><img loading=\"lazy\" decoding=\"async\" width=\"1024\" height=\"713\" src=\"https:\/\/fundacioateneusantroc.org\/wp-content\/uploads\/\/arpilleres-expo9b-1024x713.jpg\" alt=\"\" class=\"wp-image-49669\" srcset=\"https:\/\/fundacioateneusantroc.org\/wp-content\/uploads\/arpilleres-expo9b-1024x713.jpg 1024w, https:\/\/fundacioateneusantroc.org\/wp-content\/uploads\/arpilleres-expo9b-300x209.jpg 300w, https:\/\/fundacioateneusantroc.org\/wp-content\/uploads\/arpilleres-expo9b-768x535.jpg 768w, https:\/\/fundacioateneusantroc.org\/wp-content\/uploads\/arpilleres-expo9b-1536x1070.jpg 1536w, https:\/\/fundacioateneusantroc.org\/wp-content\/uploads\/arpilleres-expo9b.jpg 1550w\" sizes=\"auto, (max-width: 1024px) 100vw, 1024px\" \/><figcaption class=\"wp-element-caption\">Presentaci\u00f3n en el Institut Catal\u00e0 de les Dones<\/figcaption><\/figure>\n\n<div style=\"height:46px\" aria-hidden=\"true\" class=\"wp-block-spacer\"><\/div>\n\n<div class=\"wp-block-group full-width has-background\" style=\"background-color:#d8d8d8\"><div class=\"wp-block-group__inner-container is-layout-flow wp-block-group-is-layout-flow\">\n<div style=\"height:20px\" aria-hidden=\"true\" class=\"wp-block-spacer\"><\/div>\n\n\n\n<div class=\"wp-block-group max-width padding-sides\"><div class=\"wp-block-group__inner-container is-layout-flow wp-block-group-is-layout-flow\">\n<h2 class=\"wp-block-heading\">Descripci\u00f3n y contexto<\/h2>\n\n\n\n<p>A lo largo de la historia muchos hombres y mujeres han sido disruptivos en su tiempo. Se atrevieron a romper moldes, a enfrentarse a su entorno para conseguir cambiar lo que consideraban injusto.<\/p>\n\n\n\n<p>En estas arpilleras vemos plasmada la valent\u00eda de mujeres reconocidas a trav\u00e9s de la historia como Rosa Parks, Frederica Montseny o Marie Curie. Tambi\u00e9n hay mujeres an\u00f3nimas; personas que, en el d\u00eda a d\u00eda de nuestra sociedad, realizan roturas y transforman el entorno.<\/p>\n\n\n\n<p>La exposici\u00f3n se divide en varios \u00e1mbitos:<\/p>\n\n\n\n<ul class=\"wp-block-list\">\n<li>Empoderamiento social<\/li>\n\n\n\n<li>Derechos civiles<\/li>\n\n\n\n<li>Formaci\u00f3n y aprendizaje<\/li>\n\n\n\n<li>Cuerpo y mujer<\/li>\n\n\n\n<li>Igualdad y equilibrio<\/li>\n<\/ul>\n\n\n\n<p>Pensada para interactuar y crear debate, quiere ser un punto de partida para descubrir, repensar y motivar a las nuevas generaciones para abrir caminos en la b\u00fasqueda de una sociedad mejor, m\u00e1s justa y solidaria.<\/p>\n<\/div><\/div>\n\n\n\n<div style=\"height:40px\" aria-hidden=\"true\" class=\"wp-block-spacer\"><\/div>\n<\/div><\/div>\n\n<div style=\"height:20px\" aria-hidden=\"true\" class=\"wp-block-spacer\"><\/div>\n\n<h2 class=\"wp-block-heading\">12 arpilleras<\/h2>\n\n<p class=\"has-medium-font-size\"><meta charset=\"utf-8\"\/><strong><strong>Empoderamiento social<\/strong><\/strong><\/p>\n\n<div class=\"wp-block-columns is-layout-flex wp-container-core-columns-is-layout-9d6595d7 wp-block-columns-is-layout-flex\">\n<div class=\"wp-block-column is-layout-flow wp-block-column-is-layout-flow\">\n<figure class=\"wp-block-image size-large\"><a href=\"https:\/\/fundacioateneusantroc.org\/coleccions\/no-pasaran\/\" target=\"_blank\" rel=\"noreferrer noopener\"><img loading=\"lazy\" decoding=\"async\" width=\"1024\" height=\"1024\" src=\"https:\/\/fundacioateneusantroc.org\/wp-content\/uploads\/\/fasr2018-001-1024x1024.jpg\" alt=\"\" class=\"wp-image-49905\" srcset=\"https:\/\/fundacioateneusantroc.org\/wp-content\/uploads\/fasr2018-001-1024x1024.jpg 1024w, https:\/\/fundacioateneusantroc.org\/wp-content\/uploads\/fasr2018-001-300x300.jpg 300w, https:\/\/fundacioateneusantroc.org\/wp-content\/uploads\/fasr2018-001-150x150.jpg 150w, https:\/\/fundacioateneusantroc.org\/wp-content\/uploads\/fasr2018-001-768x768.jpg 768w, https:\/\/fundacioateneusantroc.org\/wp-content\/uploads\/fasr2018-001.jpg 1200w\" sizes=\"auto, (max-width: 1024px) 100vw, 1024px\" \/><\/a><\/figure>\n\n\n\n<p class=\"has-small-font-size\"><strong>\u00a1No pasar\u00e1n! <\/strong><br\/>Antonia Amador<\/p>\n<\/div>\n\n\n\n<div class=\"wp-block-column is-layout-flow wp-block-column-is-layout-flow\">\n<figure class=\"wp-block-image size-large\"><a href=\"https:\/\/fundacioateneusantroc.org\/coleccions\/no-a-les-armes\/\" target=\"_blank\" rel=\"noreferrer noopener\"><img loading=\"lazy\" decoding=\"async\" width=\"1024\" height=\"1024\" src=\"https:\/\/fundacioateneusantroc.org\/wp-content\/uploads\/\/fasr2018-008b-1024x1024.jpg\" alt=\"\" class=\"wp-image-50566\" srcset=\"https:\/\/fundacioateneusantroc.org\/wp-content\/uploads\/fasr2018-008b-1024x1024.jpg 1024w, https:\/\/fundacioateneusantroc.org\/wp-content\/uploads\/fasr2018-008b-300x300.jpg 300w, https:\/\/fundacioateneusantroc.org\/wp-content\/uploads\/fasr2018-008b-150x150.jpg 150w, https:\/\/fundacioateneusantroc.org\/wp-content\/uploads\/fasr2018-008b-768x768.jpg 768w, https:\/\/fundacioateneusantroc.org\/wp-content\/uploads\/fasr2018-008b.jpg 1200w\" sizes=\"auto, (max-width: 1024px) 100vw, 1024px\" \/><\/a><\/figure>\n\n\n\n<p class=\"has-small-font-size\"><strong>\u00a1No a las armas!<\/strong> <br\/>Anita Ramonet<\/p>\n<\/div>\n\n\n\n<div class=\"wp-block-column is-layout-flow wp-block-column-is-layout-flow\">\n<figure class=\"wp-block-image size-large\"><a href=\"https:\/\/fundacioateneusantroc.org\/coleccions\/la-pau-te-veu-de-dona\/\" target=\"_blank\" rel=\"noreferrer noopener\"><img loading=\"lazy\" decoding=\"async\" width=\"1024\" height=\"1024\" src=\"https:\/\/fundacioateneusantroc.org\/wp-content\/uploads\/\/fasr2018-006-1024x1024.jpg\" alt=\"\" class=\"wp-image-49892\" srcset=\"https:\/\/fundacioateneusantroc.org\/wp-content\/uploads\/fasr2018-006-1024x1024.jpg 1024w, https:\/\/fundacioateneusantroc.org\/wp-content\/uploads\/fasr2018-006-300x300.jpg 300w, https:\/\/fundacioateneusantroc.org\/wp-content\/uploads\/fasr2018-006-150x150.jpg 150w, https:\/\/fundacioateneusantroc.org\/wp-content\/uploads\/fasr2018-006-768x768.jpg 768w, https:\/\/fundacioateneusantroc.org\/wp-content\/uploads\/fasr2018-006.jpg 1200w\" sizes=\"auto, (max-width: 1024px) 100vw, 1024px\" \/><\/a><\/figure>\n\n\n\n<p class=\"has-small-font-size\"><strong>La paz tiene voz de mujer <\/strong><br\/>Roser Corbera<\/p>\n<\/div>\n\n\n\n<div class=\"wp-block-column is-layout-flow wp-block-column-is-layout-flow\"><\/div>\n<\/div>\n\n<div style=\"height:20px\" aria-hidden=\"true\" class=\"wp-block-spacer\"><\/div>\n\n<p class=\"has-medium-font-size\"><meta charset=\"utf-8\"\/><strong><strong>Derechos civiles<\/strong><\/strong><\/p>\n\n<div class=\"wp-block-columns is-layout-flex wp-container-core-columns-is-layout-9d6595d7 wp-block-columns-is-layout-flex\">\n<div class=\"wp-block-column is-layout-flow wp-block-column-is-layout-flow\">\n<figure class=\"wp-block-image size-large\"><a href=\"https:\/\/fundacioateneusantroc.org\/coleccions\/el-color-no-importa\/\" target=\"_blank\" rel=\"noreferrer noopener\"><img loading=\"lazy\" decoding=\"async\" width=\"1024\" height=\"1024\" src=\"https:\/\/fundacioateneusantroc.org\/wp-content\/uploads\/\/fasr2018-005-1024x1024.jpg\" alt=\"\" class=\"wp-image-49894\" srcset=\"https:\/\/fundacioateneusantroc.org\/wp-content\/uploads\/fasr2018-005-1024x1024.jpg 1024w, https:\/\/fundacioateneusantroc.org\/wp-content\/uploads\/fasr2018-005-300x300.jpg 300w, https:\/\/fundacioateneusantroc.org\/wp-content\/uploads\/fasr2018-005-150x150.jpg 150w, https:\/\/fundacioateneusantroc.org\/wp-content\/uploads\/fasr2018-005-768x768.jpg 768w, https:\/\/fundacioateneusantroc.org\/wp-content\/uploads\/fasr2018-005.jpg 1200w\" sizes=\"auto, (max-width: 1024px) 100vw, 1024px\" \/><\/a><\/figure>\n\n\n\n<p class=\"has-small-font-size\"><strong>El color no importa<\/strong> <br\/>Loli L\u00f3pez<\/p>\n<\/div>\n\n\n\n<div class=\"wp-block-column is-layout-flow wp-block-column-is-layout-flow\">\n<figure class=\"wp-block-image size-large\"><a href=\"https:\/\/fundacioateneusantroc.org\/coleccions\/8-de-marc\/\" target=\"_blank\" rel=\"noreferrer noopener\"><img loading=\"lazy\" decoding=\"async\" width=\"1024\" height=\"1024\" src=\"https:\/\/fundacioateneusantroc.org\/wp-content\/uploads\/\/fasr2018-002-1024x1024.jpg\" alt=\"\" class=\"wp-image-49903\" srcset=\"https:\/\/fundacioateneusantroc.org\/wp-content\/uploads\/fasr2018-002-1024x1024.jpg 1024w, https:\/\/fundacioateneusantroc.org\/wp-content\/uploads\/fasr2018-002-300x300.jpg 300w, https:\/\/fundacioateneusantroc.org\/wp-content\/uploads\/fasr2018-002-150x150.jpg 150w, https:\/\/fundacioateneusantroc.org\/wp-content\/uploads\/fasr2018-002-768x768.jpg 768w, https:\/\/fundacioateneusantroc.org\/wp-content\/uploads\/fasr2018-002.jpg 1200w\" sizes=\"auto, (max-width: 1024px) 100vw, 1024px\" \/><\/a><\/figure>\n\n\n\n<p class=\"has-small-font-size\"><strong>8 de marzo<\/strong><br\/>Paqui B\u00e1ez<\/p>\n<\/div>\n\n\n\n<div class=\"wp-block-column is-layout-flow wp-block-column-is-layout-flow\"><\/div>\n\n\n\n<div class=\"wp-block-column is-layout-flow wp-block-column-is-layout-flow\"><\/div>\n<\/div>\n\n<div style=\"height:20px\" aria-hidden=\"true\" class=\"wp-block-spacer\"><\/div>\n\n<p class=\"has-medium-font-size\"><meta charset=\"utf-8\"\/><strong><strong>Formaci\u00f3n y aprendizaje<\/strong><\/strong><\/p>\n\n<div class=\"wp-block-columns is-layout-flex wp-container-core-columns-is-layout-9d6595d7 wp-block-columns-is-layout-flex\">\n<div class=\"wp-block-column is-layout-flow wp-block-column-is-layout-flow\">\n<figure class=\"wp-block-image size-large\"><a href=\"https:\/\/fundacioateneusantroc.org\/coleccions\/tota-dona-val-mes-quan-lletra-apren\/\" target=\"_blank\" rel=\"noreferrer noopener\"><img loading=\"lazy\" decoding=\"async\" width=\"1024\" height=\"1024\" src=\"https:\/\/fundacioateneusantroc.org\/wp-content\/uploads\/\/fasr2018-010-1024x1024.jpg\" alt=\"\" class=\"wp-image-49884\" srcset=\"https:\/\/fundacioateneusantroc.org\/wp-content\/uploads\/fasr2018-010-1024x1024.jpg 1024w, https:\/\/fundacioateneusantroc.org\/wp-content\/uploads\/fasr2018-010-300x300.jpg 300w, https:\/\/fundacioateneusantroc.org\/wp-content\/uploads\/fasr2018-010-150x150.jpg 150w, https:\/\/fundacioateneusantroc.org\/wp-content\/uploads\/fasr2018-010-768x768.jpg 768w, https:\/\/fundacioateneusantroc.org\/wp-content\/uploads\/fasr2018-010.jpg 1200w\" sizes=\"auto, (max-width: 1024px) 100vw, 1024px\" \/><\/a><\/figure>\n\n\n\n<p class=\"has-small-font-size\"><strong>Toda mujer vale m\u00e1s cuando letra aprende<\/strong><br\/>M\u00f2nica Moro<\/p>\n<\/div>\n\n\n\n<div class=\"wp-block-column is-layout-flow wp-block-column-is-layout-flow\">\n<figure class=\"wp-block-image size-large\"><a href=\"https:\/\/fundacioateneusantroc.org\/coleccions\/des-de-la-ciencia-a-la-llibertat\/\" target=\"_blank\" rel=\"noreferrer noopener\"><img loading=\"lazy\" decoding=\"async\" width=\"1024\" height=\"1024\" src=\"https:\/\/fundacioateneusantroc.org\/wp-content\/uploads\/\/fasr2018-004-1024x1024.jpg\" alt=\"\" class=\"wp-image-49896\" srcset=\"https:\/\/fundacioateneusantroc.org\/wp-content\/uploads\/fasr2018-004-1024x1024.jpg 1024w, https:\/\/fundacioateneusantroc.org\/wp-content\/uploads\/fasr2018-004-300x300.jpg 300w, https:\/\/fundacioateneusantroc.org\/wp-content\/uploads\/fasr2018-004-150x150.jpg 150w, https:\/\/fundacioateneusantroc.org\/wp-content\/uploads\/fasr2018-004-768x768.jpg 768w, https:\/\/fundacioateneusantroc.org\/wp-content\/uploads\/fasr2018-004.jpg 1200w\" sizes=\"auto, (max-width: 1024px) 100vw, 1024px\" \/><\/a><\/figure>\n\n\n\n<p class=\"has-small-font-size\"><strong>Desde la ciencia a la libertad<\/strong><br\/>Merc\u00e8 Monge<\/p>\n<\/div>\n\n\n\n<div class=\"wp-block-column is-layout-flow wp-block-column-is-layout-flow\"><\/div>\n\n\n\n<div class=\"wp-block-column is-layout-flow wp-block-column-is-layout-flow\"><\/div>\n<\/div>\n\n<div style=\"height:20px\" aria-hidden=\"true\" class=\"wp-block-spacer\"><\/div>\n\n<p class=\"has-medium-font-size\"><meta charset=\"utf-8\"\/><strong><strong>Cuerpo y mujer<\/strong><\/strong><\/p>\n\n<div class=\"wp-block-columns is-layout-flex wp-container-core-columns-is-layout-9d6595d7 wp-block-columns-is-layout-flex\">\n<div class=\"wp-block-column is-layout-flow wp-block-column-is-layout-flow\">\n<figure class=\"wp-block-image size-large\"><a href=\"https:\/\/fundacioateneusantroc.org\/coleccions\/no-em-tallis-les-ales\/\" target=\"_blank\" rel=\"noreferrer noopener\"><img loading=\"lazy\" decoding=\"async\" width=\"1024\" height=\"1024\" src=\"https:\/\/fundacioateneusantroc.org\/wp-content\/uploads\/\/fasr2018-009-1024x1024.jpg\" alt=\"\" class=\"wp-image-49886\" srcset=\"https:\/\/fundacioateneusantroc.org\/wp-content\/uploads\/fasr2018-009-1024x1024.jpg 1024w, https:\/\/fundacioateneusantroc.org\/wp-content\/uploads\/fasr2018-009-300x300.jpg 300w, https:\/\/fundacioateneusantroc.org\/wp-content\/uploads\/fasr2018-009-150x150.jpg 150w, https:\/\/fundacioateneusantroc.org\/wp-content\/uploads\/fasr2018-009-768x768.jpg 768w, https:\/\/fundacioateneusantroc.org\/wp-content\/uploads\/fasr2018-009.jpg 1200w\" sizes=\"auto, (max-width: 1024px) 100vw, 1024px\" \/><\/a><\/figure>\n\n\n\n<p class=\"has-small-font-size\"><strong>No me cortes las alas<\/strong><br\/>Manoli Garc\u00eda<\/p>\n<\/div>\n\n\n\n<div class=\"wp-block-column is-layout-flow wp-block-column-is-layout-flow\">\n<figure class=\"wp-block-image size-large\"><a href=\"https:\/\/fundacioateneusantroc.org\/coleccions\/ni-una-mes\/\" target=\"_blank\" rel=\"noreferrer noopener\"><img loading=\"lazy\" decoding=\"async\" width=\"1024\" height=\"1024\" src=\"https:\/\/fundacioateneusantroc.org\/wp-content\/uploads\/\/fasr2018-007-1024x1024.jpg\" alt=\"\" class=\"wp-image-49890\" srcset=\"https:\/\/fundacioateneusantroc.org\/wp-content\/uploads\/fasr2018-007-1024x1024.jpg 1024w, https:\/\/fundacioateneusantroc.org\/wp-content\/uploads\/fasr2018-007-300x300.jpg 300w, https:\/\/fundacioateneusantroc.org\/wp-content\/uploads\/fasr2018-007-150x150.jpg 150w, https:\/\/fundacioateneusantroc.org\/wp-content\/uploads\/fasr2018-007-768x768.jpg 768w, https:\/\/fundacioateneusantroc.org\/wp-content\/uploads\/fasr2018-007.jpg 1200w\" sizes=\"auto, (max-width: 1024px) 100vw, 1024px\" \/><\/a><\/figure>\n\n\n\n<p class=\"has-small-font-size\"><strong>Ni una m\u00e1s<\/strong> <br\/>Encarna Ortega<\/p>\n<\/div>\n\n\n\n<div class=\"wp-block-column is-layout-flow wp-block-column-is-layout-flow\">\n<figure class=\"wp-block-image size-large\"><a href=\"https:\/\/fundacioateneusantroc.org\/coleccions\/la-maternitat-delna\/\" target=\"_blank\" rel=\"noreferrer noopener\"><img loading=\"lazy\" decoding=\"async\" width=\"1024\" height=\"1024\" src=\"https:\/\/fundacioateneusantroc.org\/wp-content\/uploads\/\/fasr2012-004-1024x1024.jpg\" alt=\"\" class=\"wp-image-50013\" srcset=\"https:\/\/fundacioateneusantroc.org\/wp-content\/uploads\/fasr2012-004-1024x1024.jpg 1024w, https:\/\/fundacioateneusantroc.org\/wp-content\/uploads\/fasr2012-004-300x300.jpg 300w, https:\/\/fundacioateneusantroc.org\/wp-content\/uploads\/fasr2012-004-150x150.jpg 150w, https:\/\/fundacioateneusantroc.org\/wp-content\/uploads\/fasr2012-004-768x768.jpg 768w, https:\/\/fundacioateneusantroc.org\/wp-content\/uploads\/fasr2012-004.jpg 1200w\" sizes=\"auto, (max-width: 1024px) 100vw, 1024px\" \/><\/a><\/figure>\n\n\n\n<p class=\"has-small-font-size\"><strong>La maternidad de Elna<\/strong> <br\/>Grup d\u2019arpilleres de la Fundaci\u00f3 Ateneu Sant Roc<\/p>\n<\/div>\n\n\n\n<div class=\"wp-block-column is-layout-flow wp-block-column-is-layout-flow\"><\/div>\n<\/div>\n\n<div style=\"height:20px\" aria-hidden=\"true\" class=\"wp-block-spacer\"><\/div>\n\n<p class=\"has-medium-font-size\"><meta charset=\"utf-8\"\/><strong><strong>Igualdad y equilibrio<\/strong><\/strong><\/p>\n\n<div class=\"wp-block-columns is-layout-flex wp-container-core-columns-is-layout-9d6595d7 wp-block-columns-is-layout-flex\">\n<div class=\"wp-block-column is-layout-flow wp-block-column-is-layout-flow\">\n<figure class=\"wp-block-image size-large\"><a href=\"https:\/\/fundacioateneusantroc.org\/coleccions\/a-federica\/\" target=\"_blank\" rel=\"noreferrer noopener\"><img loading=\"lazy\" decoding=\"async\" width=\"1024\" height=\"1024\" src=\"https:\/\/fundacioateneusantroc.org\/wp-content\/uploads\/\/fasr2018-003-1024x1024.jpg\" alt=\"\" class=\"wp-image-49898\" srcset=\"https:\/\/fundacioateneusantroc.org\/wp-content\/uploads\/fasr2018-003-1024x1024.jpg 1024w, https:\/\/fundacioateneusantroc.org\/wp-content\/uploads\/fasr2018-003-300x300.jpg 300w, https:\/\/fundacioateneusantroc.org\/wp-content\/uploads\/fasr2018-003-150x150.jpg 150w, https:\/\/fundacioateneusantroc.org\/wp-content\/uploads\/fasr2018-003-768x768.jpg 768w, https:\/\/fundacioateneusantroc.org\/wp-content\/uploads\/fasr2018-003.jpg 1200w\" sizes=\"auto, (max-width: 1024px) 100vw, 1024px\" \/><\/a><\/figure>\n\n\n\n<p class=\"has-small-font-size\"><strong>A Frederica<\/strong> <br\/>Rosa Borr\u00e1s<\/p>\n<\/div>\n\n\n\n<div class=\"wp-block-column is-layout-flow wp-block-column-is-layout-flow\">\n<figure class=\"wp-block-image size-large\"><a href=\"https:\/\/fundacioateneusantroc.org\/coleccions\/votes-for-women\/\" target=\"_blank\" rel=\"noreferrer noopener\"><img loading=\"lazy\" decoding=\"async\" width=\"1024\" height=\"1024\" src=\"https:\/\/fundacioateneusantroc.org\/wp-content\/uploads\/\/fasr2018-011-1024x1024.jpg\" alt=\"\" class=\"wp-image-49882\" srcset=\"https:\/\/fundacioateneusantroc.org\/wp-content\/uploads\/fasr2018-011-1024x1024.jpg 1024w, https:\/\/fundacioateneusantroc.org\/wp-content\/uploads\/fasr2018-011-300x300.jpg 300w, https:\/\/fundacioateneusantroc.org\/wp-content\/uploads\/fasr2018-011-150x150.jpg 150w, https:\/\/fundacioateneusantroc.org\/wp-content\/uploads\/fasr2018-011-768x768.jpg 768w, https:\/\/fundacioateneusantroc.org\/wp-content\/uploads\/fasr2018-011.jpg 1200w\" sizes=\"auto, (max-width: 1024px) 100vw, 1024px\" \/><\/a><\/figure>\n\n\n\n<p class=\"has-small-font-size\"><strong>Votes for women<\/strong> <br\/>Pilar L\u00f3pez<\/p>\n<\/div>\n\n\n\n<div class=\"wp-block-column is-layout-flow wp-block-column-is-layout-flow\"><\/div>\n\n\n\n<div class=\"wp-block-column is-layout-flow wp-block-column-is-layout-flow\"><\/div>\n<\/div>\n\n<div style=\"height:31px\" aria-hidden=\"true\" class=\"wp-block-spacer\"><\/div>\n\n<h2 class=\"wp-block-heading\">Material de soporte<\/h2>\n\n<div class=\"wp-block-columns are-vertically-aligned-center is-layout-flex wp-container-core-columns-is-layout-9d6595d7 wp-block-columns-is-layout-flex\">\n<div class=\"wp-block-column is-vertically-aligned-center is-layout-flow wp-block-column-is-layout-flow\">\n<figure class=\"wp-block-image size-full\"><img loading=\"lazy\" decoding=\"async\" width=\"992\" height=\"696\" src=\"https:\/\/fundacioateneusantroc.org\/wp-content\/uploads\/dones-disruptives.jpg\" alt=\"\" class=\"wp-image-48915\" srcset=\"https:\/\/fundacioateneusantroc.org\/wp-content\/uploads\/dones-disruptives.jpg 992w, https:\/\/fundacioateneusantroc.org\/wp-content\/uploads\/dones-disruptives-300x210.jpg 300w, https:\/\/fundacioateneusantroc.org\/wp-content\/uploads\/dones-disruptives-768x539.jpg 768w\" sizes=\"auto, (max-width: 992px) 100vw, 992px\" \/><\/figure>\n<\/div>\n\n\n\n<div class=\"wp-block-column is-vertically-aligned-center is-layout-flow wp-block-column-is-layout-flow\">\n<ul class=\"wp-block-list\">\n<li>Cartel de la exposici\u00f3n<\/li>\n\n\n\n<li>8 Carteles explicativos<\/li>\n\n\n\n<li>Cat\u00e1logo <a href=\"https:\/\/fundacioateneusantroc.org\/wp-content\/uploads\/cataleg-donesdisruptives.pdf\"><span class=\"has-inline-color has-vivid-red-color\">+<\/span><\/a><\/li>\n<\/ul>\n<\/div>\n<\/div>\n\n<div style=\"height:31px\" aria-hidden=\"true\" class=\"wp-block-spacer\"><\/div>\n\n<h2 class=\"wp-block-heading\">Itinerancia<\/h2>\n\n<h5 class=\"wp-block-heading\">2025<\/h5>\n\n<p><strong>3\/05-30\/09 Iglesia de Sant Roc<\/strong><br\/>Badalona \u00b7 Organiza: Fundaci\u00f3 Ateneu Sant Roc<\/p>\n\n<p><strong>3\/03-30\/04 Casal Dalt de la Vila<\/strong><br\/>Sant Adri\u00e0 de Bes\u00f2s \u00b7 Organiza: Ajuntament de Sant Adri\u00e0 y Fundaci\u00f3 Ateneu Sant Roc<\/p>\n\n<h5 class=\"wp-block-heading\">2024<\/h5>\n\n<p><strong>17\/10-12\/12 Can Lleonart<br\/><\/strong>Dentro de las Jornadas &#8220;Mirades al m\u00f3n&#8221;<br\/>Alella \u00b7 Organiza: Comissi\u00f3 de Cooperaci\u00f3, Ajuntament d&#8217;Alella y Fundaci\u00f3 Ateneu Sant Roc<br\/>Inauguraci\u00f3n: 17\/10, a las 19 h en la Sala de les golfes<br\/>Taller de intervenci\u00f3n: 22\/11<br\/><a href=\"https:\/\/fundacioateneusantroc.org\/alella-acull-les-dones-disruptives\/\">+info<\/a><\/p>\n\n<h5 class=\"wp-block-heading\">2023<\/h5>\n\n<p><strong>12\/12-31\/01\/2024 La Ciba <\/strong>(Espai de recursos per a dones, innovaci\u00f3 i economia feminista)<strong><br\/><\/strong>Santa Coloma de Gramenet \u00b7 Organiza: La Ciba y Fundaci\u00f3 Ateneu Sant Roc<br\/>Ponencia y visita guiada: 12\/12 &#8211; 31\/01\/2024<br\/><a href=\"https:\/\/fundacioateneusantroc.org\/disruptives-a-la-ciba-de-santa-coloma-de-gramenet\/\" target=\"_blank\" rel=\"noreferrer noopener\">+info<\/a><\/p>\n\n<p><strong>8\/02-5\/08 Ulster Museum <br\/><\/strong>Belfast (Irlanda del Norte) \u00b7 Organiza: Conflict Textiles y Fundaci\u00f3 Ateneu Sant Roc<br\/><a href=\"https:\/\/cain.ulster.ac.uk\/conflicttextiles\/search-quilts2\/fullevent1\/?id=289\" target=\"_blank\" rel=\"noopener\">+info<\/a><\/p>\n\n<p><strong>8\/02-5\/08 Magee Campus Library, Ulster University<br\/><\/strong>Derry (Irlanda del Norte) \u00b7 Organiza: Conflict Textiles y Fundaci\u00f3 Ateneu Sant Roc<br\/><a href=\"https:\/\/cain.ulster.ac.uk\/conflicttextiles\/search-quilts2\/fullevent1\/?id=290\" target=\"_blank\" rel=\"noopener\">+info<\/a><\/p>\n\n<p><strong>8\/02-5\/08 Flowerfield Arts Centre <br\/><\/strong>Portstewart (Irlanda del Norte) \u00b7 Organiza: Conflict Textiles y Fundaci\u00f3 Ateneu Sant Roc<br\/><a href=\"https:\/\/cain.ulster.ac.uk\/conflicttextiles\/search-quilts2\/fullevent1\/?id=288\" target=\"_blank\" rel=\"noopener\">+info<\/a><\/p>\n\n<h5 class=\"wp-block-heading\">2022<\/h5>\n\n<p><strong>16\/11-30\/11 Biblioteca Can Baratau <br\/><\/strong>Tiana \u00b7 Organiza: <meta charset=\"utf-8\"\/>\u00d2mnium Cultural Tiana<br\/>Ponencia y visita guiada: 16\/11<br\/><a href=\"https:\/\/fundacioateneusantroc.org\/dones-disruptives-a-tiana\/\" target=\"_blank\" rel=\"noreferrer noopener\">+info<\/a><\/p>\n\n<p><strong>03\/01-25\/02 \u00d2mnium Cultural Balcelon\u00e8s Nord <br\/><\/strong>Badalona \u00b7 Organiza: <meta charset=\"utf-8\"\/>\u00d2mnium Cultural Balcelon\u00e8s Nord<br\/>Visitas guiadas: 02\/02 i 12\/02<br\/><a href=\"https:\/\/fundacioateneusantroc.org\/linia-%c2%b7-arpilleres-teixint-comunitat\/\" target=\"_blank\" rel=\"noreferrer noopener\">+info<\/a><\/p>\n\n<h5 class=\"wp-block-heading\">2019<\/h5>\n\n<p><meta charset=\"utf-8\"\/><strong>18\/11-20\/03 Celebraci\u00f3n 25N-Dia internacional para la eliminaci\u00f3n de la violencia hacia las mujeres \u00b7 <span style=\"color: initial; font-family: -apple-system, BlinkMacSystemFont, \" segoe=\"\" ui=\"\" roboto=\"\" oxygen-sans=\"\" ubuntu=\"\" cantarell=\"\" neue=\"\" sans-serif=\"\">Institut Catal\u00e0 de les Dones <\/span><\/strong><br\/><meta charset=\"utf-8\"\/>Barcelona \u00b7 Organitza: <span style=\"color: initial; font-family: -apple-system, BlinkMacSystemFont, \" segoe=\"\" ui=\"\" roboto=\"\" oxygen-sans=\"\" ubuntu=\"\" cantarell=\"\" neue=\"\" sans-serif=\"\">Institut Catal\u00e0 de les Dones de la Generalitat de Catalunya<\/span><br\/>Visita guiada: 22\/11<br\/><a href=\"https:\/\/fundacioateneusantroc.org\/si-en-toquen-a-una-ens-toquen-a-totes\/\"><mark style=\"background-color:rgba(0, 0, 0, 0)\" class=\"has-inline-color has-vivid-red-color\">+info<\/mark><\/a> <\/p>\n\n<p><strong>18\/10-18\/11 Laboratoris Menarini <br\/><\/strong>Badalona \u00b7 Organiza: Laboratoris Menarini<br\/>Acto de inauguraci\u00f3n: 12\/10 a les 12 h con la colaboraci\u00f3n de Roberta Bacic<br\/><a href=\"https:\/\/www.forumarpilleres.cat\/2019\/11\/dones-disruptives-menarini.html\" target=\"_blank\" rel=\"noreferrer noopener\"><span class=\"has-inline-color has-vivid-red-color\">+info<\/span><\/a><\/p>\n\n<p><strong>22\/01-29\/03 Fundaci\u00f3 Ateneu Sant Roc<br\/><\/strong>Badalona \u00b7 Organiza: Fundaci\u00f3 Ateneu Sant Roc con la colaboraci\u00f3n de Conflict Textiles<br\/>Acto de inauguraci\u00f3n y ponencia: <em>La incorporaci\u00f3n de las mujeres en el mundo del deporte<\/em> con la colaboraci\u00f3n de Susanna Soler Prat, 22\/01<br\/><a href=\"https:\/\/fundacioateneusantroc.org\/es\/mujeres-disruptivas-cosiendo-arpilleras\/\"><mark style=\"background-color:rgba(0, 0, 0, 0)\" class=\"has-inline-color has-vivid-red-color\">+Inauguraci\u00f3<\/mark><\/a> <a href=\"https:\/\/fundacioateneusantroc.org\/es\/cosiendo-la-disrupcion\/\"><mark style=\"background-color:rgba(0, 0, 0, 0)\" class=\"has-inline-color has-vivid-red-color\">+Tallers<\/mark><\/a><\/p>\n\n<div style=\"height:31px\" aria-hidden=\"true\" class=\"wp-block-spacer\"><\/div>\n\n<h2 class=\"wp-block-heading\">M\u00e1s informaci\u00f3n<\/h2>\n\n<p><a href=\"https:\/\/fundacioateneusantroc.org\/es\/diari-de-badalona-%c2%b7-sant-roc-inaugura-una-nueva-exposicion-de-mujeres-arpilleras\/\">Diari de Badalona \u00b7 Sant Roc inaugura una nueva exposici\u00f3n de arpilleras<\/a><\/p>\n\n<div style=\"height:100px\" aria-hidden=\"true\" class=\"wp-block-spacer\"><\/div>\n","protected":false},"excerpt":{"rendered":"<p>Exposici\u00f3n 2019 Descripci\u00f3n y contexto A lo largo de la historia muchos hombres y mujeres han [&hellip;]<\/p>\n","protected":false},"featured_media":48916,"menu_order":0,"template":"","categories-arpilleres":[1168],"class_list":["post-57514","ateneu-arpilleres","type-ateneu-arpilleres","status-publish","has-post-thumbnail","hentry","categories-arpilleres-exposiciones"],"_links":{"self":[{"href":"https:\/\/fundacioateneusantroc.org\/es\/wp-json\/wp\/v2\/ateneu-arpilleres\/57514","targetHints":{"allow":["GET"]}}],"collection":[{"href":"https:\/\/fundacioateneusantroc.org\/es\/wp-json\/wp\/v2\/ateneu-arpilleres"}],"about":[{"href":"https:\/\/fundacioateneusantroc.org\/es\/wp-json\/wp\/v2\/types\/ateneu-arpilleres"}],"version-history":[{"count":61,"href":"https:\/\/fundacioateneusantroc.org\/es\/wp-json\/wp\/v2\/ateneu-arpilleres\/57514\/revisions"}],"predecessor-version":[{"id":68628,"href":"https:\/\/fundacioateneusantroc.org\/es\/wp-json\/wp\/v2\/ateneu-arpilleres\/57514\/revisions\/68628"}],"wp:featuredmedia":[{"embeddable":true,"href":"https:\/\/fundacioateneusantroc.org\/es\/wp-json\/wp\/v2\/media\/48916"}],"wp:attachment":[{"href":"https:\/\/fundacioateneusantroc.org\/es\/wp-json\/wp\/v2\/media?parent=57514"}],"wp:term":[{"taxonomy":"categories-arpilleres","embeddable":true,"href":"https:\/\/fundacioateneusantroc.org\/es\/wp-json\/wp\/v2\/categories-arpilleres?post=57514"}],"curies":[{"name":"wp","href":"https:\/\/api.w.org\/{rel}","templated":true}]}}