{"id":57608,"date":"2022-01-03T19:36:36","date_gmt":"2022-01-03T18:36:36","guid":{"rendered":"https:\/\/fundacioateneusantroc.org\/ateneu-arpilleres\/arpilleras-en-accion-refugiados\/"},"modified":"2023-07-31T11:09:58","modified_gmt":"2023-07-31T09:09:58","slug":"arpilleras-en-accion-refugiados","status":"publish","type":"ateneu-arpilleres","link":"https:\/\/fundacioateneusantroc.org\/es\/ateneu-arpilleres\/arpilleras-en-accion-refugiados\/","title":{"rendered":"Arpilleras en acci\u00f3n: Refugiados"},"content":{"rendered":"\n<h3 class=\"wp-block-heading\">Exposici\u00f3n 2017<\/h3>\n\n<figure class=\"wp-block-image size-large\"><img loading=\"lazy\" decoding=\"async\" width=\"1024\" height=\"713\" src=\"https:\/\/fundacioateneusantroc.org\/wp-content\/uploads\/\/arpilleres-expo8b-1024x713.jpg\" alt=\"\" class=\"wp-image-49336\" srcset=\"https:\/\/fundacioateneusantroc.org\/wp-content\/uploads\/arpilleres-expo8b-1024x713.jpg 1024w, https:\/\/fundacioateneusantroc.org\/wp-content\/uploads\/arpilleres-expo8b-300x209.jpg 300w, https:\/\/fundacioateneusantroc.org\/wp-content\/uploads\/arpilleres-expo8b-768x535.jpg 768w, https:\/\/fundacioateneusantroc.org\/wp-content\/uploads\/arpilleres-expo8b-1536x1070.jpg 1536w, https:\/\/fundacioateneusantroc.org\/wp-content\/uploads\/arpilleres-expo8b.jpg 1550w\" sizes=\"auto, (max-width: 1024px) 100vw, 1024px\" \/><figcaption class=\"wp-element-caption\">La exposici\u00f3n en la sede de Amics de la Unesco de Barcelona<\/figcaption><\/figure>\n\n<div style=\"height:46px\" aria-hidden=\"true\" class=\"wp-block-spacer\"><\/div>\n\n<div class=\"wp-block-group full-width has-background\" style=\"background-color:#d8d8d8\"><div class=\"wp-block-group__inner-container is-layout-flow wp-block-group-is-layout-flow\">\n<div style=\"height:20px\" aria-hidden=\"true\" class=\"wp-block-spacer\"><\/div>\n\n\n\n<div class=\"wp-block-group max-width padding-sides\"><div class=\"wp-block-group__inner-container is-layout-flow wp-block-group-is-layout-flow\">\n<h2 class=\"wp-block-heading\">Descripci\u00f3n y contexto<\/h2>\n\n\n\n<p>Estas arpilleras nacen a partir de la exposici\u00f3n <em><strong>Despu\u00e9s de las olas<\/strong><\/em> que tuvo lugar en noviembre de 2016 en l&#8217;Ateneu Sant Roc. Dibujos y fotograf\u00edas invitaron a la reflexi\u00f3n sobre la crisis de los refugiados y ponerse en la piel de miles de personas, descubriendo historias y testimonios que motivaron a las arpilleristas a pasar de la indignaci\u00f3n a la acci\u00f3n.<\/p>\n\n\n\n<p>As\u00ed, en <em><strong>Arpilleres en acci\u00f3n: Refugiados<\/strong><\/em>, se ponen de relieve las dificultades y el sufrimiento de los refugiados, denunciando las condiciones a las que se someten. Con ropas, hilos y aguja, se recrean vidas huyendo de los desastres de la guerra, cosiendo solidaridad y deseos de esperanza.<\/p>\n<\/div><\/div>\n\n\n\n<div style=\"height:40px\" aria-hidden=\"true\" class=\"wp-block-spacer\"><\/div>\n<\/div><\/div>\n\n<div style=\"height:20px\" aria-hidden=\"true\" class=\"wp-block-spacer\"><\/div>\n\n<h2 class=\"wp-block-heading\">16 arpilleras<\/h2>\n\n<div class=\"wp-block-columns is-layout-flex wp-container-core-columns-is-layout-9d6595d7 wp-block-columns-is-layout-flex\">\n<div class=\"wp-block-column is-layout-flow wp-block-column-is-layout-flow\">\n<figure class=\"wp-block-image size-full\"><a href=\"https:\/\/fundacioateneusantroc.org\/ateneu-arpilleres\/la-cueca\/\"><img loading=\"lazy\" decoding=\"async\" width=\"591\" height=\"591\" src=\"https:\/\/fundacioateneusantroc.org\/wp-content\/uploads\/raco-arpilleres4.jpg\" alt=\"\" class=\"wp-image-49766\" srcset=\"https:\/\/fundacioateneusantroc.org\/wp-content\/uploads\/raco-arpilleres4.jpg 591w, https:\/\/fundacioateneusantroc.org\/wp-content\/uploads\/raco-arpilleres4-300x300.jpg 300w, https:\/\/fundacioateneusantroc.org\/wp-content\/uploads\/raco-arpilleres4-150x150.jpg 150w\" sizes=\"auto, (max-width: 591px) 100vw, 591px\" \/><\/a><\/figure>\n\n\n\n<p class=\"has-small-font-size\"><strong>La cueca sola<br\/><\/strong>Aurora Ortiz<\/p>\n<\/div>\n\n\n\n<div class=\"wp-block-column is-layout-flow wp-block-column-is-layout-flow\">\n<figure class=\"wp-block-image size-large\"><a href=\"https:\/\/fundacioateneusantroc.org\/es\/coleccions\/lexili-dels-republicans\/\"><img loading=\"lazy\" decoding=\"async\" width=\"1024\" height=\"1024\" src=\"https:\/\/fundacioateneusantroc.org\/wp-content\/uploads\/\/fasr2012-003-1024x1024.jpg\" alt=\"\" class=\"wp-image-50015\" srcset=\"https:\/\/fundacioateneusantroc.org\/wp-content\/uploads\/fasr2012-003-1024x1024.jpg 1024w, https:\/\/fundacioateneusantroc.org\/wp-content\/uploads\/fasr2012-003-300x300.jpg 300w, https:\/\/fundacioateneusantroc.org\/wp-content\/uploads\/fasr2012-003-150x150.jpg 150w, https:\/\/fundacioateneusantroc.org\/wp-content\/uploads\/fasr2012-003-768x768.jpg 768w, https:\/\/fundacioateneusantroc.org\/wp-content\/uploads\/fasr2012-003.jpg 1200w\" sizes=\"auto, (max-width: 1024px) 100vw, 1024px\" \/><\/a><\/figure>\n\n\n\n<p class=\"has-small-font-size\"><strong>El exilio de los republicanos <\/strong><br\/>Grupo de arpilleras<\/p>\n<\/div>\n\n\n\n<div class=\"wp-block-column is-layout-flow wp-block-column-is-layout-flow\">\n<figure class=\"wp-block-image size-large\"><a href=\"https:\/\/fundacioateneusantroc.org\/es\/coleccions\/un-salt-a-lesperanca\/\"><img loading=\"lazy\" decoding=\"async\" width=\"1024\" height=\"1024\" src=\"https:\/\/fundacioateneusantroc.org\/wp-content\/uploads\/\/fasr2016-014-1024x1024.jpg\" alt=\"\" class=\"wp-image-49949\" srcset=\"https:\/\/fundacioateneusantroc.org\/wp-content\/uploads\/fasr2016-014-1024x1024.jpg 1024w, https:\/\/fundacioateneusantroc.org\/wp-content\/uploads\/fasr2016-014-300x300.jpg 300w, https:\/\/fundacioateneusantroc.org\/wp-content\/uploads\/fasr2016-014-150x150.jpg 150w, https:\/\/fundacioateneusantroc.org\/wp-content\/uploads\/fasr2016-014-768x768.jpg 768w, https:\/\/fundacioateneusantroc.org\/wp-content\/uploads\/fasr2016-014.jpg 1200w\" sizes=\"auto, (max-width: 1024px) 100vw, 1024px\" \/><\/a><\/figure>\n\n\n\n<p class=\"has-small-font-size\"><strong>Un salto a la esperanza<\/strong><br\/>Manoli Garc\u00eda<\/p>\n<\/div>\n\n\n\n<div class=\"wp-block-column is-layout-flow wp-block-column-is-layout-flow\">\n<figure class=\"wp-block-image size-large\"><a href=\"https:\/\/fundacioateneusantroc.org\/es\/coleccions\/article-13-de-la-declaracio-dels-drets-humans\/#nav\"><img loading=\"lazy\" decoding=\"async\" width=\"1024\" height=\"1024\" src=\"https:\/\/fundacioateneusantroc.org\/wp-content\/uploads\/\/fasr2017-002-1024x1024.jpg\" alt=\"\" class=\"wp-image-49943\" srcset=\"https:\/\/fundacioateneusantroc.org\/wp-content\/uploads\/fasr2017-002-1024x1024.jpg 1024w, https:\/\/fundacioateneusantroc.org\/wp-content\/uploads\/fasr2017-002-300x300.jpg 300w, https:\/\/fundacioateneusantroc.org\/wp-content\/uploads\/fasr2017-002-150x150.jpg 150w, https:\/\/fundacioateneusantroc.org\/wp-content\/uploads\/fasr2017-002-768x768.jpg 768w, https:\/\/fundacioateneusantroc.org\/wp-content\/uploads\/fasr2017-002.jpg 1200w\" sizes=\"auto, (max-width: 1024px) 100vw, 1024px\" \/><\/a><\/figure>\n\n\n\n<p class=\"has-small-font-size\"><strong>Art\u00edculo 13 de la Declaraci\u00f3n<br\/>Universal de los Derechos Humanos <\/strong><br\/>Pilar L\u00f3pez<\/p>\n<\/div>\n<\/div>\n\n<div class=\"wp-block-columns is-layout-flex wp-container-core-columns-is-layout-9d6595d7 wp-block-columns-is-layout-flex\">\n<div class=\"wp-block-column is-layout-flow wp-block-column-is-layout-flow\">\n<figure class=\"wp-block-image size-large\"><a href=\"https:\/\/fundacioateneusantroc.org\/es\/coleccions\/i-despres-que\/\"><img loading=\"lazy\" decoding=\"async\" width=\"1024\" height=\"1024\" src=\"https:\/\/fundacioateneusantroc.org\/wp-content\/uploads\/\/fasr2017-005-1024x1024.jpg\" alt=\"\" class=\"wp-image-49937\" srcset=\"https:\/\/fundacioateneusantroc.org\/wp-content\/uploads\/fasr2017-005-1024x1024.jpg 1024w, https:\/\/fundacioateneusantroc.org\/wp-content\/uploads\/fasr2017-005-300x300.jpg 300w, https:\/\/fundacioateneusantroc.org\/wp-content\/uploads\/fasr2017-005-150x150.jpg 150w, https:\/\/fundacioateneusantroc.org\/wp-content\/uploads\/fasr2017-005-768x768.jpg 768w, https:\/\/fundacioateneusantroc.org\/wp-content\/uploads\/fasr2017-005.jpg 1200w\" sizes=\"auto, (max-width: 1024px) 100vw, 1024px\" \/><\/a><\/figure>\n\n\n\n<p class=\"has-small-font-size\"><strong>\u00bfY despu\u00e9s, qu\u00e9?<\/strong><br\/>Manoli Garcia<\/p>\n<\/div>\n\n\n\n<div class=\"wp-block-column is-layout-flow wp-block-column-is-layout-flow\">\n<figure class=\"wp-block-image size-large\"><a href=\"https:\/\/fundacioateneusantroc.org\/es\/coleccions\/la-solitud-del-desert\/\"><img loading=\"lazy\" decoding=\"async\" width=\"1024\" height=\"1024\" src=\"https:\/\/fundacioateneusantroc.org\/wp-content\/uploads\/\/fasr2017-007-1024x1024.jpg\" alt=\"\" class=\"wp-image-49933\" srcset=\"https:\/\/fundacioateneusantroc.org\/wp-content\/uploads\/fasr2017-007-1024x1024.jpg 1024w, https:\/\/fundacioateneusantroc.org\/wp-content\/uploads\/fasr2017-007-300x300.jpg 300w, https:\/\/fundacioateneusantroc.org\/wp-content\/uploads\/fasr2017-007-150x150.jpg 150w, https:\/\/fundacioateneusantroc.org\/wp-content\/uploads\/fasr2017-007-768x768.jpg 768w, https:\/\/fundacioateneusantroc.org\/wp-content\/uploads\/fasr2017-007.jpg 1200w\" sizes=\"auto, (max-width: 1024px) 100vw, 1024px\" \/><\/a><\/figure>\n\n\n\n<p class=\"has-small-font-size\"><strong>La soledad del desierto<\/strong><br\/>Justa Mart\u00edn<\/p>\n<\/div>\n\n\n\n<div class=\"wp-block-column is-layout-flow wp-block-column-is-layout-flow\">\n<figure class=\"wp-block-image size-large\"><a href=\"https:\/\/fundacioateneusantroc.org\/es\/coleccions\/ajuda-humanitaria-unicef\/\"><img loading=\"lazy\" decoding=\"async\" width=\"1024\" height=\"1024\" src=\"https:\/\/fundacioateneusantroc.org\/wp-content\/uploads\/\/fasr2017-001-1024x1024.jpg\" alt=\"\" class=\"wp-image-49945\" srcset=\"https:\/\/fundacioateneusantroc.org\/wp-content\/uploads\/fasr2017-001-1024x1024.jpg 1024w, https:\/\/fundacioateneusantroc.org\/wp-content\/uploads\/fasr2017-001-300x300.jpg 300w, https:\/\/fundacioateneusantroc.org\/wp-content\/uploads\/fasr2017-001-150x150.jpg 150w, https:\/\/fundacioateneusantroc.org\/wp-content\/uploads\/fasr2017-001-768x768.jpg 768w, https:\/\/fundacioateneusantroc.org\/wp-content\/uploads\/fasr2017-001.jpg 1200w\" sizes=\"auto, (max-width: 1024px) 100vw, 1024px\" \/><\/a><\/figure>\n\n\n\n<p class=\"has-small-font-size\"><strong>Ayuda humanitaria: UNICEF<\/strong><br\/>Anita Ramonet<\/p>\n<\/div>\n\n\n\n<div class=\"wp-block-column is-layout-flow wp-block-column-is-layout-flow\">\n<figure class=\"wp-block-image size-large\"><a href=\"https:\/\/fundacioateneusantroc.org\/es\/coleccions\/que-fariem-nosaltres-si-fossim-al-seu-lloc\/\"><img loading=\"lazy\" decoding=\"async\" width=\"1024\" height=\"1024\" src=\"https:\/\/fundacioateneusantroc.org\/wp-content\/uploads\/\/fasr2017-016-1024x1024.jpg\" alt=\"\" class=\"wp-image-49915\" srcset=\"https:\/\/fundacioateneusantroc.org\/wp-content\/uploads\/fasr2017-016-1024x1024.jpg 1024w, https:\/\/fundacioateneusantroc.org\/wp-content\/uploads\/fasr2017-016-300x300.jpg 300w, https:\/\/fundacioateneusantroc.org\/wp-content\/uploads\/fasr2017-016-150x150.jpg 150w, https:\/\/fundacioateneusantroc.org\/wp-content\/uploads\/fasr2017-016-768x768.jpg 768w, https:\/\/fundacioateneusantroc.org\/wp-content\/uploads\/fasr2017-016.jpg 1200w\" sizes=\"auto, (max-width: 1024px) 100vw, 1024px\" \/><\/a><\/figure>\n\n\n\n<p class=\"has-small-font-size\"><strong>\u00bfQu\u00e9 har\u00edamos nosotras<br\/>si estuvi\u00e9ramos en su lugar?<\/strong><br\/>Merc\u00e8 Monge<\/p>\n<\/div>\n<\/div>\n\n<div class=\"wp-block-columns is-layout-flex wp-container-core-columns-is-layout-9d6595d7 wp-block-columns-is-layout-flex\">\n<div class=\"wp-block-column is-layout-flow wp-block-column-is-layout-flow\">\n<figure class=\"wp-block-image size-large\"><a href=\"https:\/\/fundacioateneusantroc.org\/es\/coleccions\/terra-maltractada\/\"><img loading=\"lazy\" decoding=\"async\" width=\"1024\" height=\"1024\" src=\"https:\/\/fundacioateneusantroc.org\/wp-content\/uploads\/\/fasr2017-019-1024x1024.jpg\" alt=\"\" class=\"wp-image-49909\" srcset=\"https:\/\/fundacioateneusantroc.org\/wp-content\/uploads\/fasr2017-019-1024x1024.jpg 1024w, https:\/\/fundacioateneusantroc.org\/wp-content\/uploads\/fasr2017-019-300x300.jpg 300w, https:\/\/fundacioateneusantroc.org\/wp-content\/uploads\/fasr2017-019-150x150.jpg 150w, https:\/\/fundacioateneusantroc.org\/wp-content\/uploads\/fasr2017-019-768x768.jpg 768w, https:\/\/fundacioateneusantroc.org\/wp-content\/uploads\/fasr2017-019.jpg 1200w\" sizes=\"auto, (max-width: 1024px) 100vw, 1024px\" \/><\/a><\/figure>\n\n\n\n<p class=\"has-small-font-size\"><strong>Tierra maltratada <\/strong><br\/>Antonia Amador<\/p>\n<\/div>\n\n\n\n<div class=\"wp-block-column is-layout-flow wp-block-column-is-layout-flow\">\n<figure class=\"wp-block-image size-large\"><a href=\"https:\/\/fundacioateneusantroc.org\/es\/coleccions\/carregar-amb-la-vida\/\"><img loading=\"lazy\" decoding=\"async\" width=\"1024\" height=\"1024\" src=\"https:\/\/fundacioateneusantroc.org\/wp-content\/uploads\/\/fasr2017-003-1024x1024.jpg\" alt=\"\" class=\"wp-image-49941\" srcset=\"https:\/\/fundacioateneusantroc.org\/wp-content\/uploads\/fasr2017-003-1024x1024.jpg 1024w, https:\/\/fundacioateneusantroc.org\/wp-content\/uploads\/fasr2017-003-300x300.jpg 300w, https:\/\/fundacioateneusantroc.org\/wp-content\/uploads\/fasr2017-003-150x150.jpg 150w, https:\/\/fundacioateneusantroc.org\/wp-content\/uploads\/fasr2017-003-768x768.jpg 768w, https:\/\/fundacioateneusantroc.org\/wp-content\/uploads\/fasr2017-003.jpg 1200w\" sizes=\"auto, (max-width: 1024px) 100vw, 1024px\" \/><\/a><\/figure>\n\n\n\n<p class=\"has-small-font-size\"><strong>Cargar con la vida<\/strong><br\/>Loli L\u00f3pez<\/p>\n<\/div>\n\n\n\n<div class=\"wp-block-column is-layout-flow wp-block-column-is-layout-flow\">\n<figure class=\"wp-block-image size-large\"><a href=\"https:\/\/fundacioateneusantroc.org\/es\/coleccions\/una-mica-desperanca\/\"><img loading=\"lazy\" decoding=\"async\" width=\"1024\" height=\"1024\" src=\"https:\/\/fundacioateneusantroc.org\/wp-content\/uploads\/\/fasr2017-020-1024x1024.jpg\" alt=\"\" class=\"wp-image-49907\" srcset=\"https:\/\/fundacioateneusantroc.org\/wp-content\/uploads\/fasr2017-020-1024x1024.jpg 1024w, https:\/\/fundacioateneusantroc.org\/wp-content\/uploads\/fasr2017-020-300x300.jpg 300w, https:\/\/fundacioateneusantroc.org\/wp-content\/uploads\/fasr2017-020-150x150.jpg 150w, https:\/\/fundacioateneusantroc.org\/wp-content\/uploads\/fasr2017-020-768x768.jpg 768w, https:\/\/fundacioateneusantroc.org\/wp-content\/uploads\/fasr2017-020.jpg 1200w\" sizes=\"auto, (max-width: 1024px) 100vw, 1024px\" \/><\/a><\/figure>\n\n\n\n<p class=\"has-small-font-size\"><strong>Un poco de esperanza<\/strong><br\/>Antonia Amador<\/p>\n<\/div>\n\n\n\n<div class=\"wp-block-column is-layout-flow wp-block-column-is-layout-flow\">\n<figure class=\"wp-block-image size-large\"><a href=\"https:\/\/fundacioateneusantroc.org\/es\/coleccions\/im-tired-de-kabul-a-lesbos\/\"><img loading=\"lazy\" decoding=\"async\" width=\"1024\" height=\"1024\" src=\"https:\/\/fundacioateneusantroc.org\/wp-content\/uploads\/\/fasr2017-006-1024x1024.jpg\" alt=\"\" class=\"wp-image-49935\" srcset=\"https:\/\/fundacioateneusantroc.org\/wp-content\/uploads\/fasr2017-006-1024x1024.jpg 1024w, https:\/\/fundacioateneusantroc.org\/wp-content\/uploads\/fasr2017-006-300x300.jpg 300w, https:\/\/fundacioateneusantroc.org\/wp-content\/uploads\/fasr2017-006-150x150.jpg 150w, https:\/\/fundacioateneusantroc.org\/wp-content\/uploads\/fasr2017-006-768x768.jpg 768w, https:\/\/fundacioateneusantroc.org\/wp-content\/uploads\/fasr2017-006.jpg 1200w\" sizes=\"auto, (max-width: 1024px) 100vw, 1024px\" \/><\/a><\/figure>\n\n\n\n<p class=\"has-small-font-size\"><strong>I\u2019m tired (de Kabul a Lesbos) <\/strong><br\/>Pilar L\u00f3pez<\/p>\n<\/div>\n<\/div>\n\n<div class=\"wp-block-columns is-layout-flex wp-container-core-columns-is-layout-9d6595d7 wp-block-columns-is-layout-flex\">\n<div class=\"wp-block-column is-layout-flow wp-block-column-is-layout-flow\">\n<figure class=\"wp-block-image size-large\"><a href=\"https:\/\/fundacioateneusantroc.org\/es\/coleccions\/fugir\/\"><img loading=\"lazy\" decoding=\"async\" width=\"1024\" height=\"1024\" src=\"https:\/\/fundacioateneusantroc.org\/wp-content\/uploads\/\/fasr2017-004-1024x1024.jpg\" alt=\"\" class=\"wp-image-49939\" srcset=\"https:\/\/fundacioateneusantroc.org\/wp-content\/uploads\/fasr2017-004-1024x1024.jpg 1024w, https:\/\/fundacioateneusantroc.org\/wp-content\/uploads\/fasr2017-004-300x300.jpg 300w, https:\/\/fundacioateneusantroc.org\/wp-content\/uploads\/fasr2017-004-150x150.jpg 150w, https:\/\/fundacioateneusantroc.org\/wp-content\/uploads\/fasr2017-004-768x768.jpg 768w, https:\/\/fundacioateneusantroc.org\/wp-content\/uploads\/fasr2017-004.jpg 1200w\" sizes=\"auto, (max-width: 1024px) 100vw, 1024px\" \/><\/a><\/figure>\n\n\n\n<p class=\"has-small-font-size\"><strong>Huir<\/strong><br\/>M\u00f2nica Moro<\/p>\n<\/div>\n\n\n\n<div class=\"wp-block-column is-layout-flow wp-block-column-is-layout-flow\">\n<figure class=\"wp-block-image size-large\"><a href=\"https:\/\/fundacioateneusantroc.org\/es\/coleccions\/la-traveta\/\"><img loading=\"lazy\" decoding=\"async\" width=\"1024\" height=\"1024\" src=\"https:\/\/fundacioateneusantroc.org\/wp-content\/uploads\/\/fasr2017-008-1024x1024.jpg\" alt=\"\" class=\"wp-image-49931\" srcset=\"https:\/\/fundacioateneusantroc.org\/wp-content\/uploads\/fasr2017-008-1024x1024.jpg 1024w, https:\/\/fundacioateneusantroc.org\/wp-content\/uploads\/fasr2017-008-300x300.jpg 300w, https:\/\/fundacioateneusantroc.org\/wp-content\/uploads\/fasr2017-008-150x150.jpg 150w, https:\/\/fundacioateneusantroc.org\/wp-content\/uploads\/fasr2017-008-768x768.jpg 768w, https:\/\/fundacioateneusantroc.org\/wp-content\/uploads\/fasr2017-008.jpg 1200w\" sizes=\"auto, (max-width: 1024px) 100vw, 1024px\" \/><\/a><\/figure>\n\n\n\n<p class=\"has-small-font-size\"><strong>La zancadilla<\/strong><br\/>Paqui B\u00e1ez<\/p>\n<\/div>\n\n\n\n<div class=\"wp-block-column is-layout-flow wp-block-column-is-layout-flow\">\n<figure class=\"wp-block-image size-large\"><a href=\"https:\/\/fundacioateneusantroc.org\/es\/coleccions\/salvament-a-lesbos\/\"><img loading=\"lazy\" decoding=\"async\" width=\"1024\" height=\"1024\" src=\"https:\/\/fundacioateneusantroc.org\/wp-content\/uploads\/\/fasr2017-018-1024x1024.jpg\" alt=\"\" class=\"wp-image-49911\" srcset=\"https:\/\/fundacioateneusantroc.org\/wp-content\/uploads\/fasr2017-018-1024x1024.jpg 1024w, https:\/\/fundacioateneusantroc.org\/wp-content\/uploads\/fasr2017-018-300x300.jpg 300w, https:\/\/fundacioateneusantroc.org\/wp-content\/uploads\/fasr2017-018-150x150.jpg 150w, https:\/\/fundacioateneusantroc.org\/wp-content\/uploads\/fasr2017-018-768x768.jpg 768w, https:\/\/fundacioateneusantroc.org\/wp-content\/uploads\/fasr2017-018.jpg 1200w\" sizes=\"auto, (max-width: 1024px) 100vw, 1024px\" \/><\/a><\/figure>\n\n\n\n<p class=\"has-small-font-size\"><strong>Salvamento en Lesbos<\/strong><br\/>Encarna Ortega<\/p>\n<\/div>\n\n\n\n<div class=\"wp-block-column is-layout-flow wp-block-column-is-layout-flow\">\n<figure class=\"wp-block-image size-large\"><a href=\"https:\/\/fundacioateneusantroc.org\/es\/coleccions\/despres-de-les-onades\/\"><img loading=\"lazy\" decoding=\"async\" width=\"1024\" height=\"1024\" src=\"https:\/\/fundacioateneusantroc.org\/wp-content\/uploads\/\/fasr2016-013-1024x1024.jpg\" alt=\"\" class=\"wp-image-49951\" srcset=\"https:\/\/fundacioateneusantroc.org\/wp-content\/uploads\/fasr2016-013-1024x1024.jpg 1024w, https:\/\/fundacioateneusantroc.org\/wp-content\/uploads\/fasr2016-013-300x300.jpg 300w, https:\/\/fundacioateneusantroc.org\/wp-content\/uploads\/fasr2016-013-150x150.jpg 150w, https:\/\/fundacioateneusantroc.org\/wp-content\/uploads\/fasr2016-013-768x768.jpg 768w, https:\/\/fundacioateneusantroc.org\/wp-content\/uploads\/fasr2016-013.jpg 1200w\" sizes=\"auto, (max-width: 1024px) 100vw, 1024px\" \/><\/a><\/figure>\n\n\n\n<p class=\"has-small-font-size\"><strong>Despu\u00e9s de las olas<br\/><\/strong><meta charset=\"utf-8\"\/>Pilar L\u00f3pez<\/p>\n<\/div>\n<\/div>\n\n<div style=\"height:20px\" aria-hidden=\"true\" class=\"wp-block-spacer\"><\/div>\n\n<div style=\"height:20px\" aria-hidden=\"true\" class=\"wp-block-spacer\"><\/div>\n\n<h2 class=\"wp-block-heading\">Material de soporte<\/h2>\n\n<div class=\"wp-block-columns are-vertically-aligned-center is-layout-flex wp-container-core-columns-is-layout-9d6595d7 wp-block-columns-is-layout-flex\">\n<div class=\"wp-block-column is-vertically-aligned-center is-layout-flow wp-block-column-is-layout-flow\">\n<figure class=\"wp-block-image size-full\"><img loading=\"lazy\" decoding=\"async\" width=\"900\" height=\"616\" src=\"https:\/\/fundacioateneusantroc.org\/wp-content\/uploads\/arpilleres-expo8.jpg\" alt=\"\" class=\"wp-image-49165\" srcset=\"https:\/\/fundacioateneusantroc.org\/wp-content\/uploads\/arpilleres-expo8.jpg 900w, https:\/\/fundacioateneusantroc.org\/wp-content\/uploads\/arpilleres-expo8-300x205.jpg 300w, https:\/\/fundacioateneusantroc.org\/wp-content\/uploads\/arpilleres-expo8-768x526.jpg 768w\" sizes=\"auto, (max-width: 900px) 100vw, 900px\" \/><\/figure>\n<\/div>\n\n\n\n<div class=\"wp-block-column is-vertically-aligned-center is-layout-flow wp-block-column-is-layout-flow\">\n<ul class=\"wp-block-list\">\n<li>Bastidores de tela de gallinero adaptables vertical\/horitzontal <\/li>\n\n\n\n<li>Cartel de la exposici\u00f3n<\/li>\n\n\n\n<li>Plafones de introducci\u00f3n<\/li>\n\n\n\n<li>Cat\u00e1logo <a href=\"https:\/\/fundacioateneusantroc.org\/wp-content\/uploads\/cataleg-refugiats_br.pdf\"><span class=\"has-inline-color has-vivid-red-color\">+<\/span><\/a><\/li>\n<\/ul>\n<\/div>\n<\/div>\n\n<div style=\"height:31px\" aria-hidden=\"true\" class=\"wp-block-spacer\"><\/div>\n\n<h2 class=\"wp-block-heading\">Itinerancia<\/h2>\n\n<h5 class=\"wp-block-heading\">2023<\/h5>\n\n<p><strong>10\/01-15\/02 Casal Dalt de la Vila<br\/><\/strong>Sant Adri\u00e0 de Bes\u00f2s \u00b7 <meta charset=\"utf-8\"\/>Organiza: Cooperaci\u00f3 i Solidaritat \u00b7 Ajuntament de Sant Adri\u00e0 de Bes\u00f2s y Fundaci\u00f3 Ateneu Sant Roc<br\/>Visita guiada: 19\/01<br\/><a href=\"https:\/\/fundacioateneusantroc.org\/refugiats-al-nou-espai-de-sant-adria-de-besos\/\" target=\"_blank\" rel=\"noreferrer noopener\">+info<\/a><\/p>\n\n<h5 class=\"wp-block-heading\">2020<\/h5>\n\n<p><strong>04\/03-28\/04 \u00d2mnium Cultural Barcelon\u00e8s Nord <br\/><\/strong>Badalona \u00b7 <meta charset=\"utf-8\"\/>Organiza: \u00d2mnium Cultural Barcelon\u00e8s Nord y Fundaci\u00f3 Ateneu Sant Roc<br\/>Acto de inauguraci\u00f3n: 04\/03<br\/><a href=\"https:\/\/fundacioateneusantroc.org\/refugiats-arpilleres-en-accio-a-omnium-cultural-bdn\/\" target=\"_blank\" rel=\"noreferrer noopener\">+info<\/a><\/p>\n\n<h5 class=\"wp-block-heading\">2019<\/h5>\n\n<p><strong>26\/03-09\/07 MhiC<br\/><\/strong>(Museu d\u2019hist\u00f2ria de la immigraci\u00f3 de Catalunya) Sant Adri\u00e0 de Bes\u00f2s \u00b7 Organiza: MhiC y Fundaci\u00f3 Ateneu Sant Roc<br\/>Acto de inauguraci\u00f3n: 26\/03<\/p>\n\n<h5 class=\"wp-block-heading\">2018<\/h5>\n\n<p><strong>08\/11-28\/11 Facultat d&#8217;Educaci\u00f3 i Treball de la UVic <br\/><\/strong>(Universitat de Vic) Vic \u00b7 <meta charset=\"utf-8\"\/>Organiza: UVic y Fundaci\u00f3 Ateneu Sant Roc<br\/>Charla: <em>Las arpilleras como trabajo de cohesi\u00f3n social<\/em> 28\/11<br\/><mark style=\"background-color:rgba(0, 0, 0, 0)\" class=\"has-inline-color has-vivid-red-color\"><a href=\"https:\/\/fundacioateneusantroc.org\/les-arpilleres-com-a-eina-de-treball-comunitari-uvic\/\" target=\"_blank\" rel=\"noreferrer noopener\">+info<\/a><\/mark><\/p>\n\n<p><meta charset=\"utf-8\"\/><strong>05\/10-08\/11 Amics de la Unesco <br\/><\/strong>Barcelona \u00b7 Organiza: Amics de la Unesco y Fundaci\u00f3 Ateneu Sant Roc<br\/>Acto de inauguraci\u00f3n: 09\/10<br\/><mark style=\"background-color:rgba(0, 0, 0, 0)\" class=\"has-inline-color has-vivid-red-color\"><a href=\"https:\/\/fundacioateneusantroc.org\/es\/arpilleras-en-accion-refugiados-en-la-sede-de-amigoss-de-la-unesco-de-barcelona\/\" target=\"_blank\" rel=\"noreferrer noopener\">+info<\/a><\/mark><\/p>\n\n<p><strong>12\/03-13\/04 Col\u00b7legi Mare de D\u00e9u de l\u2019Assumpci\u00f3 <br\/><\/strong>Badalona \u00b7 <meta charset=\"utf-8\"\/>Organiza: Col\u00b7legi Mare de D\u00e9u de l&#8217;Assumpci\u00f3 y Fundaci\u00f3 Ateneu Sant Roc<br\/>Charla explicativa: 14\/03<br\/><a href=\"https:\/\/www.forumarpilleres.cat\/2018\/03\/arpilleres-de-refugiats-al-collegi-de.html\" target=\"_blank\" rel=\"noopener\"><span class=\"has-inline-color has-vivid-red-color\">+<\/span><\/a><a href=\"https:\/\/www.forumarpilleres.cat\/2018\/03\/arpilleres-de-refugiats-al-collegi-de.html\" target=\"_blank\" rel=\"noreferrer noopener\"><span class=\"has-inline-color has-vivid-red-color\">i<\/span><\/a><a href=\"https:\/\/www.forumarpilleres.cat\/2018\/03\/arpilleres-de-refugiats-al-collegi-de.html\" target=\"_blank\" rel=\"noopener\"><span class=\"has-inline-color has-vivid-red-color\">nfo<\/span><\/a><\/p>\n\n<p><strong>24\/01-16\/02 Laboratorios Menarini <br\/><\/strong>Badalona \u00b7 Organiza: Laboratorios Menarini<br\/><a href=\"https:\/\/www.forumarpilleres.cat\/2018\/01\/arpilleres-en-accio-refugiats-menarini.html\" target=\"_blank\" rel=\"noreferrer noopener\"><span class=\"has-inline-color has-vivid-red-color\">+info<\/span><\/a><\/p>\n\n<h5 class=\"wp-block-heading\">2017<\/h5>\n\n<p><strong>06\/11-31\/12 Fundaci\u00f3 Ateneu Sant Roc<br\/><\/strong>Badalona \u00b7 <meta charset=\"utf-8\"\/>Organiza: Fundaci\u00f3 Ateneu Sant Roc<br\/>Acto de inauguraci\u00f3n: <meta charset=\"utf-8\"\/>06\/11 con la colaboraci\u00f3n de Roberta Bacic y Proactiva Open arms<br\/>Encuentro de arpilleristas: 06\/11<br\/>Espacio de reflexi\u00f3n: <em>El sentido de las arpilleras y su fuerza comunicativa<\/em> 09\/10<br\/><a href=\"https:\/\/fundacioateneusantroc.org\/es\/arpilleras-en-accion-refugiados\/\"><span class=\"has-inline-color has-vivid-red-color\">+info<\/span><\/a><\/p>\n\n<div style=\"height:100px\" aria-hidden=\"true\" class=\"wp-block-spacer\"><\/div>\n","protected":false},"excerpt":{"rendered":"<p>Exposici\u00f3n 2017 Descripci\u00f3n y contexto Estas arpilleras nacen a partir de la exposici\u00f3n Despu\u00e9s de las [&hellip;]<\/p>\n","protected":false},"featured_media":49166,"menu_order":0,"template":"","categories-arpilleres":[1168],"class_list":["post-57608","ateneu-arpilleres","type-ateneu-arpilleres","status-publish","has-post-thumbnail","hentry","categories-arpilleres-exposiciones"],"_links":{"self":[{"href":"https:\/\/fundacioateneusantroc.org\/es\/wp-json\/wp\/v2\/ateneu-arpilleres\/57608","targetHints":{"allow":["GET"]}}],"collection":[{"href":"https:\/\/fundacioateneusantroc.org\/es\/wp-json\/wp\/v2\/ateneu-arpilleres"}],"about":[{"href":"https:\/\/fundacioateneusantroc.org\/es\/wp-json\/wp\/v2\/types\/ateneu-arpilleres"}],"version-history":[{"count":21,"href":"https:\/\/fundacioateneusantroc.org\/es\/wp-json\/wp\/v2\/ateneu-arpilleres\/57608\/revisions"}],"predecessor-version":[{"id":62671,"href":"https:\/\/fundacioateneusantroc.org\/es\/wp-json\/wp\/v2\/ateneu-arpilleres\/57608\/revisions\/62671"}],"wp:featuredmedia":[{"embeddable":true,"href":"https:\/\/fundacioateneusantroc.org\/es\/wp-json\/wp\/v2\/media\/49166"}],"wp:attachment":[{"href":"https:\/\/fundacioateneusantroc.org\/es\/wp-json\/wp\/v2\/media?parent=57608"}],"wp:term":[{"taxonomy":"categories-arpilleres","embeddable":true,"href":"https:\/\/fundacioateneusantroc.org\/es\/wp-json\/wp\/v2\/categories-arpilleres?post=57608"}],"curies":[{"name":"wp","href":"https:\/\/api.w.org\/{rel}","templated":true}]}}