{"id":67061,"date":"2023-11-08T10:57:50","date_gmt":"2023-11-08T09:57:50","guid":{"rendered":"https:\/\/fundacioateneusantroc.org\/ateneu-arpilleres\/compromisos-para-recoser-el-mundo\/"},"modified":"2026-02-12T08:51:47","modified_gmt":"2026-02-12T07:51:47","slug":"compromisos-para-recoser-el-mundo","status":"publish","type":"ateneu-arpilleres","link":"https:\/\/fundacioateneusantroc.org\/es\/ateneu-arpilleres\/compromisos-para-recoser-el-mundo\/","title":{"rendered":"Compromisos para (re)coser el mundo"},"content":{"rendered":"\n<h3 class=\"wp-block-heading\">Exposici\u00f3n 2023<\/h3>\n\n<figure class=\"wp-block-image size-large\"><img loading=\"lazy\" decoding=\"async\" width=\"1024\" height=\"713\" src=\"https:\/\/fundacioateneusantroc.org\/wp-content\/uploads\/\/arpilleres-expo16provisional-1024x713.jpg\" alt=\"\" class=\"wp-image-63509\" srcset=\"https:\/\/fundacioateneusantroc.org\/wp-content\/uploads\/arpilleres-expo16provisional-1024x713.jpg 1024w, https:\/\/fundacioateneusantroc.org\/wp-content\/uploads\/arpilleres-expo16provisional-300x209.jpg 300w, https:\/\/fundacioateneusantroc.org\/wp-content\/uploads\/arpilleres-expo16provisional-768x535.jpg 768w, https:\/\/fundacioateneusantroc.org\/wp-content\/uploads\/arpilleres-expo16provisional-1536x1070.jpg 1536w, https:\/\/fundacioateneusantroc.org\/wp-content\/uploads\/arpilleres-expo16provisional.jpg 1550w\" sizes=\"auto, (max-width: 1024px) 100vw, 1024px\" \/><figcaption class=\"wp-element-caption\">Presentaci\u00f3n en la Fundaci\u00f3 Ateneu Sant Roc a cargo de participantes del Aula abierta y el Grupo de arpilleras<\/figcaption><\/figure>\n\n<div style=\"height:46px\" aria-hidden=\"true\" class=\"wp-block-spacer\"><\/div>\n\n<div class=\"wp-block-group full-width has-background\" style=\"background-color:#d8d8d8\"><div class=\"wp-block-group__inner-container is-layout-flow wp-block-group-is-layout-flow\">\n<div style=\"height:20px\" aria-hidden=\"true\" class=\"wp-block-spacer\"><\/div>\n\n\n\n<div class=\"wp-block-group max-width padding-sides\"><div class=\"wp-block-group__inner-container is-layout-flow wp-block-group-is-layout-flow\">\n<h2 class=\"wp-block-heading\">Descripci\u00f3n y contexto<\/h2>\n\n\n\n<p><strong>No ha resultado nada f\u00e1cil para las arpilleristas, trabajar los Objetivos para el Desarrollo sostenible Sostenible (ODS).<\/strong> <\/p>\n\n\n\n<p>A finales de 2020 se inici\u00f3 un proceso de trabajo de investigaci\u00f3n y recopilaci\u00f3n de material referente a los ODS, que por diferentes motivos qued\u00f3 detenido, dando paso a otras exposiciones. En diciembre de 2022, con el taller <a href=\"https:\/\/fundacioateneusantroc.org\/cosir-lexclusio\/\" target=\"_blank\" rel=\"noreferrer noopener\">Coser la exclusi\u00f3n,<\/a> dinamizado por Roberta Bacic, se retom\u00f3 el trabajo de descubrimiento y elaboraci\u00f3n de estas arpilleras por el compromiso. <\/p>\n\n\n\n<p>Nos ha resultado sumamente complicado plasmarlo en un trozo de tela; exist\u00eda el regusto y el profundo convencimiento de que los mencionados objetivos eran algo inalcanzable. Lo eran y lo son. En un mundo donde cada d\u00eda estallan genocidios, guerras fratricidas y bombardeos que da\u00f1an el planeta; en un mundo donde cientos de miles de personas son expulsadas de los lugares donde viven por miedo a no ser aplastadas por misiles o bombas. \u00bfC\u00f3mo, si no, se explica que detr\u00e1s de sugerentes y bonitas palabras no se vea ni un \u00e1pice de voluntad pol\u00edtica para ponerlas en pr\u00e1ctica ni para trabajar y hacerlas realidad?    <\/p>\n\n\n\n<p>Las arpilleras est\u00e1n aqu\u00ed <strong>para denunciar una vez m\u00e1s las injusticias, <\/strong>est\u00e9n donde est\u00e9n y sean cuales sean sus v\u00edctimas.<\/p>\n\n\n\n<p>A pesar de ello, <strong>hemos querido dar un giro a esta desesperanza:<\/strong> hemos querido creer que hay organizaciones y empresas que trabajan para minimizar impactos devastadores y tambi\u00e9n hemos querido creer que, con el compromiso, el trabajo y la responsabilidad personal, <strong>podemos aportar nuestro grano de arena y sumar para revertir las situaciones.<\/strong> <\/p>\n\n\n\n<p>No queremos ser c\u00f3mplices de mentiras ni de hipocres\u00edas; no necesitamos grandes manifiestos ni bonitas palabras que no llevan a ninguna parte, ahora toca actuar. Estas arpilleras son nuestro sentir y compromiso, una ventana abierta para hacer realidad estos ODS. <\/p>\n<\/div><\/div>\n\n\n\n<div style=\"height:40px\" aria-hidden=\"true\" class=\"wp-block-spacer\"><\/div>\n<\/div><\/div>\n\n<div style=\"height:20px\" aria-hidden=\"true\" class=\"wp-block-spacer\"><\/div>\n\n<h2 class=\"wp-block-heading\">16 arpilleras <\/h2>\n\n<div class=\"wp-block-columns is-layout-flex wp-container-core-columns-is-layout-9d6595d7 wp-block-columns-is-layout-flex\">\n<div class=\"wp-block-column is-layout-flow wp-block-column-is-layout-flow\">\n<figure class=\"wp-block-image size-large\"><a href=\"https:\/\/fundacioateneusantroc.org\/coleccions\/nomes-l-1\/\" target=\"_blank\" rel=\"noreferrer noopener\"><img loading=\"lazy\" decoding=\"async\" width=\"1024\" height=\"1024\" src=\"https:\/\/fundacioateneusantroc.org\/wp-content\/uploads\/\/fasr2023-001-1024x1024.jpg\" alt=\"\" class=\"wp-image-63453\" srcset=\"https:\/\/fundacioateneusantroc.org\/wp-content\/uploads\/fasr2023-001-1024x1024.jpg 1024w, https:\/\/fundacioateneusantroc.org\/wp-content\/uploads\/fasr2023-001-300x300.jpg 300w, https:\/\/fundacioateneusantroc.org\/wp-content\/uploads\/fasr2023-001-150x150.jpg 150w, https:\/\/fundacioateneusantroc.org\/wp-content\/uploads\/fasr2023-001-768x768.jpg 768w, https:\/\/fundacioateneusantroc.org\/wp-content\/uploads\/fasr2023-001.jpg 1200w\" sizes=\"auto, (max-width: 1024px) 100vw, 1024px\" \/><\/a><\/figure>\n\n\n\n<p class=\"has-small-font-size\"><strong>Solamente el 1%<\/strong><br\/>Pilar L\u00f3pez<\/p>\n<\/div>\n\n\n\n<div class=\"wp-block-column is-layout-flow wp-block-column-is-layout-flow\">\n<figure class=\"wp-block-image size-large\"><a href=\"https:\/\/fundacioateneusantroc.org\/es\/coleccions\/salud-y-bienestar-para-todos\/\" target=\"_blank\" rel=\"noreferrer noopener\"><img loading=\"lazy\" decoding=\"async\" width=\"1024\" height=\"1024\" src=\"https:\/\/fundacioateneusantroc.org\/wp-content\/uploads\/\/fasr2023-002-1024x1024.jpg\" alt=\"\" class=\"wp-image-63392\" srcset=\"https:\/\/fundacioateneusantroc.org\/wp-content\/uploads\/fasr2023-002-1024x1024.jpg 1024w, https:\/\/fundacioateneusantroc.org\/wp-content\/uploads\/fasr2023-002-300x300.jpg 300w, https:\/\/fundacioateneusantroc.org\/wp-content\/uploads\/fasr2023-002-150x150.jpg 150w, https:\/\/fundacioateneusantroc.org\/wp-content\/uploads\/fasr2023-002-768x768.jpg 768w, https:\/\/fundacioateneusantroc.org\/wp-content\/uploads\/fasr2023-002.jpg 1200w\" sizes=\"auto, (max-width: 1024px) 100vw, 1024px\" \/><\/a><\/figure>\n\n\n\n<p class=\"has-small-font-size\"><strong>Salud y bienestar para todos<\/strong><br\/>Paqui B\u00e1ez<\/p>\n<\/div>\n\n\n\n<div class=\"wp-block-column is-layout-flow wp-block-column-is-layout-flow\">\n<figure class=\"wp-block-image size-large\"><a href=\"https:\/\/fundacioateneusantroc.org\/coleccions\/leducacio-un-dret-universal\/\" target=\"_blank\" rel=\"noreferrer noopener\"><img loading=\"lazy\" decoding=\"async\" width=\"1024\" height=\"1024\" src=\"https:\/\/fundacioateneusantroc.org\/wp-content\/uploads\/\/fasr2023-003-1024x1024.jpg\" alt=\"\" class=\"wp-image-63394\" srcset=\"https:\/\/fundacioateneusantroc.org\/wp-content\/uploads\/fasr2023-003-1024x1024.jpg 1024w, https:\/\/fundacioateneusantroc.org\/wp-content\/uploads\/fasr2023-003-300x300.jpg 300w, https:\/\/fundacioateneusantroc.org\/wp-content\/uploads\/fasr2023-003-150x150.jpg 150w, https:\/\/fundacioateneusantroc.org\/wp-content\/uploads\/fasr2023-003-768x768.jpg 768w, https:\/\/fundacioateneusantroc.org\/wp-content\/uploads\/fasr2023-003.jpg 1200w\" sizes=\"auto, (max-width: 1024px) 100vw, 1024px\" \/><\/a><\/figure>\n\n\n\n<p class=\"has-small-font-size\"><strong>La educaci\u00f3n un derecho universal<\/strong><br\/>Fina Niub\u00f3<\/p>\n<\/div>\n\n\n\n<div class=\"wp-block-column is-layout-flow wp-block-column-is-layout-flow\">\n<figure class=\"wp-block-image size-large\"><a href=\"https:\/\/fundacioateneusantroc.org\/coleccions\/no-hi-ha-justicia-sense-igualtat\/\" target=\"_blank\" rel=\"noreferrer noopener\"><img loading=\"lazy\" decoding=\"async\" width=\"1024\" height=\"1024\" src=\"https:\/\/fundacioateneusantroc.org\/wp-content\/uploads\/\/fasr2023-004-1024x1024.jpg\" alt=\"\" class=\"wp-image-63396\" srcset=\"https:\/\/fundacioateneusantroc.org\/wp-content\/uploads\/fasr2023-004-1024x1024.jpg 1024w, https:\/\/fundacioateneusantroc.org\/wp-content\/uploads\/fasr2023-004-300x300.jpg 300w, https:\/\/fundacioateneusantroc.org\/wp-content\/uploads\/fasr2023-004-150x150.jpg 150w, https:\/\/fundacioateneusantroc.org\/wp-content\/uploads\/fasr2023-004-768x768.jpg 768w, https:\/\/fundacioateneusantroc.org\/wp-content\/uploads\/fasr2023-004.jpg 1200w\" sizes=\"auto, (max-width: 1024px) 100vw, 1024px\" \/><\/a><\/figure>\n\n\n\n<p class=\"has-small-font-size\"><strong>No hay justicia sin igualdad<\/strong><br\/>Antonia Amador i Loli L\u00f3pez<\/p>\n<\/div>\n<\/div>\n\n<div class=\"wp-block-columns is-layout-flex wp-container-core-columns-is-layout-9d6595d7 wp-block-columns-is-layout-flex\">\n<div class=\"wp-block-column is-layout-flow wp-block-column-is-layout-flow\">\n<figure class=\"wp-block-image size-large\"><a href=\"https:\/\/fundacioateneusantroc.org\/coleccions\/un-crit-pel-futur\/\" target=\"_blank\" rel=\"noreferrer noopener\"><img loading=\"lazy\" decoding=\"async\" width=\"1024\" height=\"1024\" src=\"https:\/\/fundacioateneusantroc.org\/wp-content\/uploads\/\/fasr2023-014-1024x1024.jpg\" alt=\"\" class=\"wp-image-63408\" srcset=\"https:\/\/fundacioateneusantroc.org\/wp-content\/uploads\/fasr2023-014-1024x1024.jpg 1024w, https:\/\/fundacioateneusantroc.org\/wp-content\/uploads\/fasr2023-014-300x300.jpg 300w, https:\/\/fundacioateneusantroc.org\/wp-content\/uploads\/fasr2023-014-150x150.jpg 150w, https:\/\/fundacioateneusantroc.org\/wp-content\/uploads\/fasr2023-014-768x768.jpg 768w, https:\/\/fundacioateneusantroc.org\/wp-content\/uploads\/fasr2023-014.jpg 1200w\" sizes=\"auto, (max-width: 1024px) 100vw, 1024px\" \/><\/a><\/figure>\n\n\n\n<p class=\"has-small-font-size\"><strong>Un grito por el futuro<\/strong><br\/>Wydad Chakrou, Abdallah Chakrou, Bisma Shahzad, Marta Pascual, Muhammad Muhib <br\/>(Aula oberta)<\/p>\n<\/div>\n\n\n\n<div class=\"wp-block-column is-layout-flow wp-block-column-is-layout-flow\">\n<figure class=\"wp-block-image size-large\"><a href=\"https:\/\/fundacioateneusantroc.org\/coleccions\/laigua-es-vida\/\" target=\"_blank\" rel=\"noreferrer noopener\"><img loading=\"lazy\" decoding=\"async\" width=\"1024\" height=\"1024\" src=\"https:\/\/fundacioateneusantroc.org\/wp-content\/uploads\/\/fasr2023-005-1024x1024.jpg\" alt=\"\" class=\"wp-image-63450\" srcset=\"https:\/\/fundacioateneusantroc.org\/wp-content\/uploads\/fasr2023-005-1024x1024.jpg 1024w, https:\/\/fundacioateneusantroc.org\/wp-content\/uploads\/fasr2023-005-300x300.jpg 300w, https:\/\/fundacioateneusantroc.org\/wp-content\/uploads\/fasr2023-005-150x150.jpg 150w, https:\/\/fundacioateneusantroc.org\/wp-content\/uploads\/fasr2023-005-768x768.jpg 768w, https:\/\/fundacioateneusantroc.org\/wp-content\/uploads\/fasr2023-005.jpg 1200w\" sizes=\"auto, (max-width: 1024px) 100vw, 1024px\" \/><\/a><\/figure>\n\n\n\n<p class=\"has-small-font-size\"><strong>El agua es vida<\/strong><br\/>M\u00f2nica Moro i Margarita Mesa<\/p>\n<\/div>\n\n\n\n<div class=\"wp-block-column is-layout-flow wp-block-column-is-layout-flow\">\n<figure class=\"wp-block-image size-large\"><a href=\"https:\/\/fundacioateneusantroc.org\/es\/coleccions\/energia-asequible-y-no-contaminante\/\" target=\"_blank\" rel=\"noreferrer noopener\"><img loading=\"lazy\" decoding=\"async\" width=\"1024\" height=\"1024\" src=\"https:\/\/fundacioateneusantroc.org\/wp-content\/uploads\/\/fasr2023-006-1024x1024.jpg\" alt=\"\" class=\"wp-image-63398\" srcset=\"https:\/\/fundacioateneusantroc.org\/wp-content\/uploads\/fasr2023-006-1024x1024.jpg 1024w, https:\/\/fundacioateneusantroc.org\/wp-content\/uploads\/fasr2023-006-300x300.jpg 300w, https:\/\/fundacioateneusantroc.org\/wp-content\/uploads\/fasr2023-006-150x150.jpg 150w, https:\/\/fundacioateneusantroc.org\/wp-content\/uploads\/fasr2023-006-768x768.jpg 768w, https:\/\/fundacioateneusantroc.org\/wp-content\/uploads\/fasr2023-006.jpg 1200w\" sizes=\"auto, (max-width: 1024px) 100vw, 1024px\" \/><\/a><\/figure>\n\n\n\n<p class=\"has-small-font-size\"><strong>Energ\u00eda asequible, no contaminante<\/strong><br\/>Esperanza Placencia<\/p>\n<\/div>\n\n\n\n<div class=\"wp-block-column is-layout-flow wp-block-column-is-layout-flow\">\n<figure class=\"wp-block-image size-large\"><a href=\"https:\/\/fundacioateneusantroc.org\/coleccions\/un-altre-mon-es-possible\/\" target=\"_blank\" rel=\"noreferrer noopener\"><img loading=\"lazy\" decoding=\"async\" width=\"1200\" height=\"1200\" src=\"https:\/\/fundacioateneusantroc.org\/wp-content\/uploads\/fasr2023-007-edited.jpg\" alt=\"\" class=\"wp-image-63429\" srcset=\"https:\/\/fundacioateneusantroc.org\/wp-content\/uploads\/fasr2023-007-edited.jpg 1200w, https:\/\/fundacioateneusantroc.org\/wp-content\/uploads\/fasr2023-007-edited-300x300.jpg 300w, https:\/\/fundacioateneusantroc.org\/wp-content\/uploads\/fasr2023-007-edited-1024x1024.jpg 1024w, https:\/\/fundacioateneusantroc.org\/wp-content\/uploads\/fasr2023-007-edited-150x150.jpg 150w, https:\/\/fundacioateneusantroc.org\/wp-content\/uploads\/fasr2023-007-edited-768x768.jpg 768w\" sizes=\"auto, (max-width: 1200px) 100vw, 1200px\" \/><\/a><\/figure>\n\n\n\n<p class=\"has-small-font-size\"><strong>Otro mundo es posible<br\/><\/strong>Montse Caro<\/p>\n<\/div>\n<\/div>\n\n<div class=\"wp-block-columns is-layout-flex wp-container-core-columns-is-layout-9d6595d7 wp-block-columns-is-layout-flex\">\n<div class=\"wp-block-column is-layout-flow wp-block-column-is-layout-flow\">\n<figure class=\"wp-block-image size-large\"><a href=\"https:\/\/fundacioateneusantroc.org\/coleccions\/transformar-ciutats\/\" target=\"_blank\" rel=\"noreferrer noopener\"><img loading=\"lazy\" decoding=\"async\" width=\"1024\" height=\"1024\" src=\"https:\/\/fundacioateneusantroc.org\/wp-content\/uploads\/\/fasr2023-008-1024x1024.jpg\" alt=\"\" class=\"wp-image-63456\" srcset=\"https:\/\/fundacioateneusantroc.org\/wp-content\/uploads\/fasr2023-008-1024x1024.jpg 1024w, https:\/\/fundacioateneusantroc.org\/wp-content\/uploads\/fasr2023-008-300x300.jpg 300w, https:\/\/fundacioateneusantroc.org\/wp-content\/uploads\/fasr2023-008-150x150.jpg 150w, https:\/\/fundacioateneusantroc.org\/wp-content\/uploads\/fasr2023-008-768x768.jpg 768w, https:\/\/fundacioateneusantroc.org\/wp-content\/uploads\/fasr2023-008.jpg 1200w\" sizes=\"auto, (max-width: 1024px) 100vw, 1024px\" \/><\/a><\/figure>\n\n\n\n<p class=\"has-small-font-size\"><strong>Transformar<\/strong> <strong>ciudades<\/strong><br\/>Merc\u00e8 Monge<\/p>\n<\/div>\n\n\n\n<div class=\"wp-block-column is-layout-flow wp-block-column-is-layout-flow\">\n<figure class=\"wp-block-image size-large\"><a href=\"https:\/\/fundacioateneusantroc.org\/es\/coleccions\/la-importancia-de-la-r\/\" target=\"_blank\" rel=\"noreferrer noopener\"><img loading=\"lazy\" decoding=\"async\" width=\"1024\" height=\"1024\" src=\"https:\/\/fundacioateneusantroc.org\/wp-content\/uploads\/\/fasr2023-009-1024x1024.jpg\" alt=\"\" class=\"wp-image-63402\" srcset=\"https:\/\/fundacioateneusantroc.org\/wp-content\/uploads\/fasr2023-009-1024x1024.jpg 1024w, https:\/\/fundacioateneusantroc.org\/wp-content\/uploads\/fasr2023-009-300x300.jpg 300w, https:\/\/fundacioateneusantroc.org\/wp-content\/uploads\/fasr2023-009-150x150.jpg 150w, https:\/\/fundacioateneusantroc.org\/wp-content\/uploads\/fasr2023-009-768x768.jpg 768w, https:\/\/fundacioateneusantroc.org\/wp-content\/uploads\/fasr2023-009.jpg 1200w\" sizes=\"auto, (max-width: 1024px) 100vw, 1024px\" \/><\/a><\/figure>\n\n\n\n<p class=\"has-small-font-size\"><strong>La importancia de la R<\/strong><br\/>Maria Luisa Placencia<\/p>\n<\/div>\n\n\n\n<div class=\"wp-block-column is-layout-flow wp-block-column-is-layout-flow\">\n<figure class=\"wp-block-image size-large\"><a href=\"https:\/\/fundacioateneusantroc.org\/es\/coleccions\/por-un-planete-mas-verde-y-justo\/\" target=\"_blank\" rel=\"noreferrer noopener\"><img loading=\"lazy\" decoding=\"async\" width=\"1024\" height=\"1024\" src=\"https:\/\/fundacioateneusantroc.org\/wp-content\/uploads\/\/fasr2023-010-1024x1024.jpg\" alt=\"\" class=\"wp-image-63404\" srcset=\"https:\/\/fundacioateneusantroc.org\/wp-content\/uploads\/fasr2023-010-1024x1024.jpg 1024w, https:\/\/fundacioateneusantroc.org\/wp-content\/uploads\/fasr2023-010-300x300.jpg 300w, https:\/\/fundacioateneusantroc.org\/wp-content\/uploads\/fasr2023-010-150x150.jpg 150w, https:\/\/fundacioateneusantroc.org\/wp-content\/uploads\/fasr2023-010-768x768.jpg 768w, https:\/\/fundacioateneusantroc.org\/wp-content\/uploads\/fasr2023-010.jpg 1200w\" sizes=\"auto, (max-width: 1024px) 100vw, 1024px\" \/><\/a><\/figure>\n\n\n\n<p class=\"has-small-font-size\"><strong>Por un planeta m\u00e1s verde y justo<\/strong><br\/>Manoli Garc\u00eda<\/p>\n<\/div>\n\n\n\n<div class=\"wp-block-column is-layout-flow wp-block-column-is-layout-flow\">\n<figure class=\"wp-block-image size-large\"><a href=\"https:\/\/fundacioateneusantroc.org\/es\/coleccions\/cuidemos-los-mares\/\" target=\"_blank\" rel=\"noreferrer noopener\"><img loading=\"lazy\" decoding=\"async\" width=\"1024\" height=\"1024\" src=\"https:\/\/fundacioateneusantroc.org\/wp-content\/uploads\/\/fasr2023-011-1024x1024.jpg\" alt=\"\" class=\"wp-image-63406\" srcset=\"https:\/\/fundacioateneusantroc.org\/wp-content\/uploads\/fasr2023-011-1024x1024.jpg 1024w, https:\/\/fundacioateneusantroc.org\/wp-content\/uploads\/fasr2023-011-300x300.jpg 300w, https:\/\/fundacioateneusantroc.org\/wp-content\/uploads\/fasr2023-011-150x150.jpg 150w, https:\/\/fundacioateneusantroc.org\/wp-content\/uploads\/fasr2023-011-768x768.jpg 768w, https:\/\/fundacioateneusantroc.org\/wp-content\/uploads\/fasr2023-011.jpg 1200w\" sizes=\"auto, (max-width: 1024px) 100vw, 1024px\" \/><\/a><\/figure>\n\n\n\n<p class=\"has-small-font-size\"><strong>Cuidemos los mares<\/strong><br\/>Encarna Ortega<\/p>\n<\/div>\n<\/div>\n\n<div class=\"wp-block-columns is-layout-flex wp-container-core-columns-is-layout-9d6595d7 wp-block-columns-is-layout-flex\">\n<div class=\"wp-block-column is-layout-flow wp-block-column-is-layout-flow\">\n<figure class=\"wp-block-image size-large\"><a href=\"https:\/\/fundacioateneusantroc.org\/coleccions\/el-tresor-del-mar\/\" target=\"_blank\" rel=\"noreferrer noopener\"><img loading=\"lazy\" decoding=\"async\" width=\"1024\" height=\"1024\" src=\"https:\/\/fundacioateneusantroc.org\/wp-content\/uploads\/\/fasr2023-015-1024x1024.jpg\" alt=\"\" class=\"wp-image-63410\" srcset=\"https:\/\/fundacioateneusantroc.org\/wp-content\/uploads\/fasr2023-015-1024x1024.jpg 1024w, https:\/\/fundacioateneusantroc.org\/wp-content\/uploads\/fasr2023-015-300x300.jpg 300w, https:\/\/fundacioateneusantroc.org\/wp-content\/uploads\/fasr2023-015-150x150.jpg 150w, https:\/\/fundacioateneusantroc.org\/wp-content\/uploads\/fasr2023-015-768x768.jpg 768w, https:\/\/fundacioateneusantroc.org\/wp-content\/uploads\/fasr2023-015.jpg 1200w\" sizes=\"auto, (max-width: 1024px) 100vw, 1024px\" \/><\/a><\/figure>\n\n\n\n<p class=\"has-small-font-size\"><strong>El tesoro<\/strong> <strong>del mar<\/strong><br\/>Sabrine Sarfaraz, Luc\u00eda Trujillo, Aurora Llever\u00eda, Laeba Hussain, Mehak Shahzad, Sof\u00eda Manrique<br\/>(Aula abierta)<\/p>\n<\/div>\n\n\n\n<div class=\"wp-block-column is-layout-flow wp-block-column-is-layout-flow\">\n<figure class=\"wp-block-image size-large\"><a href=\"https:\/\/fundacioateneusantroc.org\/coleccions\/produccio-o-ecosistemes\/\" target=\"_blank\" rel=\"noreferrer noopener\"><img loading=\"lazy\" decoding=\"async\" width=\"1024\" height=\"1024\" src=\"https:\/\/fundacioateneusantroc.org\/wp-content\/uploads\/\/fasr2023-016-1024x1024.jpg\" alt=\"\" class=\"wp-image-63412\" srcset=\"https:\/\/fundacioateneusantroc.org\/wp-content\/uploads\/fasr2023-016-1024x1024.jpg 1024w, https:\/\/fundacioateneusantroc.org\/wp-content\/uploads\/fasr2023-016-300x300.jpg 300w, https:\/\/fundacioateneusantroc.org\/wp-content\/uploads\/fasr2023-016-150x150.jpg 150w, https:\/\/fundacioateneusantroc.org\/wp-content\/uploads\/fasr2023-016-768x768.jpg 768w, https:\/\/fundacioateneusantroc.org\/wp-content\/uploads\/fasr2023-016.jpg 1200w\" sizes=\"auto, (max-width: 1024px) 100vw, 1024px\" \/><\/a><\/figure>\n\n\n\n<p class=\"has-small-font-size\"><strong>\u00bfProducci\u00f3n o ecosistemas?<\/strong><br\/>Yipeng Yang, Aya Sarfaraz, Ayan Ali, Briyid Ribera, Cynthia Mensah<br\/>(Aula abierta)<\/p>\n<\/div>\n\n\n\n<div class=\"wp-block-column is-layout-flow wp-block-column-is-layout-flow\">\n<figure class=\"wp-block-image size-large\"><a href=\"https:\/\/fundacioateneusantroc.org\/coleccions\/la-utopia-de-la-pau\/\" target=\"_blank\" rel=\"noreferrer noopener\"><img loading=\"lazy\" decoding=\"async\" width=\"1024\" height=\"1024\" src=\"https:\/\/fundacioateneusantroc.org\/wp-content\/uploads\/\/fasr2023-012-1024x1024.jpg\" alt=\"\" class=\"wp-image-63448\" srcset=\"https:\/\/fundacioateneusantroc.org\/wp-content\/uploads\/fasr2023-012-1024x1024.jpg 1024w, https:\/\/fundacioateneusantroc.org\/wp-content\/uploads\/fasr2023-012-300x300.jpg 300w, https:\/\/fundacioateneusantroc.org\/wp-content\/uploads\/fasr2023-012-150x150.jpg 150w, https:\/\/fundacioateneusantroc.org\/wp-content\/uploads\/fasr2023-012-768x768.jpg 768w, https:\/\/fundacioateneusantroc.org\/wp-content\/uploads\/fasr2023-012.jpg 1200w\" sizes=\"auto, (max-width: 1024px) 100vw, 1024px\" \/><\/a><\/figure>\n\n\n\n<p class=\"has-small-font-size\"><strong>La utop\u00eda de la paz<\/strong><br\/>Roser Corbera<\/p>\n<\/div>\n\n\n\n<div class=\"wp-block-column is-layout-flow wp-block-column-is-layout-flow\">\n<figure class=\"wp-block-image size-large\"><a href=\"https:\/\/fundacioateneusantroc.org\/coleccions\/abracada-mundial\/\" target=\"_blank\" rel=\"noreferrer noopener\"><img loading=\"lazy\" decoding=\"async\" width=\"1024\" height=\"1024\" src=\"https:\/\/fundacioateneusantroc.org\/wp-content\/uploads\/\/fasr2023-013b-1024x1024.jpg\" alt=\"\" class=\"wp-image-63500\" srcset=\"https:\/\/fundacioateneusantroc.org\/wp-content\/uploads\/fasr2023-013b-1024x1024.jpg 1024w, https:\/\/fundacioateneusantroc.org\/wp-content\/uploads\/fasr2023-013b-300x300.jpg 300w, https:\/\/fundacioateneusantroc.org\/wp-content\/uploads\/fasr2023-013b-150x150.jpg 150w, https:\/\/fundacioateneusantroc.org\/wp-content\/uploads\/fasr2023-013b-768x768.jpg 768w, https:\/\/fundacioateneusantroc.org\/wp-content\/uploads\/fasr2023-013b.jpg 1200w\" sizes=\"auto, (max-width: 1024px) 100vw, 1024px\" \/><\/a><\/figure>\n\n\n\n<p class=\"has-small-font-size\"><strong>Abrazo mundial<\/strong><br\/>Marta Rodr\u00edguez<\/p>\n<\/div>\n<\/div>\n\n<div style=\"height:20px\" aria-hidden=\"true\" class=\"wp-block-spacer\"><\/div>\n\n<h2 class=\"wp-block-heading\">Material de soporte<\/h2>\n\n<div class=\"wp-block-columns are-vertically-aligned-center is-layout-flex wp-container-core-columns-is-layout-9d6595d7 wp-block-columns-is-layout-flex\">\n<div class=\"wp-block-column is-vertically-aligned-center is-layout-flow wp-block-column-is-layout-flow\">\n<figure class=\"wp-block-image size-full\"><img loading=\"lazy\" decoding=\"async\" width=\"900\" height=\"615\" src=\"https:\/\/fundacioateneusantroc.org\/wp-content\/uploads\/arpilleres-expos16-2.jpg\" alt=\"\" class=\"wp-image-63484\" srcset=\"https:\/\/fundacioateneusantroc.org\/wp-content\/uploads\/arpilleres-expos16-2.jpg 900w, https:\/\/fundacioateneusantroc.org\/wp-content\/uploads\/arpilleres-expos16-2-300x205.jpg 300w, https:\/\/fundacioateneusantroc.org\/wp-content\/uploads\/arpilleres-expos16-2-768x525.jpg 768w\" sizes=\"auto, (max-width: 900px) 100vw, 900px\" \/><\/figure>\n<\/div>\n\n\n\n<div class=\"wp-block-column is-vertically-aligned-center is-layout-flow wp-block-column-is-layout-flow\">\n<ul class=\"wp-block-list\">\n<li><span style=\"color: initial; font-family: -apple-system, BlinkMacSystemFont, \" segoe=\"\" ui=\"\" roboto=\"\" oxygen-sans=\"\" ubuntu=\"\" cantarell=\"\" neue=\"\" sans-serif=\"\">Cartel de la exposici\u00f3n<\/span><\/li>\n\n\n\n<li>Cubos ODS<\/li>\n\n\n\n<li><span style=\"color: initial; font-family: -apple-system, BlinkMacSystemFont, \" segoe=\"\" ui=\"\" roboto=\"\" oxygen-sans=\"\" ubuntu=\"\" cantarell=\"\" neue=\"\" sans-serif=\"\">Cat\u00e1logo<\/span> <mark style=\"background-color:rgba(0, 0, 0, 0)\" class=\"has-inline-color has-vivid-red-color\"><a href=\"https:\/\/fundacioateneusantroc.org\/wp-content\/uploads\/cataleg-ods.pdf\" target=\"_blank\" rel=\"noreferrer noopener\">+<\/a><\/mark><\/li>\n\n\n\n<li>Diario de la experiencia  <a href=\"https:\/\/fundacioateneusantroc.org\/wp-content\/uploads\/2023-ods-proces.pdf\" target=\"_blank\" rel=\"noreferrer noopener\"><mark style=\"background-color:rgba(0, 0, 0, 0)\" class=\"has-inline-color has-vivid-red-color\">+<\/mark><\/a> <\/li>\n\n\n\n<li>Recursos pedag\u00f3gicos <a href=\"https:\/\/fundacioateneusantroc.org\/recursos-ods\/\" target=\"_blank\" rel=\"noreferrer noopener\">+<\/a><\/li>\n<\/ul>\n<\/div>\n<\/div>\n\n<div style=\"height:31px\" aria-hidden=\"true\" class=\"wp-block-spacer\"><\/div>\n\n<h2 class=\"wp-block-heading\">Itinerancia<\/h2>\n\n<h5 class=\"wp-block-heading\">2026<\/h5>\n\n<p><strong>14\/01-27\/02<\/strong> <strong>Casal Dalt de la Vila<\/strong><br\/>Sant Adri\u00e0 de Bes\u00f2s \u00b7 Organitza: Ajuntament de Sant Adri\u00e0 de Bes\u00f2s<\/p>\n\n<h5 class=\"wp-block-heading\">2025<\/h5>\n\n<p><strong>5\/05-5\/06<\/strong> <strong>Laboratorios Menarini<\/strong><br\/>Badalona \u00b7 Organiza: Laboratorios Menarini<br\/><a href=\"https:\/\/menarini.es\/blog\/ods\/compromisos-para-recoser-el-mundo\/\" target=\"_blank\" rel=\"noreferrer noopener\">+info<\/a><\/p>\n\n<h5 class=\"wp-block-heading\">2024<\/h5>\n\n<p><strong>5\/05 <\/strong><strong>Fira de Sant Roc<\/strong><strong> (Pla\u00e7a Roja)<\/strong><br\/>Badalona \u00b7 Organiza: Fundaci\u00f3 Ateneu Sant Roc<\/p>\n\n<h5 class=\"wp-block-heading\">2023<\/h5>\n\n<p><strong>23\/11\/2023-22\/03\/2024<\/strong> <strong>Fundaci\u00f3 Ateneu Sant Roc<\/strong><br\/>Badalona \u00b7 Organiza: Fundaci\u00f3 Ateneu Sant Roc<br\/>Inauguraci\u00f3: 27\/11 a les 18 h<br\/><a href=\"https:\/\/fundacioateneusantroc.org\/inauguracio-dels-compromisos-per-a-recosir-el-mon\/\" target=\"_blank\" rel=\"noreferrer noopener\">+info<\/a><\/p>\n\n<p><a href=\"https:\/\/www.bdncom.cat\/notice\/lagenda-2030-i-els-17-ods-son-els-protagonistes-de-la-nova-exposicio-darpilleres-a-lateneu-de-sant-roc\" target=\"_blank\" rel=\"noreferrer noopener\">+Badalona Comunicaci\u00f3<\/a><\/p>\n\n<p><a href=\"https:\/\/fundacioateneusantroc.org\/interaccions-per-a-recosir-el-mon\/\" target=\"_blank\" rel=\"noreferrer noopener\">+Intervenciones de compromiso<\/a><mark style=\"background-color:rgba(0, 0, 0, 0)\" class=\"has-inline-color has-vivid-red-color\"><\/mark><\/p>\n\n<div style=\"height:30px\" aria-hidden=\"true\" class=\"wp-block-spacer\"><\/div>\n\n<h2 class=\"wp-block-heading\">M\u00e1s informaci\u00f3n<\/h2>\n\n<p><strong>02\/12\/2022<\/strong> <strong>Taller d&#8217;arpilleres: Cosir l&#8217;exclusi\u00f3<\/strong><br\/>a la Fundaci\u00f3 Ateneu Sant Roc (Badalona)<br\/>Organitza: Fundaci\u00f3 Ateneu Sant Roc i Conflict Textiles<br\/>A c\u00e0rrec de Roberta Bacic<br\/><a href=\"https:\/\/fundacioateneusantroc.org\/cosir-lexclusio\/\" target=\"_blank\" rel=\"noreferrer noopener\">+info<\/a><\/p>\n\n<figure class=\"wp-block-image size-large\"><img loading=\"lazy\" decoding=\"async\" width=\"1200\" height=\"750\" src=\"https:\/\/fundacioateneusantroc.org\/wp-content\/uploads\/fasr2023-000-edited.jpg\" alt=\"\" class=\"wp-image-63422\" srcset=\"https:\/\/fundacioateneusantroc.org\/wp-content\/uploads\/fasr2023-000-edited.jpg 1200w, https:\/\/fundacioateneusantroc.org\/wp-content\/uploads\/fasr2023-000-edited-300x188.jpg 300w, https:\/\/fundacioateneusantroc.org\/wp-content\/uploads\/fasr2023-000-edited-1024x640.jpg 1024w, https:\/\/fundacioateneusantroc.org\/wp-content\/uploads\/fasr2023-000-edited-768x480.jpg 768w\" sizes=\"auto, (max-width: 1200px) 100vw, 1200px\" \/><\/figure>\n","protected":false},"excerpt":{"rendered":"<p>Exposici\u00f3n 2023 Descripci\u00f3n y contexto No ha resultado nada f\u00e1cil para las arpilleristas, trabajar los Objetivos [&hellip;]<\/p>\n","protected":false},"featured_media":63485,"menu_order":0,"template":"","categories-arpilleres":[1168],"class_list":["post-67061","ateneu-arpilleres","type-ateneu-arpilleres","status-publish","has-post-thumbnail","hentry","categories-arpilleres-exposiciones"],"_links":{"self":[{"href":"https:\/\/fundacioateneusantroc.org\/es\/wp-json\/wp\/v2\/ateneu-arpilleres\/67061","targetHints":{"allow":["GET"]}}],"collection":[{"href":"https:\/\/fundacioateneusantroc.org\/es\/wp-json\/wp\/v2\/ateneu-arpilleres"}],"about":[{"href":"https:\/\/fundacioateneusantroc.org\/es\/wp-json\/wp\/v2\/types\/ateneu-arpilleres"}],"version-history":[{"count":11,"href":"https:\/\/fundacioateneusantroc.org\/es\/wp-json\/wp\/v2\/ateneu-arpilleres\/67061\/revisions"}],"predecessor-version":[{"id":71012,"href":"https:\/\/fundacioateneusantroc.org\/es\/wp-json\/wp\/v2\/ateneu-arpilleres\/67061\/revisions\/71012"}],"wp:featuredmedia":[{"embeddable":true,"href":"https:\/\/fundacioateneusantroc.org\/es\/wp-json\/wp\/v2\/media\/63485"}],"wp:attachment":[{"href":"https:\/\/fundacioateneusantroc.org\/es\/wp-json\/wp\/v2\/media?parent=67061"}],"wp:term":[{"taxonomy":"categories-arpilleres","embeddable":true,"href":"https:\/\/fundacioateneusantroc.org\/es\/wp-json\/wp\/v2\/categories-arpilleres?post=67061"}],"curies":[{"name":"wp","href":"https:\/\/api.w.org\/{rel}","templated":true}]}}