{"id":72532,"date":"2026-02-05T08:56:39","date_gmt":"2026-02-05T07:56:39","guid":{"rendered":"https:\/\/fundacioateneusantroc.org\/ateneu-arpilleres\/tajiendo-resistencia-cosemos-futuro\/"},"modified":"2026-06-23T19:49:29","modified_gmt":"2026-06-23T17:49:29","slug":"tajiendo-resistencia-cosemos-futuro","status":"publish","type":"ateneu-arpilleres","link":"https:\/\/fundacioateneusantroc.org\/es\/ateneu-arpilleres\/tajiendo-resistencia-cosemos-futuro\/","title":{"rendered":"Tajiendo resistencia, cosemos futuro"},"content":{"rendered":"\n<h3 class=\"wp-block-heading\">Exposici\u00f3n 2026<\/h3>\n\n<figure class=\"wp-block-image size-full\"><img loading=\"lazy\" decoding=\"async\" width=\"1550\" height=\"1080\" src=\"https:\/\/fundacioateneusantroc.org\/wp-content\/uploads\/2026-teixint-resistencia-0.jpg\" alt=\"\" class=\"wp-image-71036\" srcset=\"https:\/\/fundacioateneusantroc.org\/wp-content\/uploads\/2026-teixint-resistencia-0.jpg 1550w, https:\/\/fundacioateneusantroc.org\/wp-content\/uploads\/2026-teixint-resistencia-0-300x209.jpg 300w, https:\/\/fundacioateneusantroc.org\/wp-content\/uploads\/2026-teixint-resistencia-0-1024x713.jpg 1024w, https:\/\/fundacioateneusantroc.org\/wp-content\/uploads\/2026-teixint-resistencia-0-768x535.jpg 768w, https:\/\/fundacioateneusantroc.org\/wp-content\/uploads\/2026-teixint-resistencia-0-1536x1070.jpg 1536w\" sizes=\"auto, (max-width: 1550px) 100vw, 1550px\" \/><figcaption class=\"wp-element-caption\">Presentaci\u00f3n de la exposici\u00f3n en la Fundaci\u00f3 Ateneu Sant Roc<\/figcaption><\/figure>\n\n<div style=\"height:46px\" aria-hidden=\"true\" class=\"wp-block-spacer\"><\/div>\n\n<div class=\"wp-block-group full-width has-background\" style=\"background-color:#d8d8d8\"><div class=\"wp-block-group__inner-container is-layout-flow wp-block-group-is-layout-flow\">\n<div style=\"height:20px\" aria-hidden=\"true\" class=\"wp-block-spacer\"><\/div>\n\n\n\n<div class=\"wp-block-group max-width padding-sides\"><div class=\"wp-block-group__inner-container is-layout-flow wp-block-group-is-layout-flow\">\n<h2 class=\"wp-block-heading\">Descripci\u00f3n y contexto<\/h2>\n\n\n\n<p><strong>Tejiendo resistencia, cosemos futuro <\/strong>nace del trabajo compartido del grupo Arpilleres, un espacio donde cosemos memoria, historias y compromiso. Con hilos, telas y manos diversas queremos destacar el impacto de los movimientos sociales \u2013obrero, feminista, LGTBI, vecinales, espont\u00e1neos, pacifistas y ecologistas\u2013 que marcan el pasado y el presente de nuestras sociedades. <\/p>\n\n\n\n<p>En cada arpillera encontramos recuerdo y agradecimiento hacia personas an\u00f3nimas, comprometidas en la construcci\u00f3n de un entorno m\u00e1s justo y solidario. Conocer estas luchas nos ha ayudado a entender de d\u00f3nde venimos y a valorar todo aquello que se conquista colectivamente. <\/p>\n\n\n\n<p>Con esta exposici\u00f3n y las actividades propuestas a continuaci\u00f3n, queremos convidar, especialmente a los m\u00e1s j\u00f3venes, a descubrir la fuerza de la acci\u00f3n colectiva y a sentirse parte del relevo. <\/p>\n<\/div><\/div>\n\n\n\n<div style=\"height:40px\" aria-hidden=\"true\" class=\"wp-block-spacer\"><\/div>\n<\/div><\/div>\n\n<div style=\"height:20px\" aria-hidden=\"true\" class=\"wp-block-spacer\"><\/div>\n\n<h2 class=\"wp-block-heading\">10 arpilleras<\/h2>\n\n<div class=\"wp-block-columns is-layout-flex wp-container-core-columns-is-layout-9d6595d7 wp-block-columns-is-layout-flex\">\n<div class=\"wp-block-column is-layout-flow wp-block-column-is-layout-flow\">\n<figure class=\"wp-block-image size-large\"><a href=\"&lt;!--[CDATA[\/?p=71872]]--&gt;\"><img loading=\"lazy\" decoding=\"async\" width=\"1024\" height=\"1024\" src=\"https:\/\/fundacioateneusantroc.org\/wp-content\/uploads\/\/fasr2026-001-1024x1024.jpg\" alt=\"\" class=\"wp-image-71873\" srcset=\"https:\/\/fundacioateneusantroc.org\/wp-content\/uploads\/fasr2026-001-1024x1024.jpg 1024w, https:\/\/fundacioateneusantroc.org\/wp-content\/uploads\/fasr2026-001-300x300.jpg 300w, https:\/\/fundacioateneusantroc.org\/wp-content\/uploads\/fasr2026-001-150x150.jpg 150w, https:\/\/fundacioateneusantroc.org\/wp-content\/uploads\/fasr2026-001-768x768.jpg 768w, https:\/\/fundacioateneusantroc.org\/wp-content\/uploads\/fasr2026-001.jpg 1200w\" sizes=\"auto, (max-width: 1024px) 100vw, 1024px\" \/><\/a><\/figure>\n\n\n\n<p class=\"has-small-font-size\"><strong>Mans obertes<\/strong><br\/>Margarita Mesa<\/p>\n<\/div>\n\n\n\n<div class=\"wp-block-column is-layout-flow wp-block-column-is-layout-flow\">\n<figure class=\"wp-block-image size-large\"><a href=\"https:\/\/fundacioateneusantroc.org\/coleccions\/noche-de-paz\/\"><img loading=\"lazy\" decoding=\"async\" width=\"1024\" height=\"1024\" src=\"https:\/\/fundacioateneusantroc.org\/wp-content\/uploads\/\/fasr2026-002-1024x1024.jpg\" alt=\"\" class=\"wp-image-71922\" srcset=\"https:\/\/fundacioateneusantroc.org\/wp-content\/uploads\/fasr2026-002-1024x1024.jpg 1024w, https:\/\/fundacioateneusantroc.org\/wp-content\/uploads\/fasr2026-002-300x300.jpg 300w, https:\/\/fundacioateneusantroc.org\/wp-content\/uploads\/fasr2026-002-150x150.jpg 150w, https:\/\/fundacioateneusantroc.org\/wp-content\/uploads\/fasr2026-002-768x768.jpg 768w, https:\/\/fundacioateneusantroc.org\/wp-content\/uploads\/fasr2026-002.jpg 1200w\" sizes=\"auto, (max-width: 1024px) 100vw, 1024px\" \/><\/a><\/figure>\n\n\n\n<p class=\"has-small-font-size\"><strong>Noche de paz (Santa nit)<\/strong><br\/>M\u00f2nica Moro<\/p>\n<\/div>\n\n\n\n<div class=\"wp-block-column is-layout-flow wp-block-column-is-layout-flow\">\n<figure class=\"wp-block-image size-large\"><a href=\"https:\/\/fundacioateneusantroc.org\/coleccions\/oblidats-pel-poder-cosint-barri\/\"><img loading=\"lazy\" decoding=\"async\" width=\"1024\" height=\"1024\" src=\"https:\/\/fundacioateneusantroc.org\/wp-content\/uploads\/\/fasr2026-003-1024x1024.jpg\" alt=\"\" class=\"wp-image-71924\" srcset=\"https:\/\/fundacioateneusantroc.org\/wp-content\/uploads\/fasr2026-003-1024x1024.jpg 1024w, https:\/\/fundacioateneusantroc.org\/wp-content\/uploads\/fasr2026-003-300x300.jpg 300w, https:\/\/fundacioateneusantroc.org\/wp-content\/uploads\/fasr2026-003-150x150.jpg 150w, https:\/\/fundacioateneusantroc.org\/wp-content\/uploads\/fasr2026-003-768x768.jpg 768w, https:\/\/fundacioateneusantroc.org\/wp-content\/uploads\/fasr2026-003.jpg 1200w\" sizes=\"auto, (max-width: 1024px) 100vw, 1024px\" \/><\/a><\/figure>\n\n\n\n<p class=\"has-small-font-size\"><strong>Olvidados por el poder cosiendo barrio<\/strong><br\/>Antonia Amador <br\/>i Loli L\u00f3pez<\/p>\n<\/div>\n\n\n\n<div class=\"wp-block-column is-layout-flow wp-block-column-is-layout-flow\">\n<figure class=\"wp-block-image size-large\"><a href=\"https:\/\/fundacioateneusantroc.org\/coleccions\/la-lluita-veinal-contra-la-droga\/\"><img loading=\"lazy\" decoding=\"async\" width=\"1024\" height=\"1024\" src=\"https:\/\/fundacioateneusantroc.org\/wp-content\/uploads\/\/fasr2026-004-1024x1024.jpg\" alt=\"\" class=\"wp-image-71926\" srcset=\"https:\/\/fundacioateneusantroc.org\/wp-content\/uploads\/fasr2026-004-1024x1024.jpg 1024w, https:\/\/fundacioateneusantroc.org\/wp-content\/uploads\/fasr2026-004-300x300.jpg 300w, https:\/\/fundacioateneusantroc.org\/wp-content\/uploads\/fasr2026-004-150x150.jpg 150w, https:\/\/fundacioateneusantroc.org\/wp-content\/uploads\/fasr2026-004-768x768.jpg 768w, https:\/\/fundacioateneusantroc.org\/wp-content\/uploads\/fasr2026-004.jpg 1200w\" sizes=\"auto, (max-width: 1024px) 100vw, 1024px\" \/><\/a><\/figure>\n\n\n\n<p class=\"has-small-font-size\"><strong>La lucha vecinal contra la droga<\/strong><br\/>Encarna Ortega <br\/>y Manoli Garc\u00eda<\/p>\n<\/div>\n<\/div>\n\n<div class=\"wp-block-columns is-layout-flex wp-container-core-columns-is-layout-9d6595d7 wp-block-columns-is-layout-flex\">\n<div class=\"wp-block-column is-layout-flow wp-block-column-is-layout-flow\">\n<figure class=\"wp-block-image size-large\"><a href=\"https:\/\/fundacioateneusantroc.org\/coleccions\/veins-i-veines-que-transformen\/\"><img loading=\"lazy\" decoding=\"async\" width=\"1024\" height=\"1024\" src=\"https:\/\/fundacioateneusantroc.org\/wp-content\/uploads\/\/fasr2026-005-1024x1024.jpg\" alt=\"\" class=\"wp-image-71928\" srcset=\"https:\/\/fundacioateneusantroc.org\/wp-content\/uploads\/fasr2026-005-1024x1024.jpg 1024w, https:\/\/fundacioateneusantroc.org\/wp-content\/uploads\/fasr2026-005-300x300.jpg 300w, https:\/\/fundacioateneusantroc.org\/wp-content\/uploads\/fasr2026-005-150x150.jpg 150w, https:\/\/fundacioateneusantroc.org\/wp-content\/uploads\/fasr2026-005-768x768.jpg 768w, https:\/\/fundacioateneusantroc.org\/wp-content\/uploads\/fasr2026-005.jpg 1200w\" sizes=\"auto, (max-width: 1024px) 100vw, 1024px\" \/><\/a><\/figure>\n\n\n\n<p class=\"has-small-font-size\"><strong>Vecinos y vecinas que transforman<\/strong><br\/>Merc\u00e8 Monge<\/p>\n<\/div>\n\n\n\n<div class=\"wp-block-column is-layout-flow wp-block-column-is-layout-flow\">\n<figure class=\"wp-block-image size-large\"><a href=\"https:\/\/fundacioateneusantroc.org\/coleccions\/reaccions-espontanies\/\"><img loading=\"lazy\" decoding=\"async\" width=\"1024\" height=\"1024\" src=\"https:\/\/fundacioateneusantroc.org\/wp-content\/uploads\/\/fasr2026-006-1024x1024.jpg\" alt=\"\" class=\"wp-image-71930\" srcset=\"https:\/\/fundacioateneusantroc.org\/wp-content\/uploads\/fasr2026-006-1024x1024.jpg 1024w, https:\/\/fundacioateneusantroc.org\/wp-content\/uploads\/fasr2026-006-300x300.jpg 300w, https:\/\/fundacioateneusantroc.org\/wp-content\/uploads\/fasr2026-006-150x150.jpg 150w, https:\/\/fundacioateneusantroc.org\/wp-content\/uploads\/fasr2026-006-768x768.jpg 768w, https:\/\/fundacioateneusantroc.org\/wp-content\/uploads\/fasr2026-006.jpg 1200w\" sizes=\"auto, (max-width: 1024px) 100vw, 1024px\" \/><\/a><\/figure>\n\n\n\n<p class=\"has-small-font-size\"><strong>Reacciones espont\u00e1neas<\/strong><br\/>Esperanza Placencia <br\/>y M\u00aa Luisa Placencia<\/p>\n<\/div>\n\n\n\n<div class=\"wp-block-column is-layout-flow wp-block-column-is-layout-flow\">\n<figure class=\"wp-block-image size-large\"><a href=\"https:\/\/fundacioateneusantroc.org\/coleccions\/som-la-terra-que-es-revolta\/\"><img loading=\"lazy\" decoding=\"async\" width=\"1024\" height=\"1024\" src=\"https:\/\/fundacioateneusantroc.org\/wp-content\/uploads\/\/fasr2026-007-1024x1024.jpg\" alt=\"\" class=\"wp-image-71932\" srcset=\"https:\/\/fundacioateneusantroc.org\/wp-content\/uploads\/fasr2026-007-1024x1024.jpg 1024w, https:\/\/fundacioateneusantroc.org\/wp-content\/uploads\/fasr2026-007-300x300.jpg 300w, https:\/\/fundacioateneusantroc.org\/wp-content\/uploads\/fasr2026-007-150x150.jpg 150w, https:\/\/fundacioateneusantroc.org\/wp-content\/uploads\/fasr2026-007-768x768.jpg 768w, https:\/\/fundacioateneusantroc.org\/wp-content\/uploads\/fasr2026-007.jpg 1200w\" sizes=\"auto, (max-width: 1024px) 100vw, 1024px\" \/><\/a><\/figure>\n\n\n\n<p class=\"has-small-font-size\"><strong>Som la terra que es revolta<\/strong><br\/>Marta Rodr\u00edguez <br\/>y Pilar L\u00f3pez<\/p>\n<\/div>\n\n\n\n<div class=\"wp-block-column is-layout-flow wp-block-column-is-layout-flow\">\n<figure class=\"wp-block-image size-large\"><a href=\"https:\/\/fundacioateneusantroc.org\/coleccions\/fils-del-moviment-obrer\/\"><img loading=\"lazy\" decoding=\"async\" width=\"1024\" height=\"1024\" src=\"https:\/\/fundacioateneusantroc.org\/wp-content\/uploads\/\/fasr2026-008-1024x1024.jpg\" alt=\"\" class=\"wp-image-71934\" srcset=\"https:\/\/fundacioateneusantroc.org\/wp-content\/uploads\/fasr2026-008-1024x1024.jpg 1024w, https:\/\/fundacioateneusantroc.org\/wp-content\/uploads\/fasr2026-008-300x300.jpg 300w, https:\/\/fundacioateneusantroc.org\/wp-content\/uploads\/fasr2026-008-150x150.jpg 150w, https:\/\/fundacioateneusantroc.org\/wp-content\/uploads\/fasr2026-008-768x768.jpg 768w, https:\/\/fundacioateneusantroc.org\/wp-content\/uploads\/fasr2026-008.jpg 1200w\" sizes=\"auto, (max-width: 1024px) 100vw, 1024px\" \/><\/a><\/figure>\n\n\n\n<p class=\"has-small-font-size\"><strong>Hilos del movimiento obrero<\/strong><br\/>Fina Cala<br\/>y Roser Corbera<\/p>\n<\/div>\n<\/div>\n\n<div class=\"wp-block-columns is-layout-flex wp-container-core-columns-is-layout-9d6595d7 wp-block-columns-is-layout-flex\">\n<div class=\"wp-block-column is-layout-flow wp-block-column-is-layout-flow\">\n<figure class=\"wp-block-image size-large\"><a href=\"https:\/\/fundacioateneusantroc.org\/coleccions\/patriarcat\/\"><img loading=\"lazy\" decoding=\"async\" width=\"1024\" height=\"1024\" src=\"https:\/\/fundacioateneusantroc.org\/wp-content\/uploads\/\/fasr2026-009-1024x1024.jpg\" alt=\"\" class=\"wp-image-71936\" srcset=\"https:\/\/fundacioateneusantroc.org\/wp-content\/uploads\/fasr2026-009-1024x1024.jpg 1024w, https:\/\/fundacioateneusantroc.org\/wp-content\/uploads\/fasr2026-009-300x300.jpg 300w, https:\/\/fundacioateneusantroc.org\/wp-content\/uploads\/fasr2026-009-150x150.jpg 150w, https:\/\/fundacioateneusantroc.org\/wp-content\/uploads\/fasr2026-009-768x768.jpg 768w, https:\/\/fundacioateneusantroc.org\/wp-content\/uploads\/fasr2026-009.jpg 1200w\" sizes=\"auto, (max-width: 1024px) 100vw, 1024px\" \/><\/a><\/figure>\n\n\n\n<p class=\"has-small-font-size\"><strong>Patriarcado<\/strong><br\/>Fina Niub\u00f3<\/p>\n<\/div>\n\n\n\n<div class=\"wp-block-column is-layout-flow wp-block-column-is-layout-flow\">\n<figure class=\"wp-block-image size-large\"><a href=\"https:\/\/fundacioateneusantroc.org\/coleccions\/sense-diversitat-no-hi-ha-llibertat\/\"><img loading=\"lazy\" decoding=\"async\" width=\"1024\" height=\"1024\" src=\"https:\/\/fundacioateneusantroc.org\/wp-content\/uploads\/\/fasr2026-010-1024x1024.jpg\" alt=\"\" class=\"wp-image-71938\" srcset=\"https:\/\/fundacioateneusantroc.org\/wp-content\/uploads\/fasr2026-010-1024x1024.jpg 1024w, https:\/\/fundacioateneusantroc.org\/wp-content\/uploads\/fasr2026-010-300x300.jpg 300w, https:\/\/fundacioateneusantroc.org\/wp-content\/uploads\/fasr2026-010-150x150.jpg 150w, https:\/\/fundacioateneusantroc.org\/wp-content\/uploads\/fasr2026-010-768x768.jpg 768w, https:\/\/fundacioateneusantroc.org\/wp-content\/uploads\/fasr2026-010.jpg 1200w\" sizes=\"auto, (max-width: 1024px) 100vw, 1024px\" \/><\/a><\/figure>\n\n\n\n<p class=\"has-small-font-size\"><strong>Sin diversidad no hay libertad<\/strong><br\/>Assumpta Ib\u00e1\u00f1ez, <br\/>Montse Caro<br\/>y Patricia Martos<\/p>\n<\/div>\n\n\n\n<div class=\"wp-block-column is-layout-flow wp-block-column-is-layout-flow\"><\/div>\n\n\n\n<div class=\"wp-block-column is-layout-flow wp-block-column-is-layout-flow\"><\/div>\n<\/div>\n\n<div style=\"height:20px\" aria-hidden=\"true\" class=\"wp-block-spacer\"><\/div>\n\n<h2 class=\"wp-block-heading\">Material de soporte<\/h2>\n\n<div class=\"wp-block-columns are-vertically-aligned-center is-layout-flex wp-container-core-columns-is-layout-9d6595d7 wp-block-columns-is-layout-flex\">\n<div class=\"wp-block-column is-vertically-aligned-center is-layout-flow wp-block-column-is-layout-flow\">\n<figure class=\"wp-block-image size-full\"><img loading=\"lazy\" decoding=\"async\" width=\"1024\" height=\"696\" src=\"https:\/\/fundacioateneusantroc.org\/wp-content\/uploads\/2026-moviments-expo.jpg\" alt=\"\" class=\"wp-image-70914\" srcset=\"https:\/\/fundacioateneusantroc.org\/wp-content\/uploads\/2026-moviments-expo.jpg 1024w, https:\/\/fundacioateneusantroc.org\/wp-content\/uploads\/2026-moviments-expo-300x204.jpg 300w, https:\/\/fundacioateneusantroc.org\/wp-content\/uploads\/2026-moviments-expo-768x522.jpg 768w\" sizes=\"auto, (max-width: 1024px) 100vw, 1024px\" \/><\/figure>\n<\/div>\n\n\n\n<div class=\"wp-block-column is-vertically-aligned-center is-layout-flow wp-block-column-is-layout-flow\">\n<ul class=\"wp-block-list\">\n<li><span style=\"color: initial; font-family: -apple-system, BlinkMacSystemFont, \" segoe=\"\" ui=\"\" roboto=\"\" oxygen-sans=\"\" ubuntu=\"\" cantarell=\"\" neue=\"\" sans-serif=\"\">Cartel de la exposici\u00f3n<\/span><\/li>\n\n\n\n<li><span style=\"color: initial; font-family: -apple-system, BlinkMacSystemFont, \" segoe=\"\" ui=\"\" roboto=\"\" oxygen-sans=\"\" ubuntu=\"\" cantarell=\"\" neue=\"\" sans-serif=\"\">Cat\u00e1logo<\/span> <mark style=\"background-color:rgba(0, 0, 0, 0)\" class=\"has-inline-color has-vivid-red-color\"><a href=\"https:\/\/fundacioateneusantroc.org\/wp-content\/uploads\/cataleg-moviments-socials.pdf\">+<\/a><\/mark><\/li>\n<\/ul>\n<\/div>\n<\/div>\n\n<div style=\"height:31px\" aria-hidden=\"true\" class=\"wp-block-spacer\"><\/div>\n\n<h2 class=\"wp-block-heading\">Actividades asociadas a la exposici\u00f3n \u00b7 2026<\/h2>\n\n<div class=\"wp-block-columns is-layout-flex wp-container-core-columns-is-layout-9d6595d7 wp-block-columns-is-layout-flex\">\n<div class=\"wp-block-column is-layout-flow wp-block-column-is-layout-flow\">\n<p><strong>Martes, 17 febrero a las 18.30 h<\/strong><\/p>\n\n\n\n<h4 class=\"wp-block-heading\">Inauguraci\u00f3n de la exposici\u00f3n: <br\/>Tejiendo resistencia, cosemos futuro <\/h4>\n\n\n\n<p>Introducci\u00f3n: Anna Vicente<\/p>\n\n\n\n<p>Presentaci\u00f3n de las obras: Grupo Arpilleres<\/p>\n\n\n\n<p>Conferencia sobre los movimentos sociales: David Fern\u00e1ndez<\/p>\n\n\n\n<hr class=\"wp-block-separator has-alpha-channel-opacity\"\/>\n\n\n\n<p><strong>Lunes, 9 marzo a las 10.30 h<\/strong><\/p>\n\n\n\n<h4 class=\"wp-block-heading\">\u00bfHablamos de feminismo?<\/h4>\n\n\n\n<p>Espacio d\u2019experiencias a cargo de mujeres del barrio.<\/p>\n\n\n\n<hr class=\"wp-block-separator has-alpha-channel-opacity\"\/>\n\n\n\n<p><strong>Lunes, 16 de marzo a las 18.30 h<\/strong><\/p>\n\n\n\n<h4 class=\"wp-block-heading\">Movimiento LGTBI, del pasado al presente<\/h4>\n\n\n\n<p>Actividad para j\u00f3venes, sobre los or\u00edgenes y la lucha del movimiento LGTBI. <\/p>\n\n\n\n<p>Ponente: Rafa Mu\u00f1oz<\/p>\n\n\n\n<hr class=\"wp-block-separator has-alpha-channel-opacity\"\/>\n<\/div>\n\n\n\n<div class=\"wp-block-column is-layout-flow wp-block-column-is-layout-flow\">\n<p><strong>Lunes, 20 de abril a las 19.00 h<\/strong><\/p>\n\n\n\n<h4 class=\"wp-block-heading\">Compartiendo experiencias:<br\/>Espontaneidad y cambio social<\/h4>\n\n\n\n<p>Mesa de experiencias con personas que han participado en diferentes movimientos espont\u00e1neos.<\/p>\n\n\n\n<hr class=\"wp-block-separator has-alpha-channel-opacity\"\/>\n\n\n\n<p><strong>Mi\u00e9rcoles, 20 de mayo a las 18.30 h<\/strong><\/p>\n\n\n\n<h4 class=\"wp-block-heading\">Rapsodes 2026<\/h4>\n\n\n\n<p>Recital de poemas de Naturalez y Paz.<\/p>\n\n\n\n<p>Organiza: Centro abierto J\u00f3venes<\/p>\n\n\n\n<hr class=\"wp-block-separator has-alpha-channel-opacity\"\/>\n\n\n\n<p><strong>S\u00e1bado, 30 de mayo a las 17.00 h<\/strong><\/p>\n\n\n\n<h4 class=\"wp-block-heading\">Paseo por la Badalona obrera<\/h4>\n\n\n\n<p>Visita guiada: Andreu Mu\u00f1oz<\/p>\n\n\n\n<hr class=\"wp-block-separator has-alpha-channel-opacity\"\/>\n\n\n\n<p><strong>Viernes, 5 de junio a las 19.00 h<\/strong><\/p>\n\n\n\n<h4 class=\"wp-block-heading\">Documental: A dos velas<\/h4>\n\n\n\n<p>Proyecci\u00f3n y coloquio sobre los cortes de luz y la lucha vecinal. <\/p>\n\n\n\n<p>Presentaci\u00f3n: Carles Sagu\u00e9s<\/p>\n\n\n\n<hr class=\"wp-block-separator has-alpha-channel-opacity\"\/>\n<\/div>\n<\/div>\n\n<div style=\"height:30px\" aria-hidden=\"true\" class=\"wp-block-spacer\"><\/div>\n\n<h2 class=\"wp-block-heading\">Itinerancia<\/h2>\n\n<h5 class=\"wp-block-heading\">2026<\/h5>\n\n<p><strong><strong>17\/02-19\/06 <\/strong>Fundaci\u00f3 Ateneu Sant Roc<\/strong><br\/>Badalona \u00b7 Organiza: Fundaci\u00f3 Ateneu Sant Roc<\/p>\n\n<div style=\"height:30px\" aria-hidden=\"true\" class=\"wp-block-spacer\"><\/div>\n\n<h2 class=\"wp-block-heading\">M\u00e1s informaci\u00f3n<\/h2>\n\n<p><strong>BDN Comunicaci\u00f3<\/strong> \u00b7 17\/2\/2026 \u00b7 Anna Garc\u00eda de Alb\u00e9niz \u00b7 <a href=\"https:\/\/www.bdncom.cat\/ca\/teixint-resistencia-cosim-futur-limpacte-dels-moviments-socials-a-traves-de-les-arpilleres\" target=\"_blank\" rel=\"noopener\">&#8220;Teixint resist\u00e8ncia, cosim futur\u201d: L&#8217;impacte dels moviments socials a trav\u00e9s de les arpilleres<\/a><\/p>\n\n<p><strong>Resumen de las activitdades programadas<br\/><\/strong><a href=\"https:\/\/fundacioateneusantroc.org\/inauguracio-de-teixint-resistencia-cosim-futur\/\">Inauguraci\u00f3n de la exposici\u00f3n<\/a><br\/><a href=\"https:\/\/fundacioateneusantroc.org\/compartint-experiencies-espontaneitat-i-canvi-social\/\">Compartiendo experiencias: Espontaneidad y cambio social<br\/><\/a><a href=\"https:\/\/fundacioateneusantroc.org\/rapsodes-2026\/\">Rapsodes 2026<br\/><\/a><a href=\"https:\/\/fundacioateneusantroc.org\/passejada-per-la-badalona-obrera\/\">Paseo por la Badalona obrera<\/a><\/p>\n\n<p><strong>Otras actividades<\/strong><br\/><a href=\"https:\/\/fundacioateneusantroc.org\/es\/?p=72074\">Talleres de intervenci\u00f3n y comprom\u00edso<\/a><br\/><a href=\"https:\/\/fundacioateneusantroc.org\/arpilleres-pels-drets-humans-a-la-jornada-alteritart-un-cami-compartit\/\">Jornada \u201cAlteritART. Un camino compartido\u201d<\/a><\/p>\n","protected":false},"excerpt":{"rendered":"<p>Exposici\u00f3n 2026 Descripci\u00f3n y contexto Tejiendo resistencia, cosemos futuro nace del trabajo compartido del grupo Arpilleres, [&hellip;]<\/p>\n","protected":false},"featured_media":70915,"menu_order":0,"template":"","categories-arpilleres":[1168],"class_list":["post-72532","ateneu-arpilleres","type-ateneu-arpilleres","status-publish","has-post-thumbnail","hentry","categories-arpilleres-exposiciones"],"_links":{"self":[{"href":"https:\/\/fundacioateneusantroc.org\/es\/wp-json\/wp\/v2\/ateneu-arpilleres\/72532","targetHints":{"allow":["GET"]}}],"collection":[{"href":"https:\/\/fundacioateneusantroc.org\/es\/wp-json\/wp\/v2\/ateneu-arpilleres"}],"about":[{"href":"https:\/\/fundacioateneusantroc.org\/es\/wp-json\/wp\/v2\/types\/ateneu-arpilleres"}],"version-history":[{"count":3,"href":"https:\/\/fundacioateneusantroc.org\/es\/wp-json\/wp\/v2\/ateneu-arpilleres\/72532\/revisions"}],"predecessor-version":[{"id":72535,"href":"https:\/\/fundacioateneusantroc.org\/es\/wp-json\/wp\/v2\/ateneu-arpilleres\/72532\/revisions\/72535"}],"wp:featuredmedia":[{"embeddable":true,"href":"https:\/\/fundacioateneusantroc.org\/es\/wp-json\/wp\/v2\/media\/70915"}],"wp:attachment":[{"href":"https:\/\/fundacioateneusantroc.org\/es\/wp-json\/wp\/v2\/media?parent=72532"}],"wp:term":[{"taxonomy":"categories-arpilleres","embeddable":true,"href":"https:\/\/fundacioateneusantroc.org\/es\/wp-json\/wp\/v2\/categories-arpilleres?post=72532"}],"curies":[{"name":"wp","href":"https:\/\/api.w.org\/{rel}","templated":true}]}}