{"id":50498,"date":"2022-01-20T14:11:44","date_gmt":"2022-01-20T13:11:44","guid":{"rendered":"https:\/\/fundacioateneusantroc.org\/coleccions\/nadons-robats\/"},"modified":"2024-10-30T15:42:52","modified_gmt":"2024-10-30T14:42:52","slug":"nadons-robats","status":"publish","type":"coleccio-arpilleres","link":"https:\/\/fundacioateneusantroc.org\/es\/coleccions\/nadons-robats\/","title":{"rendered":"Nadons robats"},"content":{"rendered":"\n<p>Lectura de not\u00edcies, documentals, la televisi\u00f3 i la r\u00e0dio. La hist\u00f2ria, les hist\u00f2ries dels nadons robats ja fa anys que ressonen a la nostra societat. Com a grup d\u2019arpilleristes, n\u2019hav\u00edem sentit a parlar per\u00f2 despr\u00e9s d\u2019aprofundir en el tema, hem quedat \u201ctocades\u201d per la hist\u00f2ria.<\/p>\n\n\n\n<p>Des de la postguerra civil (1939) fins ben entrats els anys 90, en alguns hospitals de l\u2019estat espanyol, administracions sanit\u00e0ries i locals van vendre nadons a fam\u00edlies del r\u00e8gim i\/o adinerades del pa\u00eds, mentre a les mares biol\u00f2giques se\u2019ls explicava que els seus nadons havien mort.<\/p>\n\n\n\n<p>Sembla incre\u00efble que aquestes situacions es perllonguessin durant d\u00e8cades, i que fins molts anys despr\u00e9s no sortissin a la llum.<\/p>\n\n\n\n<p>A l\u2019arpillera hem volgut reflectir la desesperaci\u00f3 de les mares, pares, germans que busquen sense trobar resposta; la lluita i la uni\u00f3 de les fam\u00edlies amb fills desapareguts; el desig de retrobar-se amb ells i desvetllar els culpables.<\/p>\n\n\n\n<p>Amb l\u2019arpillera volem posar en evid\u00e8ncia els poders de l\u2019estat que van permetre-ho: hospitals, esgl\u00e9sia, jutges, administraci\u00f3 p\u00fablica&#8230; Per\u00f2 sobretot, volem mostrar l\u2019esperit de lluita, de den\u00fancia i de resili\u00e8ncia de les fam\u00edlies.<\/p>\n\n\n\n<p><\/p>\n","protected":false},"excerpt":{"rendered":"<p>Lectura de not\u00edcies, documentals, la televisi\u00f3 i la r\u00e0dio. La hist\u00f2ria, les hist\u00f2ries dels nadons robats [&hellip;]<\/p>\n","protected":false},"featured_media":0,"menu_order":0,"template":"","coleccio-arpilleres-autor":[1273],"coleccio-arpilleres-grup":[1595],"class_list":["post-50498","coleccio-arpilleres","type-coleccio-arpilleres","status-publish","hentry","coleccio-arpilleres-autor-grup-darpilleres-de-lateneu-sant-roc","coleccio-arpilleres-grup-grup-darpilleres-2"],"_links":{"self":[{"href":"https:\/\/fundacioateneusantroc.org\/es\/wp-json\/wp\/v2\/coleccio-arpilleres\/50498","targetHints":{"allow":["GET"]}}],"collection":[{"href":"https:\/\/fundacioateneusantroc.org\/es\/wp-json\/wp\/v2\/coleccio-arpilleres"}],"about":[{"href":"https:\/\/fundacioateneusantroc.org\/es\/wp-json\/wp\/v2\/types\/coleccio-arpilleres"}],"version-history":[{"count":6,"href":"https:\/\/fundacioateneusantroc.org\/es\/wp-json\/wp\/v2\/coleccio-arpilleres\/50498\/revisions"}],"predecessor-version":[{"id":66452,"href":"https:\/\/fundacioateneusantroc.org\/es\/wp-json\/wp\/v2\/coleccio-arpilleres\/50498\/revisions\/66452"}],"wp:attachment":[{"href":"https:\/\/fundacioateneusantroc.org\/es\/wp-json\/wp\/v2\/media?parent=50498"}],"wp:term":[{"taxonomy":"coleccio-arpilleres-autor","embeddable":true,"href":"https:\/\/fundacioateneusantroc.org\/es\/wp-json\/wp\/v2\/coleccio-arpilleres-autor?post=50498"},{"taxonomy":"coleccio-arpilleres-grup","embeddable":true,"href":"https:\/\/fundacioateneusantroc.org\/es\/wp-json\/wp\/v2\/coleccio-arpilleres-grup?post=50498"}],"curies":[{"name":"wp","href":"https:\/\/api.w.org\/{rel}","templated":true}]}}