{"id":57530,"date":"2022-01-18T14:03:38","date_gmt":"2022-01-18T13:03:38","guid":{"rendered":"https:\/\/fundacioateneusantroc.org\/coleccions\/a-federica\/"},"modified":"2025-05-01T10:55:01","modified_gmt":"2025-05-01T08:55:01","slug":"a-federica","status":"publish","type":"coleccio-arpilleres","link":"https:\/\/fundacioateneusantroc.org\/es\/coleccions\/a-federica\/","title":{"rendered":"A Federica"},"content":{"rendered":"\n<p>Mi arpillera representa a Frederica en tres etapas de su vida. Con sus padres en una manifestaci\u00f3n, con su pareja, sus hijas y su hijo y Frederica de ministra haciendo un discurso donde se pueden ver algunas de sus propuestas.<\/p>\n\n<p>Tambi\u00e9n he elaborado algunos de los libros m\u00e1s famosos que escribi\u00f3, dos de las revistas en las que particip\u00f3 y otras dos. Su madre le ense\u00f1\u00f3 en casa, era maestra y decidieron no enviarla a la escuela.<\/p>\n\n<p>He utilizado varias telas y entre ellas, un trocito de seda de Roberta Bacic, uno de la camisa a rayas azules de mi suegro, y el vestido de Federica (azul con puntos blancos) sali\u00f3 de un vestido que me regal\u00f3 la m\u00eda abuela Lola cuando yo ten\u00eda 20 a\u00f1os. Lo us\u00e9 mucho durante la \u00e9poca en la que le\u00eda m\u00e1s sobre anarquismo y era medio hippie, jaj a!<\/p>\n","protected":false},"excerpt":{"rendered":"<p>Mi arpillera representa a Frederica en tres etapas de su vida. Con sus padres en una [&hellip;]<\/p>\n","protected":false},"featured_media":0,"menu_order":0,"template":"","coleccio-arpilleres-autor":[1270],"coleccio-arpilleres-grup":[],"class_list":["post-57530","coleccio-arpilleres","type-coleccio-arpilleres","status-publish","hentry","coleccio-arpilleres-autor-rosa-borras-es"],"_links":{"self":[{"href":"https:\/\/fundacioateneusantroc.org\/es\/wp-json\/wp\/v2\/coleccio-arpilleres\/57530","targetHints":{"allow":["GET"]}}],"collection":[{"href":"https:\/\/fundacioateneusantroc.org\/es\/wp-json\/wp\/v2\/coleccio-arpilleres"}],"about":[{"href":"https:\/\/fundacioateneusantroc.org\/es\/wp-json\/wp\/v2\/types\/coleccio-arpilleres"}],"version-history":[{"count":8,"href":"https:\/\/fundacioateneusantroc.org\/es\/wp-json\/wp\/v2\/coleccio-arpilleres\/57530\/revisions"}],"predecessor-version":[{"id":58294,"href":"https:\/\/fundacioateneusantroc.org\/es\/wp-json\/wp\/v2\/coleccio-arpilleres\/57530\/revisions\/58294"}],"wp:attachment":[{"href":"https:\/\/fundacioateneusantroc.org\/es\/wp-json\/wp\/v2\/media?parent=57530"}],"wp:term":[{"taxonomy":"coleccio-arpilleres-autor","embeddable":true,"href":"https:\/\/fundacioateneusantroc.org\/es\/wp-json\/wp\/v2\/coleccio-arpilleres-autor?post=57530"},{"taxonomy":"coleccio-arpilleres-grup","embeddable":true,"href":"https:\/\/fundacioateneusantroc.org\/es\/wp-json\/wp\/v2\/coleccio-arpilleres-grup?post=57530"}],"curies":[{"name":"wp","href":"https:\/\/api.w.org\/{rel}","templated":true}]}}