{"id":62439,"date":"2022-01-09T14:04:04","date_gmt":"2022-01-09T13:04:04","guid":{"rendered":"https:\/\/fundacioateneusantroc.org\/coleccions\/celebramos-el-aid\/"},"modified":"2025-05-01T11:13:07","modified_gmt":"2025-05-01T09:13:07","slug":"celebramos-el-aid","status":"publish","type":"coleccio-arpilleres","link":"https:\/\/fundacioateneusantroc.org\/es\/coleccions\/celebramos-el-aid\/","title":{"rendered":"Celebramos el Aid"},"content":{"rendered":"\n<p>En Marruecos, en las vacaciones de verano, cuando era peque\u00f1a \u00edbamos a Dar Mahalma, a la casa de la se\u00f1ora Mahalma, maestra de costura y manualidades.<\/p>\n\n<p>La maestra nos ense\u00f1aba a bordar y a coser Randa, esto se hace con aguja e hilo de seda, y a partir de una muestra ibas aprendiendo. Tambi\u00e9n nos ense\u00f1aba Dars, como los dientes de las mangas que est\u00e1n hechos de esta manera.<br\/>Cuando vine a Barcelona mi marido trabajaba en la confecci\u00f3n, y tra\u00eda faena de la f\u00e1brica. Yo trabajaba con \u00e9l, fue \u00e9l quien me ense\u00f1\u00f3 a coser a m\u00e1quina.<\/p>\n\n<p>He cosido un matrimonio, mujer y hombre, quer\u00eda expresar una fiesta religiosa que a m\u00ed me gusta mucho, el \u00faltimo d\u00eda del ramad\u00e1n, aid al fetre. Esta fiesta del desayuno, es un d\u00eda fuera de la rutina, de alegr\u00eda donde la gente se viste de colores, de nuevo, se ponen la ropa m\u00e1s bonita. Las mujeres van a la \u00faltima moda, salen con estos vestidos de Randa y el hombre tiene que vestir de blanco, parece m\u00e1s guapo.<\/p>\n\n<p>Las familias se juntan y comen cosas muy buenas que se preparan una o dos semanas antes, hay mucho trabajo antes de este d\u00eda.<\/p>\n","protected":false},"excerpt":{"rendered":"<p>En Marruecos, en las vacaciones de verano, cuando era peque\u00f1a \u00edbamos a Dar Mahalma, a la [&hellip;]<\/p>\n","protected":false},"featured_media":0,"menu_order":0,"template":"","coleccio-arpilleres-autor":[1612,1613],"coleccio-arpilleres-grup":[1174],"class_list":["post-62439","coleccio-arpilleres","type-coleccio-arpilleres","status-publish","hentry","coleccio-arpilleres-autor-amina-mernizi-es","coleccio-arpilleres-autor-fatiha-bouda-es","coleccio-arpilleres-grup-taller-dones-cosint-histories"],"_links":{"self":[{"href":"https:\/\/fundacioateneusantroc.org\/es\/wp-json\/wp\/v2\/coleccio-arpilleres\/62439","targetHints":{"allow":["GET"]}}],"collection":[{"href":"https:\/\/fundacioateneusantroc.org\/es\/wp-json\/wp\/v2\/coleccio-arpilleres"}],"about":[{"href":"https:\/\/fundacioateneusantroc.org\/es\/wp-json\/wp\/v2\/types\/coleccio-arpilleres"}],"version-history":[{"count":1,"href":"https:\/\/fundacioateneusantroc.org\/es\/wp-json\/wp\/v2\/coleccio-arpilleres\/62439\/revisions"}],"predecessor-version":[{"id":62440,"href":"https:\/\/fundacioateneusantroc.org\/es\/wp-json\/wp\/v2\/coleccio-arpilleres\/62439\/revisions\/62440"}],"wp:attachment":[{"href":"https:\/\/fundacioateneusantroc.org\/es\/wp-json\/wp\/v2\/media?parent=62439"}],"wp:term":[{"taxonomy":"coleccio-arpilleres-autor","embeddable":true,"href":"https:\/\/fundacioateneusantroc.org\/es\/wp-json\/wp\/v2\/coleccio-arpilleres-autor?post=62439"},{"taxonomy":"coleccio-arpilleres-grup","embeddable":true,"href":"https:\/\/fundacioateneusantroc.org\/es\/wp-json\/wp\/v2\/coleccio-arpilleres-grup?post=62439"}],"curies":[{"name":"wp","href":"https:\/\/api.w.org\/{rel}","templated":true}]}}