{"id":71375,"date":"2026-03-15T09:58:22","date_gmt":"2026-03-15T08:58:22","guid":{"rendered":"https:\/\/fundacioateneusantroc.org\/?post_type=coleccio-arpilleres&#038;p=71375"},"modified":"2026-05-14T08:51:03","modified_gmt":"2026-05-14T06:51:03","slug":"el-riu-parteix-la-ciutat-de-vic-ii","status":"publish","type":"coleccio-arpilleres","link":"https:\/\/fundacioateneusantroc.org\/es\/coleccions\/el-riu-parteix-la-ciutat-de-vic-ii\/","title":{"rendered":"El riu parteix la ciutat de Vic II"},"content":{"rendered":"\n<p>L\u2019arpillera que nosaltres hem fet representa la partici\u00f3 natural de la ciutat de Vic, el riu M\u00e8der, que divideix la ciutat en dues parts. De totes maneres s\u2019ha aprofitat aquesta divisi\u00f3 natural per fer una <strong>divisi\u00f3 social. <\/strong>Ja que aquesta divisi\u00f3 crea zones molt distintives, perqu\u00e8 a cada costat del riu hi ha un tipus d&#8217;infraestructures i serveis diferents. La zona que queda al nord del riu \u00e9s la m\u00e9s desenvolupada on viu la gent de tota la vida de Vic i de proced\u00e8ncia catalana o d\u2019immigraci\u00f3 de la resta d\u2019Espanya i la zona del sud \u00e9s on s\u2019han creat els <strong>guetos<\/strong> de gent nouvinguda com els marroquins, sud americans,centre i sud africans i asi\u00e0tics.<\/p>\n\n\n\n<p>Per tant la visi\u00f3 que es t\u00e9 de l\u2019altra banda del riu anomenat Vic 2 o zona del Remei \u00e9s molt negativa per la gent de l\u2019altra banda.<\/p>\n","protected":false},"excerpt":{"rendered":"<p>L\u2019arpillera que nosaltres hem fet representa la partici\u00f3 natural de la ciutat de Vic, el riu [&hellip;]<\/p>\n","protected":false},"featured_media":71277,"menu_order":0,"template":"","coleccio-arpilleres-autor":[1730],"coleccio-arpilleres-grup":[1731],"class_list":["post-71375","coleccio-arpilleres","type-coleccio-arpilleres","status-publish","has-post-thumbnail","hentry","coleccio-arpilleres-autor-alumnes-de-linstitut-de-gurb","coleccio-arpilleres-grup-institut-de-gurb"],"_links":{"self":[{"href":"https:\/\/fundacioateneusantroc.org\/es\/wp-json\/wp\/v2\/coleccio-arpilleres\/71375","targetHints":{"allow":["GET"]}}],"collection":[{"href":"https:\/\/fundacioateneusantroc.org\/es\/wp-json\/wp\/v2\/coleccio-arpilleres"}],"about":[{"href":"https:\/\/fundacioateneusantroc.org\/es\/wp-json\/wp\/v2\/types\/coleccio-arpilleres"}],"version-history":[{"count":1,"href":"https:\/\/fundacioateneusantroc.org\/es\/wp-json\/wp\/v2\/coleccio-arpilleres\/71375\/revisions"}],"predecessor-version":[{"id":71376,"href":"https:\/\/fundacioateneusantroc.org\/es\/wp-json\/wp\/v2\/coleccio-arpilleres\/71375\/revisions\/71376"}],"wp:featuredmedia":[{"embeddable":true,"href":"https:\/\/fundacioateneusantroc.org\/es\/wp-json\/wp\/v2\/media\/71277"}],"wp:attachment":[{"href":"https:\/\/fundacioateneusantroc.org\/es\/wp-json\/wp\/v2\/media?parent=71375"}],"wp:term":[{"taxonomy":"coleccio-arpilleres-autor","embeddable":true,"href":"https:\/\/fundacioateneusantroc.org\/es\/wp-json\/wp\/v2\/coleccio-arpilleres-autor?post=71375"},{"taxonomy":"coleccio-arpilleres-grup","embeddable":true,"href":"https:\/\/fundacioateneusantroc.org\/es\/wp-json\/wp\/v2\/coleccio-arpilleres-grup?post=71375"}],"curies":[{"name":"wp","href":"https:\/\/api.w.org\/{rel}","templated":true}]}}