{"id":71870,"date":"2024-02-22T11:32:52","date_gmt":"2024-02-22T10:32:52","guid":{"rendered":"https:\/\/fundacioateneusantroc.org\/coleccions\/la-utopia-de-la-paz\/"},"modified":"2026-05-08T16:41:21","modified_gmt":"2026-05-08T14:41:21","slug":"la-utopia-de-la-paz","status":"publish","type":"coleccio-arpilleres","link":"https:\/\/fundacioateneusantroc.org\/es\/coleccions\/la-utopia-de-la-paz\/","title":{"rendered":"La utop\u00eda de la paz"},"content":{"rendered":"\n<p>Esta arpillera ha sido construida poco a poco, con un di\u00e1logo permanente en el que se han sumado escenas y personajes.<\/p>\n\n<p>Todo comienza con la realidad de tantas guerras y conflictos que inundan los noticiarios, causados \u200b\u200bpor el poder, el control de recursos, las desigualdades\u2026 La primera reacci\u00f3n es levantar la voz por la justicia ante los estados, porque sin ella dif\u00edcilmente puede alcanzarse la paz.<\/p>\n\n<p>Si avanzamos en la reflexi\u00f3n, vemos que la violencia s\u00f3lo genera m\u00e1s violencia, y que existen personas y colectivos que buscan mecanismos para llegar a acuerdos y avanzar en la mejora de la convivencia de los pueblos. Que otras trabajan por una cultura de paz desde \u00e1mbitos diversos: el arte, la m\u00fasica, la literatura, la filosof\u00eda, la poes\u00eda\u2026 especialmente desde la educaci\u00f3n. Y no podemos olvidarnos de aquellas personas que desde lo cotidiano se convierten en agentes para la resoluci\u00f3n de conflictos.  <\/p>\n\n<p>Llegamos al final del recorrido para darnos cuenta de que cada peque\u00f1a acci\u00f3n suma y que desde el inicio hay que ponerse manos a la obra, porque como dice Gandhi \u201cNo hay camino para la paz, la paz es el camino\u201d.<\/p>\n","protected":false},"excerpt":{"rendered":"<p>Esta arpillera ha sido construida poco a poco, con un di\u00e1logo permanente en el que se [&hellip;]<\/p>\n","protected":false},"featured_media":63449,"menu_order":0,"template":"","coleccio-arpilleres-autor":[1588],"coleccio-arpilleres-grup":[],"class_list":["post-71870","coleccio-arpilleres","type-coleccio-arpilleres","status-publish","has-post-thumbnail","hentry","coleccio-arpilleres-autor-roser-corbera-es"],"_links":{"self":[{"href":"https:\/\/fundacioateneusantroc.org\/es\/wp-json\/wp\/v2\/coleccio-arpilleres\/71870","targetHints":{"allow":["GET"]}}],"collection":[{"href":"https:\/\/fundacioateneusantroc.org\/es\/wp-json\/wp\/v2\/coleccio-arpilleres"}],"about":[{"href":"https:\/\/fundacioateneusantroc.org\/es\/wp-json\/wp\/v2\/types\/coleccio-arpilleres"}],"version-history":[{"count":1,"href":"https:\/\/fundacioateneusantroc.org\/es\/wp-json\/wp\/v2\/coleccio-arpilleres\/71870\/revisions"}],"predecessor-version":[{"id":71871,"href":"https:\/\/fundacioateneusantroc.org\/es\/wp-json\/wp\/v2\/coleccio-arpilleres\/71870\/revisions\/71871"}],"wp:featuredmedia":[{"embeddable":true,"href":"https:\/\/fundacioateneusantroc.org\/es\/wp-json\/wp\/v2\/media\/63449"}],"wp:attachment":[{"href":"https:\/\/fundacioateneusantroc.org\/es\/wp-json\/wp\/v2\/media?parent=71870"}],"wp:term":[{"taxonomy":"coleccio-arpilleres-autor","embeddable":true,"href":"https:\/\/fundacioateneusantroc.org\/es\/wp-json\/wp\/v2\/coleccio-arpilleres-autor?post=71870"},{"taxonomy":"coleccio-arpilleres-grup","embeddable":true,"href":"https:\/\/fundacioateneusantroc.org\/es\/wp-json\/wp\/v2\/coleccio-arpilleres-grup?post=71870"}],"curies":[{"name":"wp","href":"https:\/\/api.w.org\/{rel}","templated":true}]}}