{"id":71943,"date":"2026-05-13T19:21:44","date_gmt":"2026-05-13T17:21:44","guid":{"rendered":"https:\/\/fundacioateneusantroc.org\/?post_type=coleccio-arpilleres&#038;p=71943"},"modified":"2026-05-13T19:21:45","modified_gmt":"2026-05-13T17:21:45","slug":"oblidats-pel-poder-cosint-barri","status":"publish","type":"coleccio-arpilleres","link":"https:\/\/fundacioateneusantroc.org\/es\/coleccions\/oblidats-pel-poder-cosint-barri\/","title":{"rendered":"Oblidats pel poder cosint barri"},"content":{"rendered":"\n<p>A l\u2019inici, els primers habitatges del barri de Sant Roc van ser barracons a l\u2019estil dels militars: un menjador i una cuina, tot junt. Eren c\u00f2modes, per\u00f2 les dutxes i el v\u00e0ter eren comunitaris, per a deu fam\u00edlies.<\/p>\n\n\n\n<p>El 1966 es van comen\u00e7ar a entregar els pisos. La gent est\u00e0vem molt contents perqu\u00e8 per fi aconsegu\u00edem una casa. La primera sorpresa va ser veure que els pisos estaven bruts de l\u2019obra. Les finestres eren de ferro i no tancaven b\u00e9. Com es podia, cada ve\u00ed els anava arreglant.<\/p>\n\n\n\n<p>No hi havia carrers asfaltats ni tenien nom, i els blocs nom\u00e9s s\u2019identificaven amb un n\u00famero. Quan plovia, tot quedava enfangat. Les ve\u00efnes, en adonar-nos de la situaci\u00f3 del barri, vam comen\u00e7ar a manifestar-nos.<\/p>\n\n\n\n<p>En realitat no hi havia cap servei: ni escola, ni metges, ni mercat&#8230; res de res. Aix\u00ed que les manifestacions no eren nom\u00e9s per arreglar coses o aconseguir serveis, sin\u00f3 per poder viure en condicions.<\/p>\n\n\n\n<p><\/p>\n","protected":false},"excerpt":{"rendered":"<p>A l\u2019inici, els primers habitatges del barri de Sant Roc van ser barracons a l\u2019estil dels [&hellip;]<\/p>\n","protected":false},"featured_media":71924,"menu_order":0,"template":"","coleccio-arpilleres-autor":[1213,1199],"coleccio-arpilleres-grup":[1595],"class_list":["post-71943","coleccio-arpilleres","type-coleccio-arpilleres","status-publish","has-post-thumbnail","hentry","coleccio-arpilleres-autor-antonia-amador","coleccio-arpilleres-autor-loli-lopez","coleccio-arpilleres-grup-grup-darpilleres-2"],"_links":{"self":[{"href":"https:\/\/fundacioateneusantroc.org\/es\/wp-json\/wp\/v2\/coleccio-arpilleres\/71943","targetHints":{"allow":["GET"]}}],"collection":[{"href":"https:\/\/fundacioateneusantroc.org\/es\/wp-json\/wp\/v2\/coleccio-arpilleres"}],"about":[{"href":"https:\/\/fundacioateneusantroc.org\/es\/wp-json\/wp\/v2\/types\/coleccio-arpilleres"}],"version-history":[{"count":1,"href":"https:\/\/fundacioateneusantroc.org\/es\/wp-json\/wp\/v2\/coleccio-arpilleres\/71943\/revisions"}],"predecessor-version":[{"id":71944,"href":"https:\/\/fundacioateneusantroc.org\/es\/wp-json\/wp\/v2\/coleccio-arpilleres\/71943\/revisions\/71944"}],"wp:featuredmedia":[{"embeddable":true,"href":"https:\/\/fundacioateneusantroc.org\/es\/wp-json\/wp\/v2\/media\/71924"}],"wp:attachment":[{"href":"https:\/\/fundacioateneusantroc.org\/es\/wp-json\/wp\/v2\/media?parent=71943"}],"wp:term":[{"taxonomy":"coleccio-arpilleres-autor","embeddable":true,"href":"https:\/\/fundacioateneusantroc.org\/es\/wp-json\/wp\/v2\/coleccio-arpilleres-autor?post=71943"},{"taxonomy":"coleccio-arpilleres-grup","embeddable":true,"href":"https:\/\/fundacioateneusantroc.org\/es\/wp-json\/wp\/v2\/coleccio-arpilleres-grup?post=71943"}],"curies":[{"name":"wp","href":"https:\/\/api.w.org\/{rel}","templated":true}]}}