{"id":71949,"date":"2026-05-14T08:47:04","date_gmt":"2026-05-14T06:47:04","guid":{"rendered":"https:\/\/fundacioateneusantroc.org\/?post_type=coleccio-arpilleres&#038;p=71949"},"modified":"2026-05-14T08:47:05","modified_gmt":"2026-05-14T06:47:05","slug":"reaccions-espontanies","status":"publish","type":"coleccio-arpilleres","link":"https:\/\/fundacioateneusantroc.org\/es\/coleccions\/reaccions-espontanies\/","title":{"rendered":"Reaccions espont\u00e0nies"},"content":{"rendered":"\n<p>Parlem de formes de mobilitzaci\u00f3 espont\u00e0nia en resposta a situacions d\u2019urg\u00e8ncia, que no segueixen els patrons formals de la participaci\u00f3 institucional i es caracteritzen entre altres coses per una forta pres\u00e8ncia juvenil.<\/p>\n\n\n\n<p>En l\u00ednies generals la gent jove prefereix les formes de participaci\u00f3 que connecten de manera directa amb els motius de la mobilitzaci\u00f3, participant en les causes en qu\u00e8 creuen que val la pena implicar-se, fugint de les organitzacions m\u00e9s institucionals. Una forma de vincular-se a la realitat social.<\/p>\n\n\n\n<p>En moments de crisi \u00e9s molt important l\u2019acci\u00f3 immediata i solid\u00e0ria per ajudar a les persones. Sovint, l\u2019ajuda dels voluntaris arriba abans que la institucional.<\/p>\n\n\n\n<p>Aquesta participaci\u00f3 sorgeix en resposta a problem\u00e0tiques socials concretes: inundacions de Bilbao (1983), vessament del Prestige a les costes \u201cgalegas\u201d (2002), crisi migrat\u00f2ria de Lesbos (2015), vessament de micropl\u00e0stics a les costes \u201cgalegas\u201d (2023), la DANA de Val\u00e8ncia (2024)&#8230;<\/p>\n\n\n\n<p>Davant la creen\u00e7a que a la gent jove li costa participar en la societat i que s\u00f3n molt individualistes, s\u2019ha observat que quan veuen que poden ser \u00fatils, s\u2019impliquen i es posen a disposici\u00f3 pel que calgui.<\/p>\n\n\n\n<p>Per fer l\u2019arpillera ens hem centrat en dues de les cat\u00e0strofes m\u00e9s impactants que s\u2019han donat a Espanya en els \u00faltims anys i que han generat moviments socials massius: el vessament del Prestige i la DANA de Val\u00e8ncia.<\/p>\n\n\n\n<p><\/p>\n","protected":false},"excerpt":{"rendered":"<p>Parlem de formes de mobilitzaci\u00f3 espont\u00e0nia en resposta a situacions d\u2019urg\u00e8ncia, que no segueixen els patrons [&hellip;]<\/p>\n","protected":false},"featured_media":71930,"menu_order":0,"template":"","coleccio-arpilleres-autor":[1687,1686],"coleccio-arpilleres-grup":[],"class_list":["post-71949","coleccio-arpilleres","type-coleccio-arpilleres","status-publish","has-post-thumbnail","hentry","coleccio-arpilleres-autor-esperanza-placencia","coleccio-arpilleres-autor-ma-luisa-placencia"],"_links":{"self":[{"href":"https:\/\/fundacioateneusantroc.org\/es\/wp-json\/wp\/v2\/coleccio-arpilleres\/71949","targetHints":{"allow":["GET"]}}],"collection":[{"href":"https:\/\/fundacioateneusantroc.org\/es\/wp-json\/wp\/v2\/coleccio-arpilleres"}],"about":[{"href":"https:\/\/fundacioateneusantroc.org\/es\/wp-json\/wp\/v2\/types\/coleccio-arpilleres"}],"version-history":[{"count":1,"href":"https:\/\/fundacioateneusantroc.org\/es\/wp-json\/wp\/v2\/coleccio-arpilleres\/71949\/revisions"}],"predecessor-version":[{"id":71950,"href":"https:\/\/fundacioateneusantroc.org\/es\/wp-json\/wp\/v2\/coleccio-arpilleres\/71949\/revisions\/71950"}],"wp:featuredmedia":[{"embeddable":true,"href":"https:\/\/fundacioateneusantroc.org\/es\/wp-json\/wp\/v2\/media\/71930"}],"wp:attachment":[{"href":"https:\/\/fundacioateneusantroc.org\/es\/wp-json\/wp\/v2\/media?parent=71949"}],"wp:term":[{"taxonomy":"coleccio-arpilleres-autor","embeddable":true,"href":"https:\/\/fundacioateneusantroc.org\/es\/wp-json\/wp\/v2\/coleccio-arpilleres-autor?post=71949"},{"taxonomy":"coleccio-arpilleres-grup","embeddable":true,"href":"https:\/\/fundacioateneusantroc.org\/es\/wp-json\/wp\/v2\/coleccio-arpilleres-grup?post=71949"}],"curies":[{"name":"wp","href":"https:\/\/api.w.org\/{rel}","templated":true}]}}