{"id":45556,"date":"2021-06-09T15:20:29","date_gmt":"2021-06-09T13:20:29","guid":{"rendered":"https:\/\/fundacioateneusantroc.org\/historia\/"},"modified":"2022-01-18T08:15:29","modified_gmt":"2022-01-18T07:15:29","slug":"historia","status":"publish","type":"page","link":"https:\/\/fundacioateneusantroc.org\/es\/historia\/","title":{"rendered":"Historia"},"content":{"rendered":"\n<h1 class=\"max-width-wide wp-block-heading\">Historia de l&#8217;Ateneu Sant Roc<\/h1>\n<div class=\"history-page\">\n    <div class=\"squares-wrap\">\n    <div class=\"square history\">\n    <div class=\"year\">1947<\/div>\n    <div class=\"title\">\n        <p>Sant Roc, zona de campos y huertas dentro de una Badalona en crecimiento descontrolado<\/p>\n        <div class=\"arrow\">\n            <img loading=\"lazy\" decoding=\"async\" width=\"50\" height=\"42\" src=\"https:\/\/fundacioateneusantroc.org\/wp-content\/uploads\/arrowright-historia.png\" class=\"attachment-full size-full\" alt=\"\">        <\/div>\n    <\/div>\n    <div class=\"content\">\n        <img loading=\"lazy\" decoding=\"async\" width=\"1500\" height=\"2121\" src=\"https:\/\/fundacioateneusantroc.org\/wp-content\/uploads\/SantRoc_historia1.jpg\" class=\"attachment-post-thumbnail size-post-thumbnail wp-post-image\" alt=\"\" srcset=\"https:\/\/fundacioateneusantroc.org\/wp-content\/uploads\/SantRoc_historia1.jpg 1500w, https:\/\/fundacioateneusantroc.org\/wp-content\/uploads\/SantRoc_historia1-212x300.jpg 212w, https:\/\/fundacioateneusantroc.org\/wp-content\/uploads\/SantRoc_historia1-724x1024.jpg 724w, https:\/\/fundacioateneusantroc.org\/wp-content\/uploads\/SantRoc_historia1-768x1086.jpg 768w, https:\/\/fundacioateneusantroc.org\/wp-content\/uploads\/SantRoc_historia1-1086x1536.jpg 1086w, https:\/\/fundacioateneusantroc.org\/wp-content\/uploads\/SantRoc_historia1-1448x2048.jpg 1448w\" sizes=\"auto, (max-width: 1500px) 100vw, 1500px\">        <p>\n<div style=\"height:10px\" aria-hidden=\"true\" class=\"wp-block-spacer\"><\/div>\n\n<p>A mediados del siglo pasado, en la ciudad de Badalona, se dio un importante resurgimiento econ\u00f3mico industrial que ayud\u00f3 a superar en parte, las consecuencias de la Guerra Civil Espa\u00f1ola.<\/p>\n\n<p>Durante estos a\u00f1os hay una gran demanda de mano de obra por parte de la industria badalonesa y ocasiona la llegada masiva de inmigrantes procedentes de otras provincias de Espa\u00f1a.<\/p>\n\n<p>Este crecimiento se produce de manera descontrolada, sin ninguna planificaci\u00f3n, motivo que ocasiona graves problemas urban\u00edsticos y de infraestructuras, as\u00ed como la dif\u00edcil integraci\u00f3n de los reci\u00e9n llegados.<\/p>\n\n<p>En 1961, Badalona ten\u00eda todav\u00eda 875 barracas, 1.008 familias y un total de 4.396 chabolistas.<\/p>\n\n<div style=\"height:30px\" aria-hidden=\"true\" class=\"wp-block-spacer\"><\/div>\n\n<hr class=\"wp-block-separator has-css-opacity\"\/>\n\n<p><em>Fotograf\u00eda: Vista a\u00e9rea de la zona donde se construir\u00e1 el barrio. 1947 (CETF\/Museu de Badalona. AI. Fondo Ajuntament)<\/em><\/p>\n<\/p>\n    <\/div>\n<\/div><div class=\"square history\">\n    <div class=\"year\">1962<\/div>\n    <div class=\"title\">\n        <p>Una terrible riada arrasa el Vall\u00e9s Occidental y la cuenca del r\u00edo Bes\u00f2s: 297 muertos, 395 \u201cdesaparecidos\u201d y 763 viviendas irrecuperables<\/p>\n        <div class=\"arrow\">\n            <img loading=\"lazy\" decoding=\"async\" width=\"50\" height=\"42\" src=\"https:\/\/fundacioateneusantroc.org\/wp-content\/uploads\/arrowright-historia.png\" class=\"attachment-full size-full\" alt=\"\">        <\/div>\n    <\/div>\n    <div class=\"content\">\n        <img loading=\"lazy\" decoding=\"async\" width=\"560\" height=\"393\" src=\"https:\/\/fundacioateneusantroc.org\/wp-content\/uploads\/Riuades-Foto-Valenti\u0301-Marcet.jpg\" class=\"attachment-post-thumbnail size-post-thumbnail wp-post-image\" alt=\"\" srcset=\"https:\/\/fundacioateneusantroc.org\/wp-content\/uploads\/Riuades-Foto-Valenti\u0301-Marcet.jpg 560w, https:\/\/fundacioateneusantroc.org\/wp-content\/uploads\/Riuades-Foto-Valenti\u0301-Marcet-300x211.jpg 300w\" sizes=\"auto, (max-width: 560px) 100vw, 560px\">        <p>\n<div style=\"height:10px\" aria-hidden=\"true\" class=\"wp-block-spacer\"><\/div>\n\n<p>El 25 de septiembre hubo unas grandes riadas en el Barcelon\u00e8s, el Vall\u00e8s Occidental y el Baix Llobregat. Muchos damnificados de estas riadas residir\u00e1n en Sant Roc: 728 familias, adem\u00e1s de vecinos procedentes de los desahucios causados por la construcci\u00f3n de la autopista y de la supresi\u00f3n de barraquismo de Badalona, del Somorrostro, Montju\u00efc y otros.<\/p>\n\n<p>Para acoger a los damnificados de las riadas se construyeron barracones \u201csuizos\u201d y \u201cespa\u00f1oles\u201d 44 en total, llamados \u201calbergues provisionales\u201d, hechos para durar poco tiempo y sin las m\u00ednimas condiciones higi\u00e9nicas, aunque finalmente su duraci\u00f3n fue de 4 a\u00f1os. <\/p>\n\n<p>En estas tierras, antes de cultivo, se construye el barrio de Sant Roc. <\/p>\n\n<p>La Obra Sindical del Hogar a trav\u00e9s de MACON.SA inicia las obras del barrio. Se construyeron 3.395 viviendas y tiendas con una densidad de poblaci\u00f3n prevista de 716 habitantes\/Ha, distribuidos en bloques de diversas tipolog\u00edas.<\/p>\n\n<figure class=\"wp-block-image size-full\"><img loading=\"lazy\" decoding=\"async\" width=\"850\" height=\"613\" src=\"https:\/\/fundacioateneusantroc.org\/wp-content\/uploads\/Somorrostro-_1955.jpg\" alt=\"\" class=\"wp-image-45313\" srcset=\"https:\/\/fundacioateneusantroc.org\/wp-content\/uploads\/Somorrostro-_1955.jpg 850w, https:\/\/fundacioateneusantroc.org\/wp-content\/uploads\/Somorrostro-_1955-300x216.jpg 300w, https:\/\/fundacioateneusantroc.org\/wp-content\/uploads\/Somorrostro-_1955-768x554.jpg 768w\" sizes=\"auto, (max-width: 850px) 100vw, 850px\"><\/figure>\n\n<div style=\"height:30px\" aria-hidden=\"true\" class=\"wp-block-spacer\"><\/div>\n\n<hr class=\"wp-block-separator has-css-opacity\"\/>\n\n<p><em>Fotograf\u00eda 1 y m\u00e1s informaci\u00f3n en: <a rel=\"noreferrer noopener\" href=\"https:\/\/www.sapiens.cat\/temes\/catalunya\/la-riuada-del-valles_12788_102.html\" target=\"_blank\">https:\/\/www.sapiens.cat\/temes\/catalunya\/la-riuada-del-valles_12788_102.html<\/a><\/em><\/p>\n\n<p><em>Fotograf\u00eda 2: Panor\u00e1mica a\u00e9rea del Somorrostro. 01835 Somorrostro (1955). Arxivo hist\u00f3rico del Poblenou.<\/em><\/p>\n<\/p>\n    <\/div>\n<\/div><div class=\"square history\">\n    <div class=\"year\">1966<\/div>\n    <div class=\"title\">\n        <p>Miles de familias procedentes del Somorrostro, Montju\u00efc y otros suburbios de Barcelona, sometidas a un traslado forzoso<\/p>\n        <div class=\"arrow\">\n            <img loading=\"lazy\" decoding=\"async\" width=\"50\" height=\"42\" src=\"https:\/\/fundacioateneusantroc.org\/wp-content\/uploads\/arrowright-historia.png\" class=\"attachment-full size-full\" alt=\"\">        <\/div>\n    <\/div>\n    <div class=\"content\">\n        <img loading=\"lazy\" decoding=\"async\" width=\"1800\" height=\"1332\" src=\"https:\/\/fundacioateneusantroc.org\/wp-content\/uploads\/historia1966.jpg\" class=\"attachment-post-thumbnail size-post-thumbnail wp-post-image\" alt=\"\" srcset=\"https:\/\/fundacioateneusantroc.org\/wp-content\/uploads\/historia1966.jpg 1800w, https:\/\/fundacioateneusantroc.org\/wp-content\/uploads\/historia1966-300x222.jpg 300w, https:\/\/fundacioateneusantroc.org\/wp-content\/uploads\/historia1966-1024x758.jpg 1024w, https:\/\/fundacioateneusantroc.org\/wp-content\/uploads\/historia1966-768x568.jpg 768w, https:\/\/fundacioateneusantroc.org\/wp-content\/uploads\/historia1966-1536x1137.jpg 1536w\" sizes=\"auto, (max-width: 1800px) 100vw, 1800px\">        <p>\n<div style=\"height:10px\" aria-hidden=\"true\" class=\"wp-block-spacer\"><\/div>\n\n<p>El nombre de Sant Roc se le da al barrio en este a\u00f1o y fue el pol\u00edgono de vivienda social de Badalona. Sus calles reciben el nombre de los lugares de origen de sus primeros habitantes: C\u00f3rdoba, C\u00e1ceres, Ja\u00e9n&#8230;<\/p>\n\n<p>Adri\u00e0 Trescents con otros hermanos de La Salle cre\u00f3 la escuela Proa, la primera del barrio y en 1967 se inaugur\u00f3 la escuela Llu\u00eds Artigues: aprovechando dos de los barracones desalojados.<\/p>\n\n<p>Los habitantes del Somorrostro fueron llevados a Sant Roc, con motivo de unas maniobras navales, all\u00ed viv\u00edan unas 10.500 personas. Se calcula que los chabolistas que fueron trasladados al barrio, eran m\u00e1s de 8.000. Algunas de las familias gitanas trasladadas que esperaban su piso fueron enviadas al barrio de La Perona, manteniendo durante unos a\u00f1os m\u00e1s la condici\u00f3n de chabolistas.<\/p>\n\n<p>Algunas viviendas fueron adjudicadas a fuerzas del orden p\u00fablico del momento.<\/p>\n\n<p>Este a\u00f1o con la ayuda de las monjas de la Compa\u00f1\u00eda de Mar\u00eda, Lestonnac, se hicieron las primeras colonias de verano.<\/p>\n\n<div style=\"height:10px\" aria-hidden=\"true\" class=\"wp-block-spacer\"><\/div>\n\n<figure class=\"wp-block-embed is-type-video is-provider-youtube wp-block-embed-youtube\"><div class=\"wp-block-embed__wrapper\">\n<iframe loading=\"lazy\" title=\"Del Somorrostro a Sant Roc\" width=\"500\" height=\"281\" src=\"https:\/\/www.youtube.com\/embed\/4imfPyO0VmI?start=7&#038;feature=oembed\" frameborder=\"0\" allow=\"accelerometer; autoplay; clipboard-write; encrypted-media; gyroscope; picture-in-picture; web-share\" referrerpolicy=\"strict-origin-when-cross-origin\" allowfullscreen><\/iframe>\n<\/div><\/figure>\n\n<div style=\"height:60px\" aria-hidden=\"true\" class=\"wp-block-spacer\"><\/div>\n\n<hr class=\"wp-block-separator has-css-opacity\"\/>\n\n<p><em>Fotograf\u00eda: Traslado de vecinos y vecinas del Somorrostro. 1967 (CETF\/Museu de Badalona. AI. Fondo Ajuntament)<\/em><\/p>\n\n<p><em>V\u00eddeo: <a rel=\"noreferrer noopener\" href=\"https:\/\/www.ccma.cat\/324\/50-anys-de-lenderroc-del-barri-de-barraques-del-somorrostro\/noticia\/2738064\/\" data-type=\"URL\" data-id=\"https:\/\/www.ccma.cat\/324\/50-anys-de-lenderroc-del-barri-de-barraques-del-somorrostro\/noticia\/2738064\/\" target=\"_blank\">https:\/\/www.ccma.cat\/324\/50-anys-de-lenderroc-del-barri-de-barraques-del-somorrostro\/noticia\/2738064\/<\/a><\/em><\/p>\n\n<p>M\u00e9s informaci\u00f3: <a href=\"https:\/\/www.elperiodico.com\/es\/fotos\/mas-barcelona\/somorrostro-100952\" target=\"_blank\" rel=\"noopener\"><em>https:\/\/www.elperiodico.com\/es\/fotos\/mas-barcelona\/somorrostro-100952<\/em><\/a><\/p>\n<\/p>\n    <\/div>\n<\/div><div class=\"square history\">\n    <div class=\"year\">1969<\/div>\n    <div class=\"title\">\n        <p>El Centro social cultural San Roque: asociaci\u00f3n de vecinos, centro cultural y ateneo<\/p>\n        <div class=\"arrow\">\n            <img loading=\"lazy\" decoding=\"async\" width=\"50\" height=\"42\" src=\"https:\/\/fundacioateneusantroc.org\/wp-content\/uploads\/arrowright-historia.png\" class=\"attachment-full size-full\" alt=\"\">        <\/div>\n    <\/div>\n    <div class=\"content\">\n        <img loading=\"lazy\" decoding=\"async\" width=\"1500\" height=\"1072\" src=\"https:\/\/fundacioateneusantroc.org\/wp-content\/uploads\/santroc2-1.jpg\" class=\"attachment-post-thumbnail size-post-thumbnail wp-post-image\" alt=\"\" srcset=\"https:\/\/fundacioateneusantroc.org\/wp-content\/uploads\/santroc2-1.jpg 1500w, https:\/\/fundacioateneusantroc.org\/wp-content\/uploads\/santroc2-1-300x214.jpg 300w, https:\/\/fundacioateneusantroc.org\/wp-content\/uploads\/santroc2-1-1024x732.jpg 1024w, https:\/\/fundacioateneusantroc.org\/wp-content\/uploads\/santroc2-1-768x549.jpg 768w\" sizes=\"auto, (max-width: 1500px) 100vw, 1500px\">        <p>\n<div style=\"height:10px\" aria-hidden=\"true\" class=\"wp-block-spacer\"><\/div>\n\n<p>Tras largos y dolorosos periplos, la mayor\u00eda de la gente accede a una vivienda. Pero los pisos son de muy baja calidad, peque\u00f1os y con grandes d\u00e9ficits estructurales. Hay que sumar que no hay ning\u00fan servicio, las calles est\u00e1n sin asfaltar, con una poblaci\u00f3n heterog\u00e9nea de vecinos procedentes de fuera de Catalu\u00f1a y una poblaci\u00f3n gitana en torno al 25%. Muchas de estas familias con un elevado n\u00famero de hijos. <\/p>\n\n<p>En 1968, a iniciativa de Amadeu Bassols, rector de la parroquia, se construye un sal\u00f3n de actos que ser\u00e1 la futura sede del Centro social cultural San Roque, fundado en 1969. Este espacio es a partir de este momento la sede de muchas reuniones de vecinos y de movilizaciones, que a trav\u00e9s de los a\u00f1os consiguen escuelas, asfaltados, alumbrado, mercado, biblioteca&#8230; y otras muchas infraestructuras que no hubieran sido posibles si hubiera sido por la lucha de la gente del barrio. <\/p>\n\n<p>El 29 de setembre de 1974 se inaugura la iglesia de Sant Roc i el <em>Centro social cultural San Roque<\/em> contin\u00faa organizado en los locales parroquiales mediante diferentes vocal\u00edas: Vocal\u00eda de Vivienda, esta entidad tiene un gran papel en la recuperaci\u00f3n del barrio; el Esplai Borinot, dirigido a los ni\u00f1os (1972); el embri\u00f3n de la Vocal\u00eda de mujeres, que en 1974 organizan el primer Homenaje a la gente mayor; la Vocal\u00eda de Juventud (1976); la Vocal\u00eda de Jubilados; la Vocal\u00eda de Cultura, que fomenta la formaci\u00f3n de adultos y las fiestas de primavera de Sant Roc (1977); y por \u00faltimo, un consultorio jur\u00eddico y la Vocal\u00eda de Sanidad, que estar\u00e1 vinculada al Centro de Salud Sant Roc, \u00e9sta es primordial en el barrio en una \u00e9poca en la que no existe ning\u00fan ambulatorio, ni Centro de Atenci\u00f3n Primaria.<\/p>\n\n<p>El <em>Centro social<\/em> era una entidad que, sin tener reconocida esta finalidad, actuaba como una asociaci\u00f3n de vecinos y tambi\u00e9n como un centro cultural o un ateneo.<\/p>\n<\/p>\n    <\/div>\n<\/div><div class=\"square history\">\n    <div class=\"year\">1981<\/div>\n    <div class=\"title\">\n        <p>Un barrio remodelado, con graves problemas de convivencia y las primeras Jornadas de cultura popular<\/p>\n        <div class=\"arrow\">\n            <img loading=\"lazy\" decoding=\"async\" width=\"50\" height=\"42\" src=\"https:\/\/fundacioateneusantroc.org\/wp-content\/uploads\/arrowright-historia.png\" class=\"attachment-full size-full\" alt=\"\">        <\/div>\n    <\/div>\n    <div class=\"content\">\n        <img loading=\"lazy\" decoding=\"async\" width=\"1500\" height=\"1056\" src=\"https:\/\/fundacioateneusantroc.org\/wp-content\/uploads\/santroc5-1.jpg\" class=\"attachment-post-thumbnail size-post-thumbnail wp-post-image\" alt=\"\" srcset=\"https:\/\/fundacioateneusantroc.org\/wp-content\/uploads\/santroc5-1.jpg 1500w, https:\/\/fundacioateneusantroc.org\/wp-content\/uploads\/santroc5-1-300x211.jpg 300w, https:\/\/fundacioateneusantroc.org\/wp-content\/uploads\/santroc5-1-1024x721.jpg 1024w, https:\/\/fundacioateneusantroc.org\/wp-content\/uploads\/santroc5-1-768x541.jpg 768w\" sizes=\"auto, (max-width: 1500px) 100vw, 1500px\">        <p>\n<div style=\"height:10px\" aria-hidden=\"true\" class=\"wp-block-spacer\"><\/div>\n\n<p>El deterioro urban\u00edstico y social llega a tal punto que es imposible continuar ignor\u00e1ndolo. Como respuesta a las reivindicaciones vecinales y parroquiales, la d\u00e9cada de los ochenta se estrena con un Sant Roc remodelado bajo la direcci\u00f3n de obras de Albert Serratosa y J. Pigrau, aunque coincide con una \u00e9poca de graves problem\u00e1ticas en el \u00e1mbito social debido al desarraigo, la afectaci\u00f3n por la droga y sus consecuencias sobre la poblaci\u00f3n del barrio.<\/p>\n\n<p>Es un periodo donde se crean la mayor\u00eda de los equipamientos del barrio: escuelas, escuela de adultos, Biblioteca, Mercado, Casal de Gente mayor, el equipo de educadores de calle&#8230; y espacios para compartir y convivir como la plaza Sant Roc con su glorieta y la plaza Roja con un mosaico de Josep Tharrats y una vidriera de Francesc Fornells-Pla. En esta remodelaci\u00f3n se arreglan plazas, calles y jardines, utilizando elementos redondeados para dar una visi\u00f3n m\u00e1s amable del entorno.<\/p>\n\n<p>Todo esto es fruto de la conciencia y lucha de mucha gente que quiere trabajar por un barrio mejor; ya en 1981 se organizan las <strong>Primeras Jornadas de cultura<\/strong> popular para potenciar la convivencia y la participaci\u00f3n ciudadana. Tienen una duraci\u00f3n de tres meses y su objetivo ser\u00e1 la promoci\u00f3n de la participaci\u00f3n vecinal en la mejora y conservaci\u00f3n, la limpieza, tema siempre pendiente en Sant Roc, arranca con el lema &#8220;San Roque, un barrio para vivir, \u00a1cuid\u00e9moslo!&#8221;. <\/p>\n\n<p>Como sugerencia de Joan Soler i Amig\u00f3 se potencian las enramadas alrededor de las entradas de las escaleras, decoradas de verde y flores.<\/p>\n\n<p>En mayo de 1982, se celebra la primera <strong>Fira d&#8217;artesania i mostra d&#8217;arts i oficis.<\/strong><\/p>\n\n<div style=\"height:10px\" aria-hidden=\"true\" class=\"wp-block-spacer\"><\/div>\n\n<figure class=\"wp-block-gallery columns-1 is-cropped wp-block-gallery-1 is-layout-flex wp-block-gallery-is-layout-flex\"><ul class=\"blocks-gallery-grid\"><li class=\"blocks-gallery-item\"><figure><a href=\"https:\/\/fundacioateneusantroc.org\/wp-content\/uploads\/santroc5.jpg\"><img loading=\"lazy\" decoding=\"async\" width=\"1024\" height=\"671\" src=\"https:\/\/fundacioateneusantroc.org\/wp-content\/uploads\/\/santroc5-1024x671.jpg\" alt=\"\" data-id=\"45165\" data-full-url=\"https:\/\/fundacioateneusantroc.org\/wp-content\/uploads\/santroc5.jpg\" data-link=\"https:\/\/fundacioateneusantroc.org\/historia\/1981\/santroc5\/\" class=\"wp-image-45165\" srcset=\"https:\/\/fundacioateneusantroc.org\/wp-content\/uploads\/santroc5-1024x671.jpg 1024w, https:\/\/fundacioateneusantroc.org\/wp-content\/uploads\/santroc5-300x197.jpg 300w, https:\/\/fundacioateneusantroc.org\/wp-content\/uploads\/santroc5-768x503.jpg 768w, https:\/\/fundacioateneusantroc.org\/wp-content\/uploads\/santroc5.jpg 1500w\" sizes=\"auto, (max-width: 1024px) 100vw, 1024px\"><\/a><\/figure><\/li><\/ul><\/figure><\/p>\n    <\/div>\n<\/div><div class=\"square history\">\n    <div class=\"year\">1987<\/div>\n    <div class=\"title\">\n        <p>Del Centro social cultural San Roque a l&#8217;Ateneu Popular Sant Roc<\/p>\n        <div class=\"arrow\">\n            <img loading=\"lazy\" decoding=\"async\" width=\"50\" height=\"42\" src=\"https:\/\/fundacioateneusantroc.org\/wp-content\/uploads\/arrowright-historia.png\" class=\"attachment-full size-full\" alt=\"\">        <\/div>\n    <\/div>\n    <div class=\"content\">\n        <img loading=\"lazy\" decoding=\"async\" width=\"500\" height=\"355\" src=\"https:\/\/fundacioateneusantroc.org\/wp-content\/uploads\/donvenim2.jpg\" class=\"attachment-post-thumbnail size-post-thumbnail wp-post-image\" alt=\"\">        <p>\n<div style=\"height:10px\" aria-hidden=\"true\" class=\"wp-block-spacer\"><\/div>\n\n<p>Por falta de entendimiento con la directiva del <em>Centro social cultural San Roque<\/em>, en 1987 se decide crear una entidad aut\u00f3noma para continuar con la <strong>promoci\u00f3 sociocultural y educativa<\/strong>, y hacerlo de manera independiente y sin presiones externas. Es en este contexto que nace l\u2019Ateneu Popular Sant Roc.<\/p>\n\n<p>A finales de los a\u00f1os ochenta, la situaci\u00f3n de los ni\u00f1os y ni\u00f1as del barrio es muy dura. Se decide hacer una apuesta fuerte y se crea el Centro Abierto infantil que ir\u00e1 creciendo gradualmente pasando de tres d\u00edas a cinco en semana, adem\u00e1s de la continuidad del Esplai Borinot. <\/p>\n\n<p>El barrio ya no es el mismo que en la d\u00e9cada de los setenta, de ah\u00ed que se revisan objetivos y el funcionamiento de secciones y proyectos, que se adaptan y evolucionan a partir de las nuevas necesidades, las demandas y las realidades de la poblaci\u00f3n del territorio. Basadas en convicciones fruto de las luchas, de los debates y del trabajo en solidaridad, inclusi\u00f3n y compromiso de la gente implicada en la entidad. Se promueven actividades relacionadas con la cultura, el deporte, el tiempo libre, la sanidad, la educaci\u00f3n, el pacifismo, la ecolog\u00eda, el medio ambiente, se diversifican y ampl\u00edan los proyectos a\u00f1o tras a\u00f1o, sin pausa pero valorando la sostenibilidad y continuidad de cada uno de ellos.<\/p>\n<\/p>\n    <\/div>\n<\/div><div class=\"square history\">\n    <div class=\"year\">1990<\/div>\n    <div class=\"title\">\n        <p>Crecimiento y organizaci\u00f3n de nuevos proyectos como respuesta a la dif\u00edcil realidad del momento<\/p>\n        <div class=\"arrow\">\n            <img loading=\"lazy\" decoding=\"async\" width=\"50\" height=\"42\" src=\"https:\/\/fundacioateneusantroc.org\/wp-content\/uploads\/arrowright-historia.png\" class=\"attachment-full size-full\" alt=\"\">        <\/div>\n    <\/div>\n    <div class=\"content\">\n        <img loading=\"lazy\" decoding=\"async\" width=\"1181\" height=\"773\" src=\"https:\/\/fundacioateneusantroc.org\/wp-content\/uploads\/Maurici.jpg\" class=\"attachment-post-thumbnail size-post-thumbnail wp-post-image\" alt=\"\" srcset=\"https:\/\/fundacioateneusantroc.org\/wp-content\/uploads\/Maurici.jpg 1181w, https:\/\/fundacioateneusantroc.org\/wp-content\/uploads\/Maurici-300x196.jpg 300w, https:\/\/fundacioateneusantroc.org\/wp-content\/uploads\/Maurici-1024x670.jpg 1024w, https:\/\/fundacioateneusantroc.org\/wp-content\/uploads\/Maurici-768x503.jpg 768w\" sizes=\"auto, (max-width: 1181px) 100vw, 1181px\">        <p>\n<div style=\"height:10px\" aria-hidden=\"true\" class=\"wp-block-spacer\"><\/div>\n\n<p>Tiempo de Juegos Ol\u00edmpicos, de mejora de las comunicaciones entre barrios y de un elevado \u00edndice de paro y de precariedad. A causa de la droga, Sant Roc tiene graves problemas de convivencia i l&#8217;Ateneu Popular Sant Roc contin\u00faa su tarea educativa, de prevenci\u00f3n y cohesi\u00f3n social; y el colectivo <strong>Salut i Pau<\/strong> organiza las primeras <strong>Jornadas sobre el sida<\/strong> en los locales de l&#8217;Ateneu, manteni\u00e9ndose siempre al lado de la gente, de sus problemas, buscando soluciones positivas.<\/p>\n\n<p>A ra\u00edz de la celebraci\u00f3n de los 25 a\u00f1os del barrio (1991), la entidad crece y acondiciona los espacios, es durante este periodo que se desarrollan nuevos proyectos como el de Salud comunitaria, Formaci\u00f3n o La Ludoteca como espacio independiente y transversal para fomentar el juego como herramienta educativa. Por otra parte, al valorar la importancia de la educaci\u00f3n en tiempo vacacional, se aumentan las actividades de verano y de invierno, y se crea el primer campo de trabajo en colaboraci\u00f3n con los agustinos, de sus escuelas y centros es de donde llegan chicos y chicas que descubren realidades sociales muy diferentes a las suyas y a la vez acompa\u00f1an a los ni\u00f1os y las ni\u00f1as durante el verano.<\/p>\n\n<p>En 1998 se desarrollan actividades en red con el<strong> Plan de Dinamizaci\u00f3n Comunitaria<\/strong> (PLADICO) en los \u00e1mbitos de Infancia y adolescencia (a trav\u00e9s del arte y t\u00e9cnicas de animaci\u00f3n en la calle&#8230;), con adultos (carnet de conducir, talleres de reparaci\u00f3n de electrodom\u00e9sticos, costura&#8230;). Las puertas de l&#8217;Ateneu se abren a otras entidades como La Roda con la que se llevan a cabo actividades y espect\u00e1culos dentro y fuera del barrio, as\u00ed como el Encuentro de j\u00f3venes europeos. El trabajo en red comienza a ser una realidad con espacios educativos, sanitarios o la implicaci\u00f3n del grupo de mujeres de l&#8217;Ateneu en el colectivo <strong>Dones i barri.<\/strong> L\u2019Ateneu se convierte en un espacio abierto, acogedor de grupos como la <strong>Plataforma pel 0,7%<\/strong> o <strong>Badalona som totes i tots<\/strong>, grupos que ideol\u00f3gicamente se posicionan a favor de los m\u00e1s vulnerables, con el objetivo de trabajar por un mundo mejor.<\/p>\n<\/p>\n    <\/div>\n<\/div><div class=\"square history\">\n    <div class=\"year\">2005<\/div>\n    <div class=\"title\">\n        <p>La Fundaci\u00f3 Ateneu Sant Roc, consolidaci\u00f3n de proyectos y marco de actuaci\u00f3n<\/p>\n        <div class=\"arrow\">\n            <img loading=\"lazy\" decoding=\"async\" width=\"50\" height=\"42\" src=\"https:\/\/fundacioateneusantroc.org\/wp-content\/uploads\/arrowright-historia.png\" class=\"attachment-full size-full\" alt=\"\">        <\/div>\n    <\/div>\n    <div class=\"content\">\n        <img loading=\"lazy\" decoding=\"async\" width=\"1800\" height=\"1200\" src=\"https:\/\/fundacioateneusantroc.org\/wp-content\/uploads\/ateneu-al-carrer-1.jpg\" class=\"attachment-post-thumbnail size-post-thumbnail wp-post-image\" alt=\"\" srcset=\"https:\/\/fundacioateneusantroc.org\/wp-content\/uploads\/ateneu-al-carrer-1.jpg 1800w, https:\/\/fundacioateneusantroc.org\/wp-content\/uploads\/ateneu-al-carrer-1-300x200.jpg 300w, https:\/\/fundacioateneusantroc.org\/wp-content\/uploads\/ateneu-al-carrer-1-1024x683.jpg 1024w, https:\/\/fundacioateneusantroc.org\/wp-content\/uploads\/ateneu-al-carrer-1-768x512.jpg 768w, https:\/\/fundacioateneusantroc.org\/wp-content\/uploads\/ateneu-al-carrer-1-1536x1024.jpg 1536w\" sizes=\"auto, (max-width: 1800px) 100vw, 1800px\">        <p>\n<div style=\"height:10px\" aria-hidden=\"true\" class=\"wp-block-spacer\"><\/div>\n\n<p>El nuevo siglo empieza, trae momentos y movimientos nuevos para repensar las ciudades, las pol\u00edticas y la participaci\u00f3n social: movimiento okupa, derecho a la vivienda, denuncias colectivas, manifestaciones masivas&#8230; es en esta etapa, a partir del a\u00f1o 2000 que Badalona recibe una nueva ola de inmigraci\u00f3n proveniente de todo el mundo y el encarecimiento de los pisos hace que muchos vecinos y vecinas del barrio marchen y que \u00e9stos se ocupen por las personas reci\u00e9n llegadas. Han sido a\u00f1os complejos, con muchos cambios sociales y graves crisis econ\u00f3micas.<\/p>\n\n<p>Las tareas y l\u00edneas de trabajo surgen de la reflexi\u00f3n, de la Trobada, el encuentro que se hace anualmente entre todas las personas que trabajan d\u00eda a d\u00eda, remuneradas o voluntarias dentro de l&#8217;Ateneu. Juntos y una vez planteados los retos y an\u00e1lisis del barrio se marcan propuestas a mejorar, profundizar o incluso crear nuevos proyectos. La primera Trobada tiene lugar el a\u00f1o 2002 en Sant Pau de Seg\u00faries. <\/p>\n\n<p>Coincidiendo con pol\u00edticas locales poco integradoras surgieron proyectos como el Ateneu en la calle, un proyecto innovador y reivindicativo que utiliza el juego de calle como herramienta de conocimiento mutuo, respeto y cohesi\u00f3n social. Tambi\u00e9n se inician otros proyectos de acogida de ni\u00f1os, ni\u00f1as, j\u00f3venes y adultos, en especial a mujeres, y ante la creciente revoluci\u00f3n digital, se crea la primera Aula de inform\u00e1tica.<\/p>\n\n<p>En el 2004 se crea el <strong>Consorcio Badalona sud<\/strong> y la <strong>Lei de Barrios<\/strong> con la participaci\u00f3n ciutadana, para repensar desde el mismo territorio la mejora del barrio de manera global.<\/p>\n\n<p>Un a\u00f1o despu\u00e9s, el Ateneu Popular consolida sus proyectos y su marco de actuaci\u00f3n y se convierte en Fundaci\u00f3n. Este cambio supuso planteamientos de las l\u00edneas de actuaci\u00f3n, propuestas nuevas de organizaci\u00f3n y un rico debate sobre la necesidad de no perder los signos de identidad de la entidad: trabajo en valores, compromiso, cercan\u00eda a la gente, respuesta a sus necesidades.<\/p>\n\n<p>Se pone de manifiesto que en estos momentos es fundamental el trabajo en valores y la sostenibilidad de l&#8217;Ateneu.<\/p>\n<\/p>\n    <\/div>\n<\/div><div class=\"square history\">\n    <div class=\"year\">2016<\/div>\n    <div class=\"title\">\n        <p>En el 50 aniversario del barrio, vecinos y vecinas, redescobrimos Sant Roc<\/p>\n        <div class=\"arrow\">\n            <img loading=\"lazy\" decoding=\"async\" width=\"50\" height=\"42\" src=\"https:\/\/fundacioateneusantroc.org\/wp-content\/uploads\/arrowright-historia.png\" class=\"attachment-full size-full\" alt=\"\">        <\/div>\n    <\/div>\n    <div class=\"content\">\n        <img loading=\"lazy\" decoding=\"async\" width=\"1145\" height=\"796\" src=\"https:\/\/fundacioateneusantroc.org\/wp-content\/uploads\/descobrirperestimar3.jpg\" class=\"attachment-post-thumbnail size-post-thumbnail wp-post-image\" alt=\"\" srcset=\"https:\/\/fundacioateneusantroc.org\/wp-content\/uploads\/descobrirperestimar3.jpg 1145w, https:\/\/fundacioateneusantroc.org\/wp-content\/uploads\/descobrirperestimar3-300x209.jpg 300w, https:\/\/fundacioateneusantroc.org\/wp-content\/uploads\/descobrirperestimar3-1024x712.jpg 1024w, https:\/\/fundacioateneusantroc.org\/wp-content\/uploads\/descobrirperestimar3-768x534.jpg 768w\" sizes=\"auto, (max-width: 1145px) 100vw, 1145px\">        <p>\n<div style=\"height:10px\" aria-hidden=\"true\" class=\"wp-block-spacer\"><\/div>\n\n<p>El aniversario de 50 a\u00f1os del barrio representa una sacudida, un repensar tareas y plantear nuevas redes de contactos. <\/p>\n\n<p>El barrio de Sant Roc ha sufrido las consecuencias de las desigualdades sociales: degradaci\u00f3n del entorno urbano, crisis energ\u00e9tica y segregaci\u00f3n social. Los proyectos intentan dar respuesta, se consolidan y profundizan en su metodolog\u00eda, procurando paliar la vulnerabilidad en todas sus manifestaciones: sociales, econ\u00f3micas, morales. Buscan espacios de encuentro, de compartir, de estar. Mujeres, j\u00f3venes y ni\u00f1os son el n\u00facleo de convivencia, su autonom\u00eda es el objetivo, en este camino largo nos encontramos juntos.<\/p>\n\n<div style=\"height:27px\" aria-hidden=\"true\" class=\"wp-block-spacer\"><\/div>\n<p><i> <!-- i frame --><\/i><\/p>\n\n<figure class=\"wp-block-image size-large\"><a href=\"https:\/\/prezi.com\/y6rbvyhdr7j5\/sant-roc-descobrir-per-estimar\/?present=1\" target=\"_blank\" rel=\"noopener\"><img loading=\"lazy\" decoding=\"async\" width=\"1024\" height=\"701\" src=\"https:\/\/fundacioateneusantroc.org\/wp-content\/uploads\/\/estimar-santroc-1024x701.jpg\" alt=\"\" class=\"wp-image-45295\" srcset=\"https:\/\/fundacioateneusantroc.org\/wp-content\/uploads\/estimar-santroc-1024x701.jpg 1024w, https:\/\/fundacioateneusantroc.org\/wp-content\/uploads\/estimar-santroc-300x205.jpg 300w, https:\/\/fundacioateneusantroc.org\/wp-content\/uploads\/estimar-santroc-768x526.jpg 768w, https:\/\/fundacioateneusantroc.org\/wp-content\/uploads\/estimar-santroc.jpg 1264w\" sizes=\"auto, (max-width: 1024px) 100vw, 1024px\"><\/a><figcaption><meta charset=\"utf-8\"\/><a href=\"https:\/\/prezi.com\/y6rbvyhdr7j5\/sant-roc-descobrir-per-estimar\/?present=1\" data-type=\"URL\" data-id=\"https:\/\/prezi.com\/y6rbvyhdr7j5\/sant-roc-descobrir-per-estimar\/?present=1\" target=\"_blank\" rel=\"noreferrer noopener\">&gt;&gt;Ir a la presentaci\u00f3n<\/a><\/figcaption><\/figure>\n<div style=\"height:16px\" aria-hidden=\"true\" class=\"wp-block-spacer\"><\/div>\n\n<div style=\"height:24px\" aria-hidden=\"true\" class=\"wp-block-spacer\"><\/div>\n\n<p>El a\u00f1o 2020 ha sido el de la parada exterior, pero de una gran riqueza interna, donde la gente ha aportado lo mejor y donde se ha demostrado que las personas son el centro, que si queremos construir un mundo donde todos tengan cabida s\u00f3lo lo podemos hacer desde una mirada positiva, cuidando de cada persona y de nuestro entorno. Se han creado nuevas redes virtuales y presenciales, se ha sabido dar lo que se necesitaba, sin recelos, valorando mucho lo que somos y con mucha prudencia a la hora de responder. Desde cada proyecto se ha llegado a ni\u00f1os, j\u00f3venes, familias, tambi\u00e9n a voluntarios y trabajadores. La red de los cuidados fluye dentro de cada proyecto.<\/p>\n\n<p><strong>La Trobada del 2021 <\/strong>ha permitido una &#8220;repensada&#8221; de valores, organizaci\u00f3n y proyectos: medio ambiente, salud, educaci\u00f3n, convivencia, solidaridad, orientaci\u00f3n sociolaboral, j\u00f3venes, mujeres, ni\u00f1os y ni\u00f1as. Haciendo una recopilaci\u00f3n de buenas pr\u00e1cticas de lo vivido y comparti\u00e9ndolo.<\/p>\n\n<div style=\"height:30px\" aria-hidden=\"true\" class=\"wp-block-spacer\"><\/div>\n<\/p>\n    <\/div>\n<\/div><div class=\"square history\">\n    <div class=\"year\">2022<\/div>\n    <div class=\"title\">\n        <p>El Esplai Borinot cumple 50 a\u00f1os<\/p>\n        <div class=\"arrow\">\n            <img loading=\"lazy\" decoding=\"async\" width=\"50\" height=\"42\" src=\"https:\/\/fundacioateneusantroc.org\/wp-content\/uploads\/arrowright-historia.png\" class=\"attachment-full size-full\" alt=\"\">        <\/div>\n    <\/div>\n    <div class=\"content\">\n        <img loading=\"lazy\" decoding=\"async\" width=\"1024\" height=\"640\" src=\"https:\/\/fundacioateneusantroc.org\/wp-content\/uploads\/2022-50anys-Esplai-14.jpg\" class=\"attachment-post-thumbnail size-post-thumbnail wp-post-image\" alt=\"\" srcset=\"https:\/\/fundacioateneusantroc.org\/wp-content\/uploads\/2022-50anys-Esplai-14.jpg 1024w, https:\/\/fundacioateneusantroc.org\/wp-content\/uploads\/2022-50anys-Esplai-14-300x188.jpg 300w, https:\/\/fundacioateneusantroc.org\/wp-content\/uploads\/2022-50anys-Esplai-14-768x480.jpg 768w\" sizes=\"auto, (max-width: 1024px) 100vw, 1024px\">        <p>\n<p>Cuando se cumplen a\u00f1os, a menudo se mira atr\u00e1s para reflexionar sobre los cambios. En el caso del Esplai Borinot, se podr\u00eda hablar de c\u00f3mo han evolucionado las generaciones de participantes, los equipos de monitoras y el mundo en general, compar\u00e1ndolo con aquel 1972, pero m\u00e1s que incidir en lo que ha cambiado, es necesario destacar todo lo que perdura y que hace posible que el esplai sea un referente en Sant Roc:  <strong>50 a\u00f1os ofreciendo un espacio plural donde la convivencia y la educaci\u00f3n en valores son pilares fundamentales, un lugar donde ni\u00f1os, ni\u00f1as y j\u00f3venes encuentran la oportunidad de disfrutar del tiempo libre de forma segura, crean v\u00ednculos con los compa\u00f1eros, el barrio y la naturaleza, y se desarrollan como personas libres.<\/strong><\/p>\n\n<p>Este a\u00f1o el proyecto recibe el <a href=\"https:\/\/fundacioateneusantroc.org\/premi-carles-capdevila-2022-a-la-trajectoria-de-lesplai-borinot\/\">Premio Carles Capdevila 2022<\/a> (creado por el diario ARA) que reconoce la trayectoria del Esplai Borinot y ayuda a visibilizar su compromiso con la mejora de la sociedad.<\/p>\n\n<p>Todo esto ha sido posible gracias a cientos de personas voluntarias que a lo largo de los a\u00f1os han pasado por el Esplai Borinot aportando compromiso, ideas y energ\u00eda. A todas ellas y futuras generaciones\u2026  <\/p>\n\n<p>\u00a1Por muchos a\u00f1os, Esplai Borinot!<\/p>\n<\/p>\n    <\/div>\n<\/div><div class=\"square history\">\n    <div class=\"year\">2023<\/div>\n    <div class=\"title\">\n        <p>La Fundaci\u00f3 Ateneu Sant Roc recibe el 30\u00ba Premi Voluntariat por su labor de dinamizaci\u00f3n comunitaria<\/p>\n        <div class=\"arrow\">\n            <img loading=\"lazy\" decoding=\"async\" width=\"50\" height=\"42\" src=\"https:\/\/fundacioateneusantroc.org\/wp-content\/uploads\/arrowright-historia.png\" class=\"attachment-full size-full\" alt=\"\">        <\/div>\n    <\/div>\n    <div class=\"content\">\n        <img loading=\"lazy\" decoding=\"async\" width=\"1024\" height=\"640\" src=\"https:\/\/fundacioateneusantroc.org\/wp-content\/uploads\/2023-premi-voluntariat.jpg\" class=\"attachment-post-thumbnail size-post-thumbnail wp-post-image\" alt=\"\" srcset=\"https:\/\/fundacioateneusantroc.org\/wp-content\/uploads\/2023-premi-voluntariat.jpg 1024w, https:\/\/fundacioateneusantroc.org\/wp-content\/uploads\/2023-premi-voluntariat-300x188.jpg 300w, https:\/\/fundacioateneusantroc.org\/wp-content\/uploads\/2023-premi-voluntariat-768x480.jpg 768w\" sizes=\"auto, (max-width: 1024px) 100vw, 1024px\">        <p>\n<p>El <strong>Premi Voluntariat<\/strong> se convoca anualment des del Departament de Drets Socials i Inclusi\u00f3, de la Generalitat de Catalunya. <\/p>\n\n<p>Para la Fundaci\u00f3 Ateneu Sant Roc es un <strong>reconocimiento social e institucional de la acci\u00f3n voluntaria en Catalunya<\/strong> <strong>en relaci\u00f3n a la dinamizaci\u00f3n comunitaria, <\/strong> y adem\u00e1s se convierte en un referente para el resto de entidades para que puedan ser impulsoras, promotoras o inspiradoras de futuras iniciativas o proyectos.<\/p>\n\n<p><a href=\"https:\/\/fundacioateneusantroc.org\/30-premi-voluntariat\/\">M\u00e1s informaci\u00f3n<\/a><\/p>\n\n<p><\/p>\n<\/p>\n    <\/div>\n<\/div><div class=\"square history\">\n    <div class=\"year\">2025<\/div>\n    <div class=\"title\">\n        <p>Sant Roc desde diferentes miradas<\/p>\n        <div class=\"arrow\">\n            <img loading=\"lazy\" decoding=\"async\" width=\"50\" height=\"42\" src=\"https:\/\/fundacioateneusantroc.org\/wp-content\/uploads\/arrowright-historia.png\" class=\"attachment-full size-full\" alt=\"\">        <\/div>\n    <\/div>\n    <div class=\"content\">\n                <p>\n<h5 class=\"wp-block-heading\"><strong>Sant Roc: acabar la feina<\/strong><br\/><sub>Oriol Llad\u00f3 | 4 junio 2025 <\/sub> <\/h5>\n\n<p>&#8230;M\u00e9s de mig segle despr\u00e9s del seu naixement, al barri hi conviuen dues realitats urbanes: la del <em>nou Sant Roc<\/em>, sorgit de la renovaci\u00f3 urban\u00edstica iniciada fa m\u00e9s de vint-i-cinc anys, i la del <em>vell Sant Roc<\/em>, que concentra precarietats acumulades i abs\u00e8ncies estructurals i on, de fet, els problemes s\u2019han anat agreujant. <\/p>\n\n<p class=\"has-small-font-size\"><a href=\"https:\/\/fundacioateneusantroc.org\/linia-sant-roc-acabar-la-feina\/\"><em>&gt;Leer art\u00edculo<\/em><\/a><\/p>\n\n<h5 class=\"wp-block-heading\"><br\/><strong>L\u2019ADN \u201cperif\u00e8ric\u201d <\/strong><br\/><strong>de Robert Prevost<br\/><\/strong><sub>Joan Andreu Parra | 25 mayo 2025 <\/sub> <\/h5>\n\n<p>&#8230;&#8221;El tema punyent \u00e9s l\u2019habitatge, amb m\u00e9s d\u2019un desnonament diari al barri. Aix\u00ed no podem pretendre que les fam\u00edlies estiguin tranquil\u00b7les i pensant en projectes personals.&#8221;<\/p>\n\n<p class=\"has-small-font-size\"><em><a href=\"https:\/\/fundacioateneusantroc.org\/wp-content\/uploads\/2025-catalunya-cristiana.pdf\">&gt;Leer art\u00edculo<\/a><\/em><\/p>\n\n<h5 class=\"wp-block-heading\"><br\/><strong>Encara que sembli mentida, hi ha llocs a Catalunya on es viu aix\u00ed<br\/><\/strong><sub>M\u00f2nica Bernab\u00e9 | 30 septiembre 2023 <\/sub> <\/h5>\n\n<p>Una radiografia del barri de Sant Roc a trav\u00e9s de testimonis diversos.<\/p>\n\n<p class=\"has-small-font-size\"><em><a href=\"https:\/\/fundacioateneusantroc.org\/wp-content\/uploads\/2023-diari-ara.pdf\">&gt;Leer art\u00edculo<\/a><\/em><\/p>\n<\/p>\n    <\/div>\n<\/div>    <\/div>\n<\/div>\n","protected":false},"excerpt":{"rendered":"<p>Historia de l&#8217;Ateneu Sant Roc<\/p>\n","protected":false},"author":42,"featured_media":49401,"parent":0,"menu_order":0,"comment_status":"closed","ping_status":"closed","template":"","meta":{"footnotes":""},"class_list":["post-45556","page","type-page","status-publish","has-post-thumbnail","hentry"],"_links":{"self":[{"href":"https:\/\/fundacioateneusantroc.org\/es\/wp-json\/wp\/v2\/pages\/45556","targetHints":{"allow":["GET"]}}],"collection":[{"href":"https:\/\/fundacioateneusantroc.org\/es\/wp-json\/wp\/v2\/pages"}],"about":[{"href":"https:\/\/fundacioateneusantroc.org\/es\/wp-json\/wp\/v2\/types\/page"}],"author":[{"embeddable":true,"href":"https:\/\/fundacioateneusantroc.org\/es\/wp-json\/wp\/v2\/users\/42"}],"replies":[{"embeddable":true,"href":"https:\/\/fundacioateneusantroc.org\/es\/wp-json\/wp\/v2\/comments?post=45556"}],"version-history":[{"count":13,"href":"https:\/\/fundacioateneusantroc.org\/es\/wp-json\/wp\/v2\/pages\/45556\/revisions"}],"predecessor-version":[{"id":46995,"href":"https:\/\/fundacioateneusantroc.org\/es\/wp-json\/wp\/v2\/pages\/45556\/revisions\/46995"}],"wp:featuredmedia":[{"embeddable":true,"href":"https:\/\/fundacioateneusantroc.org\/es\/wp-json\/wp\/v2\/media\/49401"}],"wp:attachment":[{"href":"https:\/\/fundacioateneusantroc.org\/es\/wp-json\/wp\/v2\/media?parent=45556"}],"curies":[{"name":"wp","href":"https:\/\/api.w.org\/{rel}","templated":true}]}}