{"id":45600,"date":"2021-06-09T15:22:13","date_gmt":"2021-06-09T13:22:13","guid":{"rendered":"https:\/\/fundacioateneusantroc.org\/grupos\/"},"modified":"2024-11-15T12:45:59","modified_gmt":"2024-11-15T11:45:59","slug":"grupos","status":"publish","type":"page","link":"https:\/\/fundacioateneusantroc.org\/es\/grupos\/","title":{"rendered":"Grupos"},"content":{"rendered":"\n<div class=\"wp-block-group max-width-wide\"><div class=\"wp-block-group__inner-container is-layout-flow wp-block-group-is-layout-flow\">\n<h1 class=\"wp-block-heading\">Grupos Ateneu Sant Roc<\/h1>\n\n\n\n<div style=\"height:34px\" aria-hidden=\"true\" class=\"wp-block-spacer\"><\/div>\n\n\n\n<div style=\"height:41px\" aria-hidden=\"true\" class=\"wp-block-spacer\"><\/div>\n\n\n\n<p class=\"arvo has-medium-font-size\">L&#8217;Ateneu acoge grupos estables con intereses diversos que funcionan de manera aut\u00f3noma, se autogestionan y se coordinan con la entidad. Los grupos promueven la participaci\u00f3n en el barrio y la ciudad, la dinamizaci\u00f3n sociocultural de la entidad y el entorno, y la acci\u00f3n comunitaria como elementos imprescindibles para la cohesi\u00f3n social de Sant Roc.<\/p>\n\n\n\n<div style=\"height:41px\" aria-hidden=\"true\" class=\"wp-block-spacer\"><\/div>\n\n\n\n<div class=\"wp-block-columns is-layout-flex wp-container-core-columns-is-layout-9d6595d7 wp-block-columns-is-layout-flex\">\n<div class=\"wp-block-column is-vertically-aligned-top grup is-layout-flow wp-block-column-is-layout-flow\">\n<figure class=\"wp-block-image size-large\"><img loading=\"lazy\" decoding=\"async\" width=\"1024\" height=\"681\" src=\"https:\/\/fundacioateneusantroc.org\/wp-content\/uploads\/\/Grup_arpilleres-1024x681.jpg\" alt=\"\" class=\"wp-image-44932\" srcset=\"https:\/\/fundacioateneusantroc.org\/wp-content\/uploads\/Grup_arpilleres-1024x681.jpg 1024w, https:\/\/fundacioateneusantroc.org\/wp-content\/uploads\/Grup_arpilleres-300x200.jpg 300w, https:\/\/fundacioateneusantroc.org\/wp-content\/uploads\/Grup_arpilleres-768x511.jpg 768w, https:\/\/fundacioateneusantroc.org\/wp-content\/uploads\/Grup_arpilleres.jpg 1200w\" sizes=\"auto, (max-width: 1024px) 100vw, 1024px\" \/><\/figure>\n\n\n\n<h3 class=\"wp-block-heading\">Grupo de arpilleras<\/h3>\n\n\n\n<p class=\"no-margin\">Espacio de reflexi\u00f3n conjunta sobre tem\u00e1ticas diversas y elaboraci\u00f3n de arpilleras en torno a estos temas. Participan en charlas sobre el mundo de las arpilleras, comparten espacios con otros grupos de arpilleristas, presentan su trabajo y organizan exposiciones tanto en l\u2019Ateneu como en otros lugares.<\/p>\n\n\n\n<p class=\"has-black-color has-text-color\"><strong>Lunes cada 15 d\u00edas, de 17.30 a 19.00 h<br\/>Responsable: Pilar L\u00f3pez<\/strong><\/p>\n\n\n\n<p><a href=\"https:\/\/fundacioateneusantroc.org\/es\/arpilleras\/\">&gt;&gt;Web de arpilleras<\/a><\/p>\n\n\n\n<div style=\"height:30px\" aria-hidden=\"true\" class=\"wp-block-spacer\"><\/div>\n<\/div>\n\n\n\n<div class=\"wp-block-column is-vertically-aligned-top grup is-layout-flow wp-block-column-is-layout-flow\">\n<figure class=\"wp-block-image size-large\"><img loading=\"lazy\" decoding=\"async\" width=\"1024\" height=\"681\" src=\"https:\/\/fundacioateneusantroc.org\/wp-content\/uploads\/\/Grup_cor-1024x681.jpg\" alt=\"\" class=\"wp-image-44938\" srcset=\"https:\/\/fundacioateneusantroc.org\/wp-content\/uploads\/Grup_cor-1024x681.jpg 1024w, https:\/\/fundacioateneusantroc.org\/wp-content\/uploads\/Grup_cor-300x200.jpg 300w, https:\/\/fundacioateneusantroc.org\/wp-content\/uploads\/Grup_cor-768x511.jpg 768w, https:\/\/fundacioateneusantroc.org\/wp-content\/uploads\/Grup_cor.jpg 1200w\" sizes=\"auto, (max-width: 1024px) 100vw, 1024px\" \/><\/figure>\n\n\n\n<h3 class=\"wp-block-heading\">Cor de l\u2019Ateneu<\/h3>\n\n\n\n<p class=\"no-margin\">Empez\u00f3 su recorrido el a\u00f1o 2009. <\/p>\n\n\n\n<p class=\"no-margin\">A lo largo del a\u00f1o ofrecen su repertorio en conciertos organizados por l&#8217;Ateneu como la Trobada de Corals y Sol fa nits de festa, as\u00ed como colaboraciones con otras entidades.<\/p>\n\n\n\n<p class=\"has-black-color has-text-color\"><strong>Mi\u00e9rcoles, de 20.15 a 21.45 h<\/strong><br\/><strong>Responsable: Esperanza Hernando<\/strong><br\/><strong>Direcci\u00f3n: Bernardo Latini<\/strong><\/p>\n\n\n\n<p class=\"has-black-color has-text-color\"><a href=\"https:\/\/fundacioateneusantroc.org\/es\/etiqueta\/cor-de-lateneu-es\/\" data-type=\"URL\" data-id=\"https:\/\/fundacioateneusantroc.org\/etiqueta\/cor-de-lateneu\">&gt;&gt;Not\u00edcies relacionades<\/a><\/p>\n<\/div>\n\n\n\n<div class=\"wp-block-column grup is-layout-flow wp-block-column-is-layout-flow\">\n<figure class=\"wp-block-image size-full\"><img loading=\"lazy\" decoding=\"async\" width=\"1024\" height=\"681\" src=\"https:\/\/fundacioateneusantroc.org\/wp-content\/uploads\/espai-trobada3.jpg\" alt=\"\" class=\"wp-image-63351\" srcset=\"https:\/\/fundacioateneusantroc.org\/wp-content\/uploads\/espai-trobada3.jpg 1024w, https:\/\/fundacioateneusantroc.org\/wp-content\/uploads\/espai-trobada3-300x200.jpg 300w, https:\/\/fundacioateneusantroc.org\/wp-content\/uploads\/espai-trobada3-768x511.jpg 768w\" sizes=\"auto, (max-width: 1024px) 100vw, 1024px\" \/><\/figure>\n\n\n\n<h3 class=\"wp-block-heading\">Espacio Trobada<\/h3>\n\n\n\n<p class=\"no-margin\">Mujeres del barrio se re\u00fanen para elaborar sencillas labores de costura, en un clima de ayuda mutua. Las participantes se sienten acompa\u00f1adas tanto en la t\u00e9cnica de la costura como en las vivencias y situaciones personales, disfrutando de una ma\u00f1ana relajada y motivadora.<\/p>\n\n\n\n<p class=\"has-black-color has-text-color\"><strong>Dimarts, de 9.30 a 12.00 h<br\/>Responsable: Montse Massana<\/strong><\/p>\n\n\n\n<p><a href=\"https:\/\/www.youtube.com\/watch?v=R6kQlXe46bM\" target=\"_blank\" rel=\"noreferrer noopener\">&gt;&gt;Veure v\u00edde<\/a><a href=\"https:\/\/www.youtube.com\/watch?v=R6kQlXe46bM\" target=\"_blank\" rel=\"noopener\">o<\/a><\/p>\n<\/div>\n<\/div>\n\n\n\n<div style=\"height:30px\" aria-hidden=\"true\" class=\"wp-block-spacer\"><\/div>\n\n\n\n<div class=\"wp-block-columns is-layout-flex wp-container-core-columns-is-layout-9d6595d7 wp-block-columns-is-layout-flex\">\n<div class=\"wp-block-column grup is-layout-flow wp-block-column-is-layout-flow\">\n<figure class=\"wp-block-image size-large\"><img loading=\"lazy\" decoding=\"async\" width=\"1024\" height=\"681\" src=\"https:\/\/fundacioateneusantroc.org\/wp-content\/uploads\/\/Club_dijous-1024x681.jpg\" alt=\"\" class=\"wp-image-44950\" srcset=\"https:\/\/fundacioateneusantroc.org\/wp-content\/uploads\/Club_dijous-1024x681.jpg 1024w, https:\/\/fundacioateneusantroc.org\/wp-content\/uploads\/Club_dijous-300x200.jpg 300w, https:\/\/fundacioateneusantroc.org\/wp-content\/uploads\/Club_dijous-768x511.jpg 768w, https:\/\/fundacioateneusantroc.org\/wp-content\/uploads\/Club_dijous.jpg 1200w\" sizes=\"auto, (max-width: 1024px) 100vw, 1024px\" \/><\/figure>\n\n\n\n<h3 class=\"wp-block-heading\">Club de los jueves<\/h3>\n\n\n\n<p class=\"no-margin\">El taller de Patchwork es un grupo estable, su productividad es alt\u00edsima y de calidad. En la Feria de Sant Roc, muestran sus trabajos.<\/p>\n\n\n\n<p class=\"flex-grow has-black-color has-text-color\"><strong>Jueves, de 16.00 a 19.00 h<br\/>Responsable: Carme Moya<\/strong><\/p>\n<\/div>\n\n\n\n<div class=\"wp-block-column grup is-layout-flow wp-block-column-is-layout-flow\">\n<figure class=\"wp-block-image size-large\"><img loading=\"lazy\" decoding=\"async\" width=\"1024\" height=\"681\" src=\"https:\/\/fundacioateneusantroc.org\/wp-content\/uploads\/\/Grup_boixets-1024x681.jpg\" alt=\"\" class=\"wp-image-44934\" srcset=\"https:\/\/fundacioateneusantroc.org\/wp-content\/uploads\/Grup_boixets-1024x681.jpg 1024w, https:\/\/fundacioateneusantroc.org\/wp-content\/uploads\/Grup_boixets-300x200.jpg 300w, https:\/\/fundacioateneusantroc.org\/wp-content\/uploads\/Grup_boixets-768x511.jpg 768w, https:\/\/fundacioateneusantroc.org\/wp-content\/uploads\/Grup_boixets.jpg 1200w\" sizes=\"auto, (max-width: 1024px) 100vw, 1024px\" \/><\/figure>\n\n\n\n<h3 class=\"wp-block-heading\">Grupo de bolillos<\/h3>\n\n\n\n<p class=\"no-margin\">Es un espacio de trabajo, de aprendizaje y, sobre todo, de relaci\u00f3n. A lo largo del a\u00f1o participan en diferentes encuentros de Catalu\u00f1a.<\/p>\n\n\n\n<p class=\"flex-grow has-black-color has-text-color\"><strong>Jueves, de 16.00 a 19.00 h<br\/>Responsable: Rosa Aguilera<\/strong><\/p>\n<\/div>\n\n\n\n<div class=\"wp-block-column grup is-layout-flow wp-block-column-is-layout-flow\">\n<figure class=\"wp-block-image size-large\"><img loading=\"lazy\" decoding=\"async\" width=\"1024\" height=\"681\" src=\"https:\/\/fundacioateneusantroc.org\/wp-content\/uploads\/\/2024-grup-de-dones-1024x681.jpg\" alt=\"\" class=\"wp-image-64133\" srcset=\"https:\/\/fundacioateneusantroc.org\/wp-content\/uploads\/2024-grup-de-dones-1024x681.jpg 1024w, https:\/\/fundacioateneusantroc.org\/wp-content\/uploads\/2024-grup-de-dones-300x200.jpg 300w, https:\/\/fundacioateneusantroc.org\/wp-content\/uploads\/2024-grup-de-dones-768x511.jpg 768w, https:\/\/fundacioateneusantroc.org\/wp-content\/uploads\/2024-grup-de-dones.jpg 1200w\" sizes=\"auto, (max-width: 1024px) 100vw, 1024px\" \/><\/figure>\n\n\n\n<h3 class=\"wp-block-heading\">Grupo de mujeres<\/h3>\n\n\n\n<p class=\"no-margin\">Espacio de reuni\u00f3n semanal para compartir inquietudes e intereses personales y del barrio. participan en diferentes actividades de l&#8217;Ateneu, el barrio y la ciudad.<\/p>\n\n\n\n<p class=\"flex-grow has-black-color has-text-color\"><strong>Mi\u00e9rcoles, de 16.00 a 18.00 h<\/strong><\/p>\n<\/div>\n<\/div>\n\n\n\n<div style=\"height:30px\" aria-hidden=\"true\" class=\"wp-block-spacer\"><\/div>\n\n\n\n<div class=\"wp-block-columns is-layout-flex wp-container-core-columns-is-layout-9d6595d7 wp-block-columns-is-layout-flex\">\n<div class=\"wp-block-column grup is-layout-flow wp-block-column-is-layout-flow\">\n<figure class=\"wp-block-image size-large\"><img loading=\"lazy\" decoding=\"async\" width=\"1024\" height=\"681\" src=\"https:\/\/fundacioateneusantroc.org\/wp-content\/uploads\/\/Grup_botxes-1024x681.jpg\" alt=\"\" class=\"wp-image-44936\" srcset=\"https:\/\/fundacioateneusantroc.org\/wp-content\/uploads\/Grup_botxes-1024x681.jpg 1024w, https:\/\/fundacioateneusantroc.org\/wp-content\/uploads\/Grup_botxes-300x200.jpg 300w, https:\/\/fundacioateneusantroc.org\/wp-content\/uploads\/Grup_botxes-768x511.jpg 768w, https:\/\/fundacioateneusantroc.org\/wp-content\/uploads\/Grup_botxes.jpg 1200w\" sizes=\"auto, (max-width: 1024px) 100vw, 1024px\" \/><\/figure>\n\n\n\n<h3 class=\"wp-block-heading\">Grupo de petanca<\/h3>\n\n\n\n<p class=\"no-margin\">El grupo se re\u00fane mensualmente. Transforman el patio de l\u2019Ateneu en un gran campo de petanca y comparten una ma\u00f1ana de juego. Participan en el torneo popular de Bitlles catalanes El Micaco.<\/p>\n\n\n\n<p class=\"flex-grow has-black-color has-text-color\"><strong>S\u00e1bados, de 9.00 a 13.00 h<br\/>Responsable: Esteve Corbera<\/strong><\/p>\n<\/div>\n\n\n\n<div class=\"wp-block-column grup is-layout-flow wp-block-column-is-layout-flow\">\n<figure class=\"wp-block-image size-large\"><img loading=\"lazy\" decoding=\"async\" width=\"1024\" height=\"681\" src=\"https:\/\/fundacioateneusantroc.org\/wp-content\/uploads\/\/Grup_zumba-1024x681.jpg\" alt=\"\" class=\"wp-image-44948\" srcset=\"https:\/\/fundacioateneusantroc.org\/wp-content\/uploads\/Grup_zumba-1024x681.jpg 1024w, https:\/\/fundacioateneusantroc.org\/wp-content\/uploads\/Grup_zumba-300x200.jpg 300w, https:\/\/fundacioateneusantroc.org\/wp-content\/uploads\/Grup_zumba-768x511.jpg 768w, https:\/\/fundacioateneusantroc.org\/wp-content\/uploads\/Grup_zumba.jpg 1200w\" sizes=\"auto, (max-width: 1024px) 100vw, 1024px\" \/><\/figure>\n\n\n\n<h3 class=\"wp-block-heading\">Grupo de zumba<\/h3>\n\n\n\n<p class=\"no-margin\">Un grupo con muchas ganas de pasarlo bien haciendo ejercicio y bailando. Organizan una sesi\u00f3n abierta y solidaria de zumba durante las fiestas del barrio.<\/p>\n\n\n\n<p class=\"flex-grow has-black-color has-text-color\"><strong>Jueves, de 20.00 a 21.00 h<br\/>Responsable: Laura Font<\/strong><\/p>\n<\/div>\n\n\n\n<div class=\"wp-block-column grup is-layout-flow wp-block-column-is-layout-flow\">\n<figure class=\"wp-block-image size-large\"><img decoding=\"async\" src=\"https:\/\/fundacioateneusantroc.org\/wp-content\/uploads\/Grup_jugani&#x301;bals-1024x681.jpg\" alt=\"\" class=\"wp-image-44942\"><\/figure>\n\n\n\n<h3 class=\"wp-block-heading\">Jugan\u00edbals<\/h3>\n\n\n\n<p class=\"no-margin\">J\u00f3venes y adultos comparten un espacio alternativo de tiempo libre con partidas de juegos de mesa. organizan una sesi\u00f3n abierta durante las fiestas del barrio.<\/p>\n\n\n\n<p class=\"flex-grow has-black-color has-text-color\"><strong><strong>Viernes, de 20.30 en adelante <\/strong><\/strong><br\/><strong><strong>(Seg\u00fan programaci\u00f3n)<\/strong><\/strong><\/p>\n\n\n\n<p><a href=\"https:\/\/fundacioateneusantroc.org\/es\/etiqueta\/juganibals-es\/\" data-type=\"URL\" data-id=\"https:\/\/fundacioateneusantroc.org\/etiqueta\/juganibals\">&gt;&gt;Not\u00edcies relacionades<\/a><\/p>\n<\/div>\n<\/div>\n\n\n\n<div style=\"height:30px\" aria-hidden=\"true\" class=\"wp-block-spacer\"><\/div>\n\n\n\n<div class=\"wp-block-columns is-layout-flex wp-container-core-columns-is-layout-9d6595d7 wp-block-columns-is-layout-flex\">\n<div class=\"wp-block-column grup is-layout-flow wp-block-column-is-layout-flow\">\n<figure class=\"wp-block-image size-large\"><img loading=\"lazy\" decoding=\"async\" width=\"1024\" height=\"681\" src=\"https:\/\/fundacioateneusantroc.org\/wp-content\/uploads\/\/Grup_muntanya-1024x681.jpg\" alt=\"\" class=\"wp-image-44944\" srcset=\"https:\/\/fundacioateneusantroc.org\/wp-content\/uploads\/Grup_muntanya-1024x681.jpg 1024w, https:\/\/fundacioateneusantroc.org\/wp-content\/uploads\/Grup_muntanya-300x200.jpg 300w, https:\/\/fundacioateneusantroc.org\/wp-content\/uploads\/Grup_muntanya-768x511.jpg 768w, https:\/\/fundacioateneusantroc.org\/wp-content\/uploads\/Grup_muntanya.jpg 1200w\" sizes=\"auto, (max-width: 1024px) 100vw, 1024px\" \/><\/figure>\n\n\n\n<h3 class=\"wp-block-heading\">Grupo de monta\u00f1a<\/h3>\n\n\n\n<p class=\"no-margin\">L\u2019objectiu del grup \u00e9s descobrir l\u2019entorn de muntanya m\u00e9s proper, gaudir de la natura i compartir l&#8217;experi\u00e8ncia.<\/p>\n\n\n\n<p class=\"no-margin\">Una vez al a\u00f1o organizan salidas con otros proyectos y grupos.<\/p>\n\n\n\n<p class=\"has-black-color has-text-color\"><strong>S\u00e1bados, de 7.00 a 18.00 h<\/strong><br\/><strong>(Salidas mensuales, seg\u00fan programaci\u00f3n)<br\/>Responsable: Lorenzo Hernando<\/strong><\/p>\n\n\n\n<p><a href=\"https:\/\/fundacioateneusantroc-muntanya.blogspot.com\/\" target=\"_blank\" rel=\"noreferrer noopener\">&gt;&gt;Blog de muntanya<\/a><\/p>\n<\/div>\n\n\n\n<div class=\"wp-block-column grup is-layout-flow wp-block-column-is-layout-flow\">\n<figure class=\"wp-block-image size-large\"><img loading=\"lazy\" decoding=\"async\" width=\"1024\" height=\"681\" src=\"https:\/\/fundacioateneusantroc.org\/wp-content\/uploads\/\/grup-xivarri-1024x681.jpg\" alt=\"\" class=\"wp-image-67076\" srcset=\"https:\/\/fundacioateneusantroc.org\/wp-content\/uploads\/grup-xivarri-1024x681.jpg 1024w, https:\/\/fundacioateneusantroc.org\/wp-content\/uploads\/grup-xivarri-300x200.jpg 300w, https:\/\/fundacioateneusantroc.org\/wp-content\/uploads\/grup-xivarri-768x511.jpg 768w, https:\/\/fundacioateneusantroc.org\/wp-content\/uploads\/grup-xivarri.jpg 1200w\" sizes=\"auto, (max-width: 1024px) 100vw, 1024px\" \/><\/figure>\n\n\n\n<h3 class=\"wp-block-heading\">Grupo de teatro Xivarri<\/h3>\n\n\n\n<p class=\"no-margin\">A trav\u00e9s de las artes esc\u00e9nicas, el di\u00e1logo, la cohesi\u00f3n y la expresi\u00f3n colectiva.<\/p>\n\n\n\n<p class=\"no-margin\">Su recorrido empieza con la obra <em>La revoluci\u00f3n vertical<\/em>, una adaptaci\u00f3n de un cuento africano realizada por Francesc Cabir\u00f3.<\/p>\n\n\n\n<p class=\"has-black-color has-text-color\"><strong>Martes, de 18.00 a 20.00 h<br\/>Direcci\u00f3n: Yvonne Miralles<\/strong><\/p>\n\n\n\n<p><a href=\"https:\/\/fundacioateneusantroc.org\/es\/etiqueta\/grupo-lapsus\/\" data-type=\"URL\">&gt;&gt;Not\u00edcies relacionades<\/a><\/p>\n\n\n\n<div style=\"height:30px\" aria-hidden=\"true\" class=\"wp-block-spacer\"><\/div>\n<\/div>\n\n\n\n<div class=\"wp-block-column grup is-layout-flow wp-block-column-is-layout-flow\"><\/div>\n<\/div>\n<\/div><\/div>\n\n<div style=\"height:50px\" aria-hidden=\"true\" class=\"wp-block-spacer\"><\/div>\n","protected":false},"excerpt":{"rendered":"<p>Grupos Ateneu Sant Roc L&#8217;Ateneu acoge grupos estables con intereses diversos que funcionan de manera aut\u00f3noma, [&hellip;]<\/p>\n","protected":false},"author":42,"featured_media":44945,"parent":0,"menu_order":0,"comment_status":"closed","ping_status":"closed","template":"","meta":{"footnotes":""},"class_list":["post-45600","page","type-page","status-publish","has-post-thumbnail","hentry"],"_links":{"self":[{"href":"https:\/\/fundacioateneusantroc.org\/es\/wp-json\/wp\/v2\/pages\/45600","targetHints":{"allow":["GET"]}}],"collection":[{"href":"https:\/\/fundacioateneusantroc.org\/es\/wp-json\/wp\/v2\/pages"}],"about":[{"href":"https:\/\/fundacioateneusantroc.org\/es\/wp-json\/wp\/v2\/types\/page"}],"author":[{"embeddable":true,"href":"https:\/\/fundacioateneusantroc.org\/es\/wp-json\/wp\/v2\/users\/42"}],"replies":[{"embeddable":true,"href":"https:\/\/fundacioateneusantroc.org\/es\/wp-json\/wp\/v2\/comments?post=45600"}],"version-history":[{"count":57,"href":"https:\/\/fundacioateneusantroc.org\/es\/wp-json\/wp\/v2\/pages\/45600\/revisions"}],"predecessor-version":[{"id":67088,"href":"https:\/\/fundacioateneusantroc.org\/es\/wp-json\/wp\/v2\/pages\/45600\/revisions\/67088"}],"wp:featuredmedia":[{"embeddable":true,"href":"https:\/\/fundacioateneusantroc.org\/es\/wp-json\/wp\/v2\/media\/44945"}],"wp:attachment":[{"href":"https:\/\/fundacioateneusantroc.org\/es\/wp-json\/wp\/v2\/media?parent=45600"}],"curies":[{"name":"wp","href":"https:\/\/api.w.org\/{rel}","templated":true}]}}