{"id":45722,"date":"2021-06-10T08:39:03","date_gmt":"2021-06-10T06:39:03","guid":{"rendered":"https:\/\/fundacioateneusantroc.org\/nosotros\/"},"modified":"2026-05-10T13:45:10","modified_gmt":"2026-05-10T11:45:10","slug":"nosotros","status":"publish","type":"page","link":"https:\/\/fundacioateneusantroc.org\/es\/nosotros\/","title":{"rendered":"Nosotros"},"content":{"rendered":"\n<p class=\"has-text-align-center anchor-links\"><a href=\"#quisom\">\u00bfQui\u00e9nes somos?<\/a> <a href=\"#missio\">Misi\u00f3n y valores<\/a> <a href=\"#participem\">Participamos<\/a> <a href=\"#premis\">Premios<\/a><\/p>\n\n<div style=\"height:60px\" aria-hidden=\"true\" class=\"wp-block-spacer desktop\"><\/div>\n\n<h1 class=\"wp-block-heading\">Fundaci\u00f3 Ateneu Sant Roc<\/h1>\n\n<h2 class=\"wp-block-heading anchor-text\" id=\"quisom\">\u00bfQui\u00e9nes somos?<\/h2>\n\n<p>La Fundaci\u00f3 Ateneu Sant Roc est\u00e9 formada por 380 socios y socias, m\u00e1s de 343 personas voluntarias y 25 personas remuneradas que se distribuyen en equipos de funcionamiento, programas y proyectos que abarcan 3 \u00e1mbitos de trabajo.<\/p>\n\n<figure class=\"wp-block-image size-large\"><img loading=\"lazy\" decoding=\"async\" width=\"1024\" height=\"861\" src=\"https:\/\/fundacioateneusantroc.org\/wp-content\/uploads\/\/organigrama2021-1024x861.jpg\" alt=\"\" class=\"wp-image-45423\" srcset=\"https:\/\/fundacioateneusantroc.org\/wp-content\/uploads\/organigrama2021-1024x861.jpg 1024w, https:\/\/fundacioateneusantroc.org\/wp-content\/uploads\/organigrama2021-300x252.jpg 300w, https:\/\/fundacioateneusantroc.org\/wp-content\/uploads\/organigrama2021-768x646.jpg 768w, https:\/\/fundacioateneusantroc.org\/wp-content\/uploads\/organigrama2021-1536x1291.jpg 1536w, https:\/\/fundacioateneusantroc.org\/wp-content\/uploads\/organigrama2021.jpg 1664w\" sizes=\"auto, (max-width: 1024px) 100vw, 1024px\" \/><\/figure>\n\n<div class=\"wp-block-group accordion\"><div class=\"wp-block-group__inner-container is-layout-flow wp-block-group-is-layout-flow\">\n<h3 class=\"wp-block-heading accordion-title\">Patronato<\/h3>\n\n\n\n<div class=\"wp-block-group accordion-content\"><div class=\"wp-block-group__inner-container is-layout-flow wp-block-group-is-layout-flow\">\n<p>El Patronato de la Fundaci\u00f3 Ateneu Sant Roc es el \u00f3rgano encargado de determinar la misi\u00f3n y objetivos de la fundaci\u00f3n, planificar planes y programas, asegurar y gestionar los recursos y realizar tareas de representaci\u00f3n.<\/p>\n\n\n\n<div class=\"wp-block-columns is-layout-flex wp-container-core-columns-is-layout-9d6595d7 wp-block-columns-is-layout-flex\">\n<div class=\"wp-block-column is-layout-flow wp-block-column-is-layout-flow\">\n<p><mark style=\"background-color:rgba(0, 0, 0, 0);color:#ee9304\" class=\"has-inline-color\">Presidenta<\/mark> Anna Vicente Farran<\/p>\n\n\n\n<p><mark style=\"background-color:rgba(0, 0, 0, 0);color:#ee9304\" class=\"has-inline-color\">Vicepresidente<\/mark> Pascual Placencia Zarzoso<\/p>\n\n\n\n<p><mark style=\"background-color:rgba(0, 0, 0, 0);color:#ee9304\" class=\"has-inline-color\">Secretaria<\/mark> Montserrat Maresma Soler<\/p>\n\n\n\n<p><mark style=\"background-color:rgba(0, 0, 0, 0);color:#ee9304\" class=\"has-inline-color\">Tesorero<\/mark> Jos\u00e9 Antonio Dur\u00e1n Tob\u00edas<\/p>\n<\/div>\n\n\n\n<div class=\"wp-block-column is-layout-flow wp-block-column-is-layout-flow\">\n<p class=\"has-text-color\" style=\"color:#ee9304\">Vocales<\/p>\n\n\n\n<p>Jos\u00e9 Antonio G\u00f3ngora Leyva<br\/>Felipe Guerrero Robles<br\/>Llu\u00eds Font Formosa<br\/>Javier Antol\u00edn S\u00e1nchez<br\/>Ignacio Orce Satr\u00fastegui<br\/>Carol L\u00f3pez Rodr\u00edguez<br\/>Manoli Garc\u00eda Gonz\u00e1lez<br\/>Juan Jes\u00fas Guerrero Robles<br\/>Esteve Corbera Mestre<br\/>Teresa Dimas Matons<br\/>Marcel Mauri de los R\u00edos<\/p>\n<\/div>\n<\/div>\n\n\n\n<figure class=\"wp-block-image size-full\"><img loading=\"lazy\" decoding=\"async\" width=\"1024\" height=\"640\" src=\"https:\/\/fundacioateneusantroc.org\/wp-content\/uploads\/2025-patronat2.jpg\" alt=\"\" class=\"wp-image-67926\" srcset=\"https:\/\/fundacioateneusantroc.org\/wp-content\/uploads\/2025-patronat2.jpg 1024w, https:\/\/fundacioateneusantroc.org\/wp-content\/uploads\/2025-patronat2-300x188.jpg 300w, https:\/\/fundacioateneusantroc.org\/wp-content\/uploads\/2025-patronat2-768x480.jpg 768w\" sizes=\"auto, (max-width: 1024px) 100vw, 1024px\" \/><\/figure>\n<\/div><\/div>\n<\/div><\/div>\n\n<div class=\"wp-block-group accordion\"><div class=\"wp-block-group__inner-container is-layout-flow wp-block-group-is-layout-flow\">\n<h3 class=\"wp-block-heading accordion-title\">Consejos y \u00f3rganos de participaci\u00f3n<\/h3>\n\n\n\n<div class=\"wp-block-group accordion-content\"><div class=\"wp-block-group__inner-container is-layout-flow wp-block-group-is-layout-flow\">\n<p><strong>Consejo directivo:<\/strong> \u00d3rgano que afianza los valores de la Fundaci\u00f3 Ateneu Sant Roc. Los miembros del consejo debaten y apoyan las propuestas directivas y pedag\u00f3gicas de la entidad.<\/p>\n\n\n\n<p><strong>Consejos asessores<\/strong>: Se forman a demanda del equipo directivo para tratar temas relacionados con el d\u00eda a d\u00eda de la entidad. Aportan visiones personales y profesionales diversas que hace m\u00e1s efectiva y compartida la toma de decisiones.<\/p>\n\n\n\n<p><strong>Consejo de ni\u00f1os, ni\u00f1as y adolescentes: <\/strong>\u00d3rgano de participaci\u00f3n infantil de edades comprendidas entre 10 y 12 a\u00f1os, de los proyectos de Educaci\u00f3n infancia y j\u00f3venes de la fundaci\u00f3n que dialogan, debaten, se comprometen, elaboran propuestas y hacen o\u00edr su voz.<\/p>\n\n\n\n<p><strong>Consell de comunicaci\u00f3: <\/strong>\u00d2rgan encarregat d\u2019assessorar en l\u2019\u00e0mbit de la comunicaci\u00f3 de l\u2019entitat.<\/p>\n\n\n\n<p><strong>Observatorios: <\/strong>Grupos de trabajo y debate que proponen cambios y nuevas l\u00edneas transversales para la mejora de la calidad pedag\u00f3gica de la fundaci\u00f3n. Actualmente se encuentran en funcionamiento el Observatorio de la pobreza y el Observatorio de g\u00e9nero.<\/p>\n\n\n\n<p><strong>Asamblea de socios\/as: <\/strong>Encuentro informativo para socios y socias de la entidad que participan econ\u00f3micamente en la sotenibilidad de la Fundaci\u00f3 Ateneu Sant Roc.<\/p>\n\n\n\n<p><strong>Encuentro de voluntarios\/as: <\/strong>Jornada de reflexi\u00f3n organizada por el proyecto de Formaci\u00f3n y voluntariado. Mediante t\u00e9cnicas y din\u00e1micas, voluntarios\/as y personal remunerado debaten sobre la labor que se lleva a cabo, desde perpectivas diferentes, con el objetivo de obtener nuevas propuestas y nuevas metas para avanzar y adecuar el trabajo que se lleva a cabo en la Fundaci\u00f3 Ateneu Sant Roc.<\/p>\n<\/div><\/div>\n<\/div><\/div>\n\n<div class=\"wp-block-group accordion\"><div class=\"wp-block-group__inner-container is-layout-flow wp-block-group-is-layout-flow\">\n<h3 class=\"wp-block-heading accordion-title\">Responsables de gesti\u00f3n y log\u00edstica<\/h3>\n\n\n\n<div class=\"wp-block-group accordion-content\"><div class=\"wp-block-group__inner-container is-layout-flow wp-block-group-is-layout-flow\">\n<p><mark style=\"background-color:rgba(0, 0, 0, 0);color:#ee9304\" class=\"has-inline-color\">Direcci\u00f3n<\/mark> Salvador Figuerola<br\/><mark style=\"background-color:rgba(0, 0, 0, 0);color:#ee9304\" class=\"has-inline-color\">Coordinaci\u00f3n<\/mark> Pilar L\u00f3pez<br\/><mark style=\"background-color:rgba(0, 0, 0, 0);color:#ee9304\" class=\"has-inline-color\">Administraci\u00f3n<\/mark> Merc\u00e8 Peinado<br\/><mark style=\"background-color:rgba(0, 0, 0, 0);color:#ee9304\" class=\"has-inline-color\">Captaci\u00f3n de fondos<\/mark> Albert Francol\u00ed<br\/><mark style=\"background-color:rgba(0, 0, 0, 0);color:#ee9304\" class=\"has-inline-color\">Comunicaci\u00f3n<\/mark> Roser Corbera<br\/><mark style=\"background-color:rgba(0, 0, 0, 0);color:#ee9304\" class=\"has-inline-color\">TIC<\/mark> Jordi Batet y Llu\u00eds Riera<br\/><mark style=\"background-color:rgba(0, 0, 0, 0);color:#ee9304\" class=\"has-inline-color\">Log\u00edstica y mantenimiento<\/mark> Fali Carmona y Francisco Mu\u00f1oz<\/p>\n<\/div><\/div>\n<\/div><\/div>\n\n<div class=\"wp-block-group accordion\"><div class=\"wp-block-group__inner-container is-layout-flow wp-block-group-is-layout-flow\">\n<h3 class=\"wp-block-heading accordion-title\">Responsables de proyectos y grupos<\/h3>\n\n\n\n<div class=\"wp-block-group accordion-content\"><div class=\"wp-block-group__inner-container is-layout-flow wp-block-group-is-layout-flow\">\n<p><mark style=\"background-color:rgba(0, 0, 0, 0);color:#ee9304\" class=\"has-inline-color\">Centro abierto infantil<\/mark> Mireia Gorriz<br\/><mark style=\"background-color:rgba(0, 0, 0, 0);color:#ee9304\" class=\"has-inline-color\">Aula abierta. Lengua y cohesi\u00f3n<\/mark> Pilar L\u00f3pez<br\/><mark style=\"background-color:rgba(0, 0, 0, 0);color:#ee9304\" class=\"has-inline-color\">Centre obert Joves<\/mark> Mireia Alcaina<br\/><mark style=\"background-color:rgba(0, 0, 0, 0);color:#ee9304\" class=\"has-inline-color\">Educaci\u00f3n a trav\u00e9s del juego<\/mark> Sandra Ferrero<br\/><mark style=\"background-color:rgba(0, 0, 0, 0);color:#ee9304\" class=\"has-inline-color\">Esplai Borinot <\/mark>Pilar L\u00f3pez<br\/><mark style=\"background-color:rgba(0, 0, 0, 0);color:#ee9304\" class=\"has-inline-color\">Actividades de vacaciones<\/mark> Pilar L\u00f3pez<br\/><mark style=\"background-color:rgba(0, 0, 0, 0);color:#ee9304\" class=\"has-inline-color\">Soporte de educaci\u00f3n infantil<\/mark> Montse Massana<br\/><mark style=\"background-color:rgba(0, 0, 0, 0);color:#ee9304\" class=\"has-inline-color\">Espacio familiar Elna <\/mark>Ana Triano<br\/><mark style=\"background-color:rgba(0, 0, 0, 0);color:#ee9304\" class=\"has-inline-color\">Formaci\u00f3 de dones Laila <\/mark>Pilar L\u00f3pez<br\/><mark style=\"background-color:rgba(0, 0, 0, 0);color:#ee9304\" class=\"has-inline-color\">Orientaci\u00f3n sociolaboral<\/mark> Francisco Mu\u00f1oz<br\/><mark style=\"background-color:rgba(0, 0, 0, 0);color:#ee9304\" class=\"has-inline-color\">Formaci\u00f3n y voluntariado<\/mark> Assumpta Ib\u00e1\u00f1ez<br\/><mark style=\"background-color:rgba(0, 0, 0, 0);color:#ee9304\" class=\"has-inline-color\">@teneu.tic<\/mark> Llu\u00eds Riera<br\/><mark style=\"background-color:rgba(0, 0, 0, 0);color:#ee9304\" class=\"has-inline-color\">Medio ambiente<\/mark> Ricard Figuerola<br\/><mark style=\"background-color:rgba(0, 0, 0, 0);color:#ee9304\" class=\"has-inline-color\">Sociosanitario<\/mark> Carme P\u00e9rez<br\/><mark style=\"background-color:rgba(0, 0, 0, 0);color:#ee9304\" class=\"has-inline-color\">Cooperaci\u00f3n y solidaridad<\/mark> Raimon Mateu<br\/><mark style=\"background-color:rgba(0, 0, 0, 0);color:#ee9304\" class=\"has-inline-color\">Ateneu en la calle<\/mark> Paco Baena<br\/><mark style=\"background-color:rgba(0, 0, 0, 0);color:#ee9304\" class=\"has-inline-color\">Dinamizaci\u00f3n sociocultural<\/mark> Salvador Figuerola<\/p>\n\n\n\n<p><mark style=\"background-color:rgba(0, 0, 0, 0);color:#ee9304\" class=\"has-inline-color\">Grupo de teatro<\/mark> <mark style=\"background-color:rgba(0, 0, 0, 0);color:#ee9304\" class=\"has-inline-color\">Lapsus<\/mark> Josep Torres<br\/><mark style=\"background-color:rgba(0, 0, 0, 0);color:#ee9304\" class=\"has-inline-color\">Grupo de arpilleras<\/mark> Pilar L\u00f3pez<br\/><mark style=\"background-color:rgba(0, 0, 0, 0);color:#ee9304\" class=\"has-inline-color\">Grupo de mujeres <\/mark><br\/><mark style=\"background-color:rgba(0, 0, 0, 0);color:#ee9304\" class=\"has-inline-color\">Cor de l\u2019Ateneu<\/mark> Esperanza Hernando<br\/><mark style=\"background-color:rgba(0, 0, 0, 0);color:#ee9304\" class=\"has-inline-color\">Grupo de bolillos<\/mark> Rosa Aguilera<br\/><mark style=\"background-color:rgba(0, 0, 0, 0);color:#ee9304\" class=\"has-inline-color\">Club de los jueves<\/mark> Carme Moya<br\/><mark style=\"background-color:rgba(0, 0, 0, 0);color:#ee9304\" class=\"has-inline-color\">Grupo de zumba<\/mark> Laura Font<br\/><mark style=\"background-color:rgba(0, 0, 0, 0);color:#ee9304\" class=\"has-inline-color\">Jugan\u00edbals<\/mark> Ricard Figuerola<br\/><mark style=\"background-color:rgba(0, 0, 0, 0);color:#ee9304\" class=\"has-inline-color\">Grupo de petanca<\/mark> Esteve Corbera<br\/><mark style=\"background-color:rgba(0, 0, 0, 0);color:#ee9304\" class=\"has-inline-color\">Grupo de monta\u00f1a<\/mark> Lorenzo Hernando<br\/><mark style=\"background-color:rgba(0, 0, 0, 0);color:#ee9304\" class=\"has-inline-color\">Ateneu en red<\/mark> Anna Vicente<\/p>\n<\/div><\/div>\n<\/div><\/div>\n\n<div style=\"height:45px\" aria-hidden=\"true\" class=\"wp-block-spacer\"><\/div>\n\n<div class=\"wp-block-group full-width has-background\" style=\"background-color:#d8d8d8\"><div class=\"wp-block-group__inner-container is-layout-flow wp-block-group-is-layout-flow\">\n<div style=\"height:45px\" aria-hidden=\"true\" class=\"wp-block-spacer\"><\/div>\n\n\n\n<div class=\"wp-block-group max-width\"><div class=\"wp-block-group__inner-container is-layout-flow wp-block-group-is-layout-flow\">\n<h2 class=\"wp-block-heading anchor-text\" id=\"missio\">Misi\u00f3n, visi\u00f3n y valores de l\u2019Ateneu Sant Roc<\/h2>\n\n\n\n<p>La misi\u00f3n de la Fundaci\u00f3n Ateneu Sant Roc es favorecer la cohesi\u00f3n social del barrio de Sant Roc de Badalona, conjuntamente con sus vecinos y vecinas, a trav\u00e9s de la promoci\u00f3n de diversos proyectos educativos, sociales y culturales dirigidos a ni\u00f1os\/as, j\u00f3venes y adultos, incidiendo de manera especial en los colectivos en situaci\u00f3n de vulnerabilidad y riesgo de exclusi\u00f3n social.<\/p>\n\n\n\n<h3 class=\"wp-block-heading\">Visi\u00f3n<\/h3>\n\n\n\n<p>La Fundaci\u00f3 Ateneu Sant Roc quiere:<\/p>\n\n\n\n<ul class=\"wp-block-list\">\n<li>ser veh\u00edculo de transformaci\u00f3n social desde la experiencia en la promoci\u00f3n de la cohesi\u00f3n y el trabajo por la inclusi\u00f3n.<\/li>\n\n\n\n<li>ser un referente en los \u00e1mbitos educativo y sociocultural en el territorio de Badalona Sur con proyecci\u00f3n a nivel de ciudad y nacional desde la implicaci\u00f3n y el conocimiento del entorno.<\/li>\n<\/ul>\n\n\n\n<h3 class=\"wp-block-heading\">Valores<\/h3>\n\n\n\n<p><strong>Responsabilidad:<\/strong> Como respuesta a las necesidades de las personas que viven en el barrio. Compromiso con cada una de las personas que participan en el Ateneu, peque\u00f1as y grandes, en funci\u00f3n de sus necesidades, intereses y capacidades.<\/p>\n\n\n\n<p><strong>Acogida: <\/strong>Con predisposici\u00f3n y actitud de escucha, atendiendo con tacto, dedicando el tempo necesario y creando un espacio familiar.<\/p>\n\n\n\n<p><strong>Justicia y solidaridad: <\/strong>Fomentar la convivencia desde la igualdad de derechos, respetando la singularidad de todas las personas y crear un clima solidario con el entorno inmediato capaz de traspasar fronteras.<\/p>\n\n\n\n<p><strong>Gratuidad: <\/strong>Es un valor fundamental en el buen hacer de la persona que se basa en los principios de la solidaridad , el altru\u00edsmo y el compromiso incondicional.<\/p>\n\n\n\n<p><strong>Creatividad: <\/strong>Como motor para reinventarnos, buscar soluciones y dibujar d\u00eda a d\u00eda una realidad mejor.<\/p>\n\n\n\n<p>Estos son los principales valores de la entidad que queremos aplicar con coherencia sin desmerecer otros, y que nos ayudan en el caminar de nuestros proyectos.<\/p>\n<\/div><\/div>\n\n\n\n<div style=\"height:60px\" aria-hidden=\"true\" class=\"wp-block-spacer\"><\/div>\n<\/div><\/div>\n\n<div style=\"height:45px\" aria-hidden=\"true\" class=\"wp-block-spacer\"><\/div>\n\n<h2 class=\"wp-block-heading anchor-text\" id=\"participem\">Participamos<\/h2>\n\n<h3 class=\"wp-block-heading\">Somos miembros de:<\/h3>\n\n<p><\/p>\n\n<div class=\"wp-block-columns is-layout-flex wp-container-core-columns-is-layout-9d6595d7 wp-block-columns-is-layout-flex\">\n<div class=\"wp-block-column is-layout-flow wp-block-column-is-layout-flow\">\n<figure class=\"wp-block-image size-large\"><img loading=\"lazy\" decoding=\"async\" width=\"250\" height=\"130\" src=\"https:\/\/fundacioateneusantroc.org\/wp-content\/uploads\/unnamed-2.jpg\" alt=\"\" class=\"wp-image-1078\"><\/figure>\n<\/div>\n\n\n\n<div class=\"wp-block-column is-layout-flow wp-block-column-is-layout-flow\">\n<figure class=\"wp-block-image size-large\"><img loading=\"lazy\" decoding=\"async\" width=\"250\" height=\"130\" src=\"https:\/\/fundacioateneusantroc.org\/wp-content\/uploads\/Group-2.jpg\" alt=\"\" class=\"wp-image-1080\"><\/figure>\n<\/div>\n\n\n\n<div class=\"wp-block-column is-layout-flow wp-block-column-is-layout-flow\">\n<figure class=\"wp-block-image size-large\"><img loading=\"lazy\" decoding=\"async\" width=\"250\" height=\"130\" src=\"https:\/\/fundacioateneusantroc.org\/wp-content\/uploads\/Group-5.jpg\" alt=\"\" class=\"wp-image-1082\"><\/figure>\n<\/div>\n<\/div>\n\n<div class=\"wp-block-columns is-layout-flex wp-container-core-columns-is-layout-9d6595d7 wp-block-columns-is-layout-flex\">\n<div class=\"wp-block-column is-layout-flow wp-block-column-is-layout-flow\">\n<figure class=\"wp-block-image size-large\"><img loading=\"lazy\" decoding=\"async\" width=\"250\" height=\"130\" src=\"https:\/\/fundacioateneusantroc.org\/wp-content\/uploads\/Group-7.jpg\" alt=\"\" class=\"wp-image-1084\"><\/figure>\n<\/div>\n\n\n\n<div class=\"wp-block-column is-layout-flow wp-block-column-is-layout-flow\">\n<figure class=\"wp-block-image size-large\"><img loading=\"lazy\" decoding=\"async\" width=\"250\" height=\"130\" src=\"https:\/\/fundacioateneusantroc.org\/wp-content\/uploads\/logo2800px.jpg\" alt=\"\" class=\"wp-image-1086\"><\/figure>\n<\/div>\n\n\n\n<div class=\"wp-block-column is-layout-flow wp-block-column-is-layout-flow\">\n<figure class=\"wp-block-image size-large\"><img loading=\"lazy\" decoding=\"async\" width=\"250\" height=\"130\" src=\"https:\/\/fundacioateneusantroc.org\/wp-content\/uploads\/Group-6.jpg\" alt=\"\" class=\"wp-image-1088\"><\/figure>\n<\/div>\n<\/div>\n\n<div class=\"wp-block-columns is-layout-flex wp-container-core-columns-is-layout-9d6595d7 wp-block-columns-is-layout-flex\">\n<div class=\"wp-block-column is-layout-flow wp-block-column-is-layout-flow\">\n<figure class=\"wp-block-image size-full\"><img loading=\"lazy\" decoding=\"async\" width=\"250\" height=\"130\" src=\"https:\/\/fundacioateneusantroc.org\/wp-content\/uploads\/Group-8b.jpg\" alt=\"\" class=\"wp-image-56542\"><\/figure>\n<\/div>\n\n\n\n<div class=\"wp-block-column is-layout-flow wp-block-column-is-layout-flow\">\n<figure class=\"wp-block-image size-full\"><img loading=\"lazy\" decoding=\"async\" width=\"250\" height=\"130\" src=\"https:\/\/fundacioateneusantroc.org\/wp-content\/uploads\/somenergia-lg.jpg\" alt=\"\" class=\"wp-image-59533\"><\/figure>\n<\/div>\n\n\n\n<div class=\"wp-block-column is-layout-flow wp-block-column-is-layout-flow\"><\/div>\n<\/div>\n\n<h3 class=\"wp-block-heading\">Participamos en:<\/h3>\n\n<p>Apropa Cultura<\/p>\n\n<p>Associaci\u00f3 Vincle: xarxa per l\u2019observatori de la poblaci\u00f3 gitana de l\u2019est d\u2019Europa a Catalunya<\/p>\n\n<p>Badalona Acull<\/p>\n\n<p>Badalona es mou<\/p>\n\n<p>Comissions de la Regidoria de Districte<\/p>\n\n<p>Comissions i grups de treball de Badalona Sud<\/p>\n\n<p>Consell d\u2019entitats del Districte n\u00fam. 6<\/p>\n\n<p>Consell dels infants de Badalona<\/p>\n\n<p>Dones i Barri en Xarxa<\/p>\n\n<p>Grup 33: Una altra pres\u00f3 \u00e9s possible<\/p>\n\n<p>Grup de di\u00e0leg interreligi\u00f3s de Badalona<\/p>\n\n<p>Pacte local pel dret a decidir de Badalona<\/p>\n\n<p>Projecte CEE (Cultura emprenedora a l\u2019escola)<\/p>\n\n<p>Projecte Revoltes d\u2019\u00d2mnium Cultural<\/p>\n\n<p>Sectorial de Centres Oberts de Catalunya (FEDAIA)<\/p>\n\n<p>SOS Racisme<\/p>\n\n<p>Voluntaris per la llengua<\/p>\n\n<p>www.forumarpilleres.cat (Blog del F\u00f2rum arpilleres de Catalunya)<\/p>\n\n<p>Xarxa d\u2019Economia Solid\u00e0ria<\/p>\n\n<p>Xarxa solid\u00e0ria de Badalona<\/p>\n\n<div style=\"height:53px\" aria-hidden=\"true\" class=\"wp-block-spacer\"><\/div>\n\n<div class=\"wp-block-group full-width has-background\" style=\"background-color:#d8d8d8\"><div class=\"wp-block-group__inner-container is-layout-flow wp-block-group-is-layout-flow\">\n<div class=\"wp-block-group max-width padding-sides\"><div class=\"wp-block-group__inner-container is-layout-flow wp-block-group-is-layout-flow\">\n<div style=\"height:50px\" aria-hidden=\"true\" class=\"wp-block-spacer\"><\/div>\n\n\n\n<h2 class=\"wp-block-heading anchor-text\" id=\"premis\">Premios y reconocimientos<\/h2>\n\n\n\n<p><strong><strong>30\u00e8 Premi Voluntariat \u00b7 2023 <\/strong> <\/strong><br\/><strong>(Departament de Drets Socials \u00b7 Generalitat de Catalunya)<\/strong><br\/>\u20141\u00ba premio a la labor de Dinamizaci\u00f3n comunitaria <a href=\"https:\/\/fundacioateneusantroc.org\/30-premi-voluntariat\/\">+<\/a><\/p>\n\n\n\n<p><strong><strong>Premi Carles Capdevila \u00b7 2022 a la iniciativa o trayectoria educativa<\/strong> <\/strong><br\/><strong>(Diari ARA)<\/strong><br\/>\u2014Esplai Borinot (50 aniversario)<\/p>\n\n\n\n<p><strong>32a edici\u00f3 dels Premis Ateneus \u00b7 2021 <\/strong><br\/><strong>(<strong>Federaci\u00f3 d&#8217;Ateneus de Catalunya<\/strong>)<\/strong><br\/>\u20143\u00ba premio &#8220;Fomento a la participaci\u00f3n&#8221; al proyecto Veus d&#8217;arpillera pels Drets dels Infants<\/p>\n\n\n\n<p><strong>7a edici\u00f3 del Premi Llu\u00eds Mart\u00ed al Valor Social \u00b7 2021<\/strong> <br\/><strong>(<strong>Federaci\u00f3 Catalana de Voluntariat Social<\/strong>)<\/strong><br\/>\u2014Mejor comunidad local socialmente responsable del \u00e1rea metropolitana de Barcelona al Programa Medio ambiente<\/p>\n\n\n\n<p><strong>Premi Carrasco i Formiguera \u00b7 2021 <\/strong><br\/><strong>(Associaci\u00f3 d&#8217;Antics Alumnes del Col\u00b7legi jesu\u00eftes de Casp)<\/strong><br\/>\u2014Fundaci\u00f3 Ateneu Sant Roc<\/p>\n\n\n\n<p><strong>VIII edici\u00f3 Premi Memorial \u00c0lex Seglers \u00b7 2019<\/strong><br\/>\u2014Fundaci\u00f3 Ateneu Sant Roc<\/p>\n\n\n\n<p><strong>XIV edici\u00f3 Premi Trencant Invisibilitats \u00b7 2016<\/strong><br\/><strong>(Ajuntament de Badalona)<\/strong><br\/>\u2014Proyecto Formaci\u00f3n de mujeres Laila<\/p>\n\n\n\n<p><strong>Premis Ateneus \u00b7 2014 <\/strong><br\/><strong>(Federaci\u00f3 d\u2019Ateneus de Catalunya)<\/strong><br\/>\u2014Premio &#8220;Votaci\u00f3n Popular&#8221; a la \u201cXXXII Feria de Artesan\u00eda y Muestra de entidades y servicios\u201d<br\/>\u20142\u00ba premio &#8220;Fomento de la participaci\u00f3n&#8221; a la \u201cXXXII Feria de Artesan\u00eda y Muestra de entidades y servicios\u201d<\/p>\n\n\n\n<p><strong>VII edici\u00f3 Premi d\u2019Educaci\u00f3 en el Lleure \u00b7 2011 <\/strong><br\/><strong>(Fundaci\u00f3 Llu\u00eds Carulla<\/strong>)<br\/>\u2014Proyecto Esplai Borinot<\/p>\n\n\n\n<p><strong>22\u00e8 Premi Catalunya de Comunicaci\u00f3 i Relacions P\u00fabliques \u00b7 2006<\/strong><br\/><strong>(Generalitat de Catalunya)<\/strong><br\/>\u2014Fundaci\u00f3 Ateneu Sant Roc<\/p>\n\n\n\n<p><strong>Premis Consell de Ciutat de Badalona \u00b7 2004<\/strong><br\/><strong>(Ajuntament de Badalona)<\/strong><br\/>\u2014Ateneu Popular Sant Roc<\/p>\n\n\n\n<p><strong>Menci\u00f3 dels Premis de recollida selectiva i reducci\u00f3 de residus municipals \u00b7 2004<\/strong><br\/><strong>(Ajuntament de Badalona)<\/strong><br\/>\u2014Programa Medio ambiente<\/p>\n\n\n\n<p><strong>Premi Fundaci\u00f3 Agrupaci\u00f3 M\u00fatua \u00b7 2000<\/strong> <br\/>\u2014Programa Sociosanitario<\/p>\n\n\n\n<p><strong>VI Premi Marcel\u00b7l\u00ed Champagnat \u00b7 1997<\/strong><br\/><strong>(Maristes)<\/strong><br\/>\u2014Proyecto J\u00f3venes<\/p>\n<\/div><\/div>\n\n\n\n<div style=\"height:50px\" aria-hidden=\"true\" class=\"wp-block-spacer\"><\/div>\n<\/div><\/div>\n","protected":false},"excerpt":{"rendered":"<p>\u00bfQui\u00e9nes somos? Misi\u00f3n y valores Participamos Premios Fundaci\u00f3 Ateneu Sant Roc \u00bfQui\u00e9nes somos? La Fundaci\u00f3 Ateneu [&hellip;]<\/p>\n","protected":false},"author":42,"featured_media":53178,"parent":0,"menu_order":0,"comment_status":"closed","ping_status":"closed","template":"","meta":{"footnotes":""},"class_list":["post-45722","page","type-page","status-publish","has-post-thumbnail","hentry"],"_links":{"self":[{"href":"https:\/\/fundacioateneusantroc.org\/es\/wp-json\/wp\/v2\/pages\/45722","targetHints":{"allow":["GET"]}}],"collection":[{"href":"https:\/\/fundacioateneusantroc.org\/es\/wp-json\/wp\/v2\/pages"}],"about":[{"href":"https:\/\/fundacioateneusantroc.org\/es\/wp-json\/wp\/v2\/types\/page"}],"author":[{"embeddable":true,"href":"https:\/\/fundacioateneusantroc.org\/es\/wp-json\/wp\/v2\/users\/42"}],"replies":[{"embeddable":true,"href":"https:\/\/fundacioateneusantroc.org\/es\/wp-json\/wp\/v2\/comments?post=45722"}],"version-history":[{"count":79,"href":"https:\/\/fundacioateneusantroc.org\/es\/wp-json\/wp\/v2\/pages\/45722\/revisions"}],"predecessor-version":[{"id":71900,"href":"https:\/\/fundacioateneusantroc.org\/es\/wp-json\/wp\/v2\/pages\/45722\/revisions\/71900"}],"wp:featuredmedia":[{"embeddable":true,"href":"https:\/\/fundacioateneusantroc.org\/es\/wp-json\/wp\/v2\/media\/53178"}],"wp:attachment":[{"href":"https:\/\/fundacioateneusantroc.org\/es\/wp-json\/wp\/v2\/media?parent=45722"}],"curies":[{"name":"wp","href":"https:\/\/api.w.org\/{rel}","templated":true}]}}