{"id":45781,"date":"2020-06-12T07:40:16","date_gmt":"2020-06-12T05:40:16","guid":{"rendered":"https:\/\/fundacioateneusantroc.org\/inicio\/"},"modified":"2026-04-17T16:53:53","modified_gmt":"2026-04-17T14:53:53","slug":"inicio","status":"publish","type":"page","link":"https:\/\/fundacioateneusantroc.org\/es\/","title":{"rendered":"Inici"},"content":{"rendered":"\n<div class=\"wp-block-group home-img-background full-width full-height\"><div class=\"wp-block-group__inner-container is-layout-flow wp-block-group-is-layout-flow\">\n<div class=\"wp-block-group content-block\"><div class=\"wp-block-group__inner-container is-layout-flow wp-block-group-is-layout-flow\">\n<div class=\"wp-block-columns is-layout-flex wp-container-core-columns-is-layout-9d6595d7 wp-block-columns-is-layout-flex\">\n<div class=\"wp-block-column is-layout-flow wp-block-column-is-layout-flow\">\n<h1 class=\"wp-block-heading desktop\">Trabajo comunitario para<br\/>la cohesi\u00f3n <strong>social<\/strong> de<br\/>Sant Roc de Badalona<\/h1>\n\n\n\n<h1 class=\"wp-block-heading mobile\">Trabajo comunitario para la cohesi\u00f3n <strong>social<\/strong> de Sant Roc de Badalona<\/h1>\n\n\n\n<p class=\"desktop\">En la Fundaci\u00f3 Ateneu Sant Roc promovemos diferentes proyectos educativos,<br\/>culturales, sociales y de tiempo libre, dirigidos a ni\u00f1os, ni\u00f1as, j\u00f3venes y adultos del<br\/>territorio, incidiendo de manera especial en los colectivos en riesgo social.<\/p>\n\n\n\n<p class=\"mobile\">En la Fundaci\u00f3 Ateneu Sant Roc, promovemos diferentes proyectos educativos, culturales, sociales y de tiempo libre dirigidos a ni\u00f1os, ni\u00f1as, j\u00f3venes y adultos del territorio, incidiendo de manera especial en los colectivos en riesgo social.<\/p>\n\n\n\n<div style=\"height:20px\" aria-hidden=\"true\" class=\"wp-block-spacer mobile\"><\/div>\n\n\n\n<div class=\"wp-block-group home-uneixte has-background\" style=\"background-color:#e52611\"><div class=\"wp-block-group__inner-container is-layout-flow wp-block-group-is-layout-flow\">\n<p class=\"has-white-color has-text-color has-medium-font-size\">\u00a1\u00danete a l\u2019Ateneu!<\/p>\n\n\n\n<p class=\"button-link has-white-color has-text-color\"><a href=\"\/es\/ateneusantroc?page_id=68534\" data-type=\"page\" data-id=\"397\">Hazte socio\/a<\/a><\/p>\n<\/div><\/div>\n<\/div>\n\n\n\n<div class=\"wp-block-column is-layout-flow wp-block-column-is-layout-flow\"><div class=\"social-media\"><a target=\"_blank\" rel=\"nofollow noopener\" href=\"https:\/\/www.youtube.com\/ateneusantroc\"><img loading=\"lazy\" decoding=\"async\" width=\"56\" height=\"68\" src=\"https:\/\/fundacioateneusantroc.org\/wp-content\/uploads\/Group-5.png\" class=\"attachment-full size-full\" alt=\"Youtube ateneusantroc\" \/><\/a><a target=\"_blank\" rel=\"nofollow noopener\" href=\"https:\/\/www.facebook.com\/ateneusantroc\/\"><img loading=\"lazy\" decoding=\"async\" width=\"34\" height=\"66\" src=\"https:\/\/fundacioateneusantroc.org\/wp-content\/uploads\/fb.png\" class=\"attachment-full size-full\" alt=\"Facebook ateneusantroc\" \/><\/a><a target=\"_blank\" rel=\"nofollow noopener\" href=\"https:\/\/twitter.com\/ateneusantroc\"><img loading=\"lazy\" decoding=\"async\" width=\"64\" height=\"52\" src=\"https:\/\/fundacioateneusantroc.org\/wp-content\/uploads\/Path.png\" class=\"attachment-full size-full\" alt=\"Twiter ateneusantroc\" \/><\/a><a target=\"_blank\" rel=\"nofollow noopener\" href=\"https:\/\/www.instagram.com\/ateneusantroc\"><img loading=\"lazy\" decoding=\"async\" width=\"56\" height=\"56\" src=\"https:\/\/fundacioateneusantroc.org\/wp-content\/uploads\/Group-4.png\" class=\"attachment-full size-full\" alt=\"Instagram ateneusantroc\" \/><\/a><a target=\"_blank\" rel=\"nofollow noopener\" href=\"https:\/\/es.linkedin.com\/company\/ateneusantroc\"><img loading=\"lazy\" decoding=\"async\" width=\"62\" height=\"62\" src=\"https:\/\/fundacioateneusantroc.org\/wp-content\/uploads\/Group-7.png\" class=\"attachment-full size-full\" alt=\"Linkedin ateneusantroc\" \/><\/a><\/div>\n\n\n<div class=\"wp-block-image bounce\">\n<figure class=\"alignright size-full is-resized\"><a href=\"#scrollTo\"><img loading=\"lazy\" decoding=\"async\" width=\"52\" height=\"92\" src=\"https:\/\/fundacioateneusantroc.org\/wp-content\/uploads\/arrowdown.png\" alt=\"\" class=\"wp-image-44989\" style=\"width:26px;height:46px\"><\/a><\/figure>\n<\/div><\/div>\n<\/div>\n<\/div><\/div>\n\n\n\n<figure class=\"wp-block-video background-image desktop\"><video autoplay=\"\" loop=\"\" muted=\"\" src=\"https:\/\/player.vimeo.com\/external\/572472483.hd.mp4?s=d1ae0cd1c94921b2d13d2513a415e7a6b86fc2be&amp;profile_id=174\"><\/video><\/figure>\n\n\n\n<figure class=\"wp-block-image size-large background-image mobile\"><img loading=\"lazy\" decoding=\"async\" width=\"570\" height=\"966\" src=\"https:\/\/fundacioateneusantroc.org\/wp-content\/uploads\/ateneu-sant-roc-mobile3.jpg\" alt=\"\" class=\"wp-image-44723\" srcset=\"https:\/\/fundacioateneusantroc.org\/wp-content\/uploads\/ateneu-sant-roc-mobile3.jpg 570w, https:\/\/fundacioateneusantroc.org\/wp-content\/uploads\/ateneu-sant-roc-mobile3-177x300.jpg 177w\" sizes=\"auto, (max-width: 570px) 100vw, 570px\" \/><\/figure>\n<\/div><\/div>\n\n<div id=\"scrollTo\" class=\"wp-block-group fullsize-blocks full-width banner-temporada anchor-text-pointer\"><div class=\"wp-block-group__inner-container is-layout-flow wp-block-group-is-layout-flow\">\n<div class=\"wp-block-columns are-vertically-aligned-center full-width is-layout-flex wp-container-core-columns-is-layout-9d6595d7 wp-block-columns-is-layout-flex\">\n<div class=\"wp-block-column is-vertically-aligned-center text-column is-layout-flow wp-block-column-is-layout-flow\">\n<h2 class=\"wp-block-heading has-text-color\" style=\"color:#f49600\">del 23 de abril <br\/>al 5 de junio<\/h2>\n\n\n\n<p><\/p>\n\n\n\n<div style=\"height:15px\" aria-hidden=\"true\" class=\"wp-block-spacer\"><\/div>\n\n\n\n<div style=\"height:0px\" aria-hidden=\"true\" class=\"wp-block-spacer\"><\/div>\n\n\n\n<p class=\"button-link\"><a href=\"https:\/\/fundacioateneusantroc.org\/wp-content\/uploads\/festes-2026-programa.pdf\">Descargar el programa<\/a><\/p>\n<\/div>\n\n\n\n<div class=\"wp-block-column is-vertically-aligned-center is-layout-flow wp-block-column-is-layout-flow\">\n<figure class=\"wp-block-image size-full\"><img loading=\"lazy\" decoding=\"async\" width=\"1024\" height=\"694\" src=\"https:\/\/fundacioateneusantroc.org\/wp-content\/uploads\/2026-home-festes2.jpg\" alt=\"\" class=\"wp-image-71545\" srcset=\"https:\/\/fundacioateneusantroc.org\/wp-content\/uploads\/2026-home-festes2.jpg 1024w, https:\/\/fundacioateneusantroc.org\/wp-content\/uploads\/2026-home-festes2-300x203.jpg 300w, https:\/\/fundacioateneusantroc.org\/wp-content\/uploads\/2026-home-festes2-768x521.jpg 768w\" sizes=\"auto, (max-width: 1024px) 100vw, 1024px\" \/><\/figure>\n<\/div>\n<\/div>\n<\/div><\/div>\n\n<div class=\"wp-block-group full-width padding-sides\"><div class=\"wp-block-group__inner-container is-layout-flow wp-block-group-is-layout-flow\">\n<div style=\"height:50px\" aria-hidden=\"true\" class=\"wp-block-spacer\"><\/div>\n\n\n\n<h2 class=\"wp-block-heading\">Actualidad<\/h2>\n\n\n<div class=\"wp-block-columns posts-wrapper\"><div class=\"wp-block-column\"><a href=\"https:\/\/fundacioateneusantroc.org\/es\/explicar-contes-com-a-eina-transformadora\/\" class=\"post-wrapper\">\n\n    <div class=\"post-top\">\n        <p class=\"date\">24\/04\/2026<\/p>\n\n                                            <p class=\"cat\">Actualitat<\/p>\n                                    <\/div>\n\n    <div class=\"block-text\">\n        <h2 class=\"post-title\">Explicar contes com a eina transformadora<\/h2>\n    <\/div>\n\n    <div class=\"wp-block-image\">\n        <img loading=\"lazy\" decoding=\"async\" width=\"1024\" height=\"640\" src=\"https:\/\/fundacioateneusantroc.org\/wp-content\/uploads\/2026-contes-sei-21.jpg\" class=\"attachment-large size-large wp-post-image\" alt=\"\" srcset=\"https:\/\/fundacioateneusantroc.org\/wp-content\/uploads\/2026-contes-sei-21.jpg 1024w, https:\/\/fundacioateneusantroc.org\/wp-content\/uploads\/2026-contes-sei-21-300x188.jpg 300w, https:\/\/fundacioateneusantroc.org\/wp-content\/uploads\/2026-contes-sei-21-768x480.jpg 768w\" sizes=\"auto, (max-width: 1024px) 100vw, 1024px\">    <\/div>\n\n<\/a>\n<\/div><div class=\"wp-block-column\"><a href=\"https:\/\/fundacioateneusantroc.org\/es\/apuntat-aquests-llibres-sant-jordi-2026\/\" class=\"post-wrapper\">\n\n    <div class=\"post-top\">\n        <p class=\"date\">20\/04\/2026<\/p>\n\n                                            <p class=\"cat\">Actualitat<\/p>\n                                    <\/div>\n\n    <div class=\"block-text\">\n        <h2 class=\"post-title\">Apunta\u2019t aquests llibres! \u00b7 Sant Jordi 2026<\/h2>\n    <\/div>\n\n    <div class=\"wp-block-image\">\n        <img loading=\"lazy\" decoding=\"async\" width=\"1024\" height=\"683\" src=\"https:\/\/fundacioateneusantroc.org\/wp-content\/uploads\/2026-recomanacio-natalia2-1024x683.jpg\" class=\"attachment-large size-large wp-post-image\" alt=\"\" srcset=\"https:\/\/fundacioateneusantroc.org\/wp-content\/uploads\/2026-recomanacio-natalia2-1024x683.jpg 1024w, https:\/\/fundacioateneusantroc.org\/wp-content\/uploads\/2026-recomanacio-natalia2-300x200.jpg 300w, https:\/\/fundacioateneusantroc.org\/wp-content\/uploads\/2026-recomanacio-natalia2-768x512.jpg 768w, https:\/\/fundacioateneusantroc.org\/wp-content\/uploads\/2026-recomanacio-natalia2.jpg 1200w\" sizes=\"auto, (max-width: 1024px) 100vw, 1024px\">    <\/div>\n\n<\/a>\n<\/div><div class=\"wp-block-column\"><a href=\"https:\/\/fundacioateneusantroc.org\/es\/taula-dexperiencies\/\" class=\"post-wrapper\">\n\n    <div class=\"post-top\">\n        <p class=\"date\">13\/04\/2026<\/p>\n\n                                            <p class=\"cat\">Actualitat<\/p>\n                                    <\/div>\n\n    <div class=\"block-text\">\n        <h2 class=\"post-title\">Taula d&#8217;experi\u00e8ncies<\/h2>\n    <\/div>\n\n    <div class=\"wp-block-image\">\n        <img loading=\"lazy\" decoding=\"async\" width=\"1024\" height=\"1024\" src=\"https:\/\/fundacioateneusantroc.org\/wp-content\/uploads\/moviments-espontanis-web-1024x1024.jpg\" class=\"attachment-large size-large wp-post-image\" alt=\"\" srcset=\"https:\/\/fundacioateneusantroc.org\/wp-content\/uploads\/moviments-espontanis-web-1024x1024.jpg 1024w, https:\/\/fundacioateneusantroc.org\/wp-content\/uploads\/moviments-espontanis-web-300x300.jpg 300w, https:\/\/fundacioateneusantroc.org\/wp-content\/uploads\/moviments-espontanis-web-150x150.jpg 150w, https:\/\/fundacioateneusantroc.org\/wp-content\/uploads\/moviments-espontanis-web-768x768.jpg 768w, https:\/\/fundacioateneusantroc.org\/wp-content\/uploads\/moviments-espontanis-web-1536x1536.jpg 1536w, https:\/\/fundacioateneusantroc.org\/wp-content\/uploads\/moviments-espontanis-web.jpg 1754w\" sizes=\"auto, (max-width: 1024px) 100vw, 1024px\">    <\/div>\n\n<\/a>\n<\/div><\/div>\n\n\n\n<p class=\"has-text-align-center button-link\"><a href=\"https:\/\/fundacioateneusantroc.org\/es\/actualidad\/\" data-type=\"page\" data-id=\"477\">M\u00e1s actualidad<\/a><\/p>\n\n\n\n<div style=\"height:50px\" aria-hidden=\"true\" class=\"wp-block-spacer\"><\/div>\n\n\n\n<h2 class=\"wp-block-heading\">\u00c1mbitos de actuaci\u00f3n<\/h2>\n\n\n\n<div class=\"wp-block-columns columnes-img-text is-layout-flex wp-container-core-columns-is-layout-9d6595d7 wp-block-columns-is-layout-flex\">\n<div class=\"wp-block-column is-layout-flow wp-block-column-is-layout-flow\">\n<figure class=\"wp-block-image size-full\"><img loading=\"lazy\" decoding=\"async\" width=\"300\" height=\"300\" src=\"https:\/\/fundacioateneusantroc.org\/wp-content\/uploads\/ambit-1-1.jpg\" alt=\"\" class=\"wp-image-48594\" srcset=\"https:\/\/fundacioateneusantroc.org\/wp-content\/uploads\/ambit-1-1.jpg 300w, https:\/\/fundacioateneusantroc.org\/wp-content\/uploads\/ambit-1-1-150x150.jpg 150w\" sizes=\"auto, (max-width: 300px) 100vw, 300px\" \/><\/figure>\n\n\n<p class=\"text-group\"><a href=\"\/?page_id=45732#educacio\">Educaci\u00f3n,<br\/>infancia y j\u00f3venes<\/a><\/p>\n<\/div>\n\n\n\n<div class=\"wp-block-column is-layout-flow wp-block-column-is-layout-flow\">\n<figure class=\"wp-block-image size-full\"><img loading=\"lazy\" decoding=\"async\" width=\"300\" height=\"300\" src=\"https:\/\/fundacioateneusantroc.org\/wp-content\/uploads\/ambit-2.jpg\" alt=\"\" class=\"wp-image-48590\" srcset=\"https:\/\/fundacioateneusantroc.org\/wp-content\/uploads\/ambit-2.jpg 300w, https:\/\/fundacioateneusantroc.org\/wp-content\/uploads\/ambit-2-150x150.jpg 150w\" sizes=\"auto, (max-width: 300px) 100vw, 300px\" \/><\/figure>\n\n\n<p class=\"text-group\"><a href=\"\/?page_id=45732#acollida\">Acogida<br\/>y formaci\u00f3n<\/a><\/p>\n<\/div>\n\n\n\n<div class=\"wp-block-column is-layout-flow wp-block-column-is-layout-flow\">\n<figure class=\"wp-block-image size-full\"><img loading=\"lazy\" decoding=\"async\" width=\"300\" height=\"300\" src=\"https:\/\/fundacioateneusantroc.org\/wp-content\/uploads\/ambit-3.jpg\" alt=\"\" class=\"wp-image-48592\" srcset=\"https:\/\/fundacioateneusantroc.org\/wp-content\/uploads\/ambit-3.jpg 300w, https:\/\/fundacioateneusantroc.org\/wp-content\/uploads\/ambit-3-150x150.jpg 150w\" sizes=\"auto, (max-width: 300px) 100vw, 300px\" \/><\/figure>\n\n\n<p class=\"text-group\"><a href=\"\/?page_id=45732#desenvolupament\">Desarrollo<br\/>comunitario<\/a><\/p>\n<\/div>\n<\/div>\n\n\n\n<div style=\"height:50px\" aria-hidden=\"true\" class=\"wp-block-spacer\"><\/div>\n<\/div><\/div>\n\n<div class=\"wp-block-columns full-width columnes-menu is-layout-flex wp-container-core-columns-is-layout-9d6595d7 wp-block-columns-is-layout-flex\">\n<div class=\"wp-block-column menu is-layout-flow wp-block-column-is-layout-flow\">\n<h2 class=\"wp-block-heading has-text-align-center pincelada\">\u00a1Participa!<img loading=\"lazy\" decoding=\"async\" width=\"150\" height=\"19\" class=\"wp-image-44645\" style=\"width: 150px;\" src=\"https:\/\/fundacioateneusantroc.org\/wp-content\/uploads\/pincelada.png\" alt=\"\" srcset=\"https:\/\/fundacioateneusantroc.org\/wp-content\/uploads\/pincelada.png 306w, https:\/\/fundacioateneusantroc.org\/wp-content\/uploads\/pincelada-300x37.png 300w\" sizes=\"auto, (max-width: 150px) 100vw, 150px\" \/><\/h2>\n\n\n\n<p class=\"has-text-align-center\"><a href=\"https:\/\/fundacioateneusantroc.org\/es\/hazte-socio-a\/\" data-type=\"page\" data-id=\"397\">Hazte socio<\/a><\/p>\n\n\n\n<p class=\"has-text-align-center\"><a href=\"https:\/\/fundacioateneusantroc.org\/es\/haz-un-donativo\/\">Haz un donativo<\/a><\/p>\n\n\n\n<p class=\"has-text-align-center\"><a href=\"https:\/\/fundacioateneusantroc.org\/es\/implica-a-tu-empresa\/\" data-type=\"page\" data-id=\"437\">Implica a tu empresa<\/a><\/p>\n\n\n\n<p class=\"has-text-align-center\"><a href=\"https:\/\/fundacioateneusantroc.org\/es\/hazte-voluntario-a\/\">Hazte voluntario\/a<\/a><\/p>\n\n\n\n<p class=\"has-text-align-center\"><a href=\"\/ateneusantroc?page_id=441\" data-type=\"page\" data-id=\"441\">Grupos<\/a><\/p>\n<\/div>\n\n\n\n<div class=\"wp-block-column xarxes is-layout-flow wp-block-column-is-layout-flow\">\n<h2 class=\"wp-block-heading has-text-align-center pincelada\">\u00a1S\u00edguenos!<img loading=\"lazy\" decoding=\"async\" width=\"150\" height=\"19\" class=\"wp-image-44645\" style=\"width: 150px;\" src=\"https:\/\/fundacioateneusantroc.org\/wp-content\/uploads\/pincelada.png\" alt=\"\" srcset=\"https:\/\/fundacioateneusantroc.org\/wp-content\/uploads\/pincelada.png 306w, https:\/\/fundacioateneusantroc.org\/wp-content\/uploads\/pincelada-300x37.png 300w\" sizes=\"auto, (max-width: 150px) 100vw, 150px\" \/><\/h2>\n\n\n\n<\/div>\n<\/div>\n\n<div style=\"height:25px\" aria-hidden=\"true\" class=\"wp-block-spacer\"><\/div>\n\n<div class=\"wp-block-group full-width padding-sides\"><div class=\"wp-block-group__inner-container is-layout-flow wp-block-group-is-layout-flow\">\n<h2 class=\"wp-block-heading\">Calendario<\/h2>\n\n\n<div class=\"wp-block-group slider-wrapper arrows\">\n    <div class=\"wp-block-group__inner-container\">\n        <figure class=\"wp-block-image size-large navigation prev\">\n            <img decoding=\"async\" src=\"https:\/\/fundacioateneusantroc.org\/wp-content\/uploads\/arrowright-1.png\" alt=\"\">\n        <\/figure>\n        <div class=\"wp-block-group slider-container\">\n            <div class=\"wp-block-group__inner-container\">\n                <div class=\"wp-block-group slider arrows\">\n                    <div class=\"wp-block-group__inner-container\">\n                        <p class=\"items-per-screen has-huge-font-size\">4<\/p>\n                        <div class=\"wp-block-columns calendaris-wrapper\">                                    <div class=\"wp-block-group slide\">\n                                        <div class=\"wp-block-group__inner-container\">\n                                            <a href=\"https:\/\/fundacioateneusantroc.org\/es\/calendari\/42a-fira-de-sant-roc\/\" class=\"calendari-wrapper wp-block-column\">\n     \n        <div class=\"date-calendari\">\n            <div class=\"dia\">\n                3            <\/div>\n            <div class=\"mes\">\n                mayo            <\/div>\n        <\/div>\n        <div class=\"block-text\">\n        <p class=\"post-title\">\n            42a FIRA DE SANT ROC        <\/p>\n    <\/div>\n<\/a>                                        <\/div>\n                                    <\/div>\n                                                                        <div class=\"wp-block-group slide\">\n                                        <div class=\"wp-block-group__inner-container\">\n                                            <a href=\"https:\/\/fundacioateneusantroc.org\/es\/calendari\/juganibals-de-festa-3\/\" class=\"calendari-wrapper wp-block-column\">\n     \n        <div class=\"date-calendari\">\n            <div class=\"dia\">\n                15            <\/div>\n            <div class=\"mes\">\n                mayo            <\/div>\n        <\/div>\n        <div class=\"block-text\">\n        <p class=\"post-title\">\n            JUGAN\u00cdBALS DE FESTA        <\/p>\n    <\/div>\n<\/a>                                        <\/div>\n                                    <\/div>\n                                                                        <div class=\"wp-block-group slide\">\n                                        <div class=\"wp-block-group__inner-container\">\n                                            <a href=\"https:\/\/fundacioateneusantroc.org\/es\/calendari\/rapsodes-2026-%c2%b7-recital-de-poemes-de-natura-i-pau\/\" class=\"calendari-wrapper wp-block-column\">\n     \n        <div class=\"date-calendari\">\n            <div class=\"dia\">\n                20            <\/div>\n            <div class=\"mes\">\n                mayo            <\/div>\n        <\/div>\n        <div class=\"block-text\">\n        <p class=\"post-title\">\n            RAPSODES 2026 \u00b7 Recital de poemes de Natura i Pau        <\/p>\n    <\/div>\n<\/a>                                        <\/div>\n                                    <\/div>\n                                                                        <div class=\"wp-block-group slide\">\n                                        <div class=\"wp-block-group__inner-container\">\n                                            <a href=\"https:\/\/fundacioateneusantroc.org\/es\/calendari\/sol-fa-nits-de-festa-amb-el-cor-de-lateneu-sant-roc-2\/\" class=\"calendari-wrapper wp-block-column\">\n     \n        <div class=\"date-calendari\">\n            <div class=\"dia\">\n                29            <\/div>\n            <div class=\"mes\">\n                mayo            <\/div>\n        <\/div>\n        <div class=\"block-text\">\n        <p class=\"post-title\">\n            SOL, FA, NITS DE FESTA amb el Cor de l&#8217;Ateneu Sant Roc        <\/p>\n    <\/div>\n<\/a>                                        <\/div>\n                                    <\/div>\n                                                                        <div class=\"wp-block-group slide\">\n                                        <div class=\"wp-block-group__inner-container\">\n                                            <a href=\"https:\/\/fundacioateneusantroc.org\/es\/calendari\/teixint-resistencia-cosim-futur-passejada-per-la-badalona-obrera\/\" class=\"calendari-wrapper wp-block-column\">\n     \n        <div class=\"date-calendari\">\n            <div class=\"dia\">\n                30            <\/div>\n            <div class=\"mes\">\n                mayo            <\/div>\n        <\/div>\n        <div class=\"block-text\">\n        <p class=\"post-title\">\n            TEIXINT RESIST\u00c8NCIA COSIM FUTUR Passejada per la Badalona obrera        <\/p>\n    <\/div>\n<\/a>                                        <\/div>\n                                    <\/div>\n                                                                        <div class=\"wp-block-group slide\">\n                                        <div class=\"wp-block-group__inner-container\">\n                                            <a href=\"https:\/\/fundacioateneusantroc.org\/es\/calendari\/dia-infantil-%c2%b7-un-trencadis-de-jocs-i-tallers-dretallleure\/\" class=\"calendari-wrapper wp-block-column\">\n     \n        <div class=\"date-calendari\">\n            <div class=\"dia\">\n                30            <\/div>\n            <div class=\"mes\">\n                mayo            <\/div>\n        <\/div>\n        <div class=\"block-text\">\n        <p class=\"post-title\">\n            DIA INFANTIL \u00b7 Un trencad\u00eds de jocs i tallers #dretallleure        <\/p>\n    <\/div>\n<\/a>                                        <\/div>\n                                    <\/div>\n                                                                        <div class=\"wp-block-group slide\">\n                                        <div class=\"wp-block-group__inner-container\">\n                                            <a href=\"https:\/\/fundacioateneusantroc.org\/es\/calendari\/zumba-de-festa-2026\/\" class=\"calendari-wrapper wp-block-column\">\n     \n        <div class=\"date-calendari\">\n            <div class=\"dia\">\n                31            <\/div>\n            <div class=\"mes\">\n                mayo            <\/div>\n        <\/div>\n        <div class=\"block-text\">\n        <p class=\"post-title\">\n            ZUMBA DE FESTA 2026        <\/p>\n    <\/div>\n<\/a>                                        <\/div>\n                                    <\/div>\n                                                                        <div class=\"wp-block-group slide\">\n                                        <div class=\"wp-block-group__inner-container\">\n                                            <a href=\"https:\/\/fundacioateneusantroc.org\/es\/calendari\/teixint-resistencia-cosim-futur-documental-a-dos-velas\/\" class=\"calendari-wrapper wp-block-column\">\n     \n        <div class=\"date-calendari\">\n            <div class=\"dia\">\n                5            <\/div>\n            <div class=\"mes\">\n                junio            <\/div>\n        <\/div>\n        <div class=\"block-text\">\n        <p class=\"post-title\">\n            TEIXINT RESIST\u00c8NCIA COSIM FUTUR Documental: A dos velas        <\/p>\n    <\/div>\n<\/a>                                        <\/div>\n                                    <\/div>\n                                    <\/div>                    <\/div>\n                <\/div>\n            <\/div>\n        <\/div>\n        <figure class=\"wp-block-image size-large navigation next\">\n            <img decoding=\"async\" src=\"https:\/\/fundacioateneusantroc.org\/wp-content\/uploads\/arrowright-1.png\" alt=\"calendari\">\n        <\/figure>\n    <\/div>\n<\/div>\n<\/div><\/div>\n\n<p class=\"has-text-align-center button-link\"><a href=\"https:\/\/fundacioateneusantroc.org\/calendari\/\" data-type=\"page\" data-id=\"431\">Todo el calendario<\/a><\/p>\n\n<div style=\"height:100px\" aria-hidden=\"true\" class=\"wp-block-spacer desktop\"><\/div>\n","protected":false},"excerpt":{"rendered":"<p>Trabajo comunitario para la cohesi\u00f3n social de Sant Roc de Badalona<\/p>\n","protected":false},"author":3,"featured_media":48399,"parent":0,"menu_order":0,"comment_status":"closed","ping_status":"closed","template":"","meta":{"footnotes":""},"class_list":["post-45781","page","type-page","status-publish","has-post-thumbnail","hentry"],"_links":{"self":[{"href":"https:\/\/fundacioateneusantroc.org\/es\/wp-json\/wp\/v2\/pages\/45781","targetHints":{"allow":["GET"]}}],"collection":[{"href":"https:\/\/fundacioateneusantroc.org\/es\/wp-json\/wp\/v2\/pages"}],"about":[{"href":"https:\/\/fundacioateneusantroc.org\/es\/wp-json\/wp\/v2\/types\/page"}],"author":[{"embeddable":true,"href":"https:\/\/fundacioateneusantroc.org\/es\/wp-json\/wp\/v2\/users\/3"}],"replies":[{"embeddable":true,"href":"https:\/\/fundacioateneusantroc.org\/es\/wp-json\/wp\/v2\/comments?post=45781"}],"version-history":[{"count":204,"href":"https:\/\/fundacioateneusantroc.org\/es\/wp-json\/wp\/v2\/pages\/45781\/revisions"}],"predecessor-version":[{"id":71550,"href":"https:\/\/fundacioateneusantroc.org\/es\/wp-json\/wp\/v2\/pages\/45781\/revisions\/71550"}],"wp:featuredmedia":[{"embeddable":true,"href":"https:\/\/fundacioateneusantroc.org\/es\/wp-json\/wp\/v2\/media\/48399"}],"wp:attachment":[{"href":"https:\/\/fundacioateneusantroc.org\/es\/wp-json\/wp\/v2\/media?parent=45781"}],"curies":[{"name":"wp","href":"https:\/\/api.w.org\/{rel}","templated":true}]}}