{"id":62922,"date":"2023-09-22T16:15:56","date_gmt":"2023-09-22T14:15:56","guid":{"rendered":"https:\/\/fundacioateneusantroc.org\/transparencia-2\/"},"modified":"2026-03-19T10:28:27","modified_gmt":"2026-03-19T09:28:27","slug":"transparencia","status":"publish","type":"page","link":"https:\/\/fundacioateneusantroc.org\/es\/transparencia\/","title":{"rendered":"Transparencia"},"content":{"rendered":"\n<h1 class=\"wp-block-heading\">Transparencia Ateneu Sant Roc<\/h1>\n\n<div style=\"height:28px\" aria-hidden=\"true\" class=\"wp-block-spacer\"><\/div>\n\n<h2 class=\"wp-block-heading\">Memoria de actividades<\/h2>\n\n<div class=\"wp-block-columns is-layout-flex wp-container-core-columns-is-layout-9d6595d7 wp-block-columns-is-layout-flex\">\n<div class=\"wp-block-column is-layout-flow wp-block-column-is-layout-flow\">\n<figure class=\"wp-block-image size-full\"><a href=\"https:\/\/fundacioateneusantroc.org\/wp-content\/uploads\/memoria2025-cast.pdf\" target=\"_blank\" rel=\"noreferrer noopener\"><img loading=\"lazy\" decoding=\"async\" width=\"651\" height=\"1024\" src=\"https:\/\/fundacioateneusantroc.org\/wp-content\/uploads\/memoria2025.jpg\" alt=\"\" class=\"wp-image-71159\" srcset=\"https:\/\/fundacioateneusantroc.org\/wp-content\/uploads\/memoria2025.jpg 651w, https:\/\/fundacioateneusantroc.org\/wp-content\/uploads\/memoria2025-191x300.jpg 191w\" sizes=\"auto, (max-width: 651px) 100vw, 651px\" \/><\/a><figcaption class=\"wp-element-caption\"><a href=\"https:\/\/fundacioateneusantroc.org\/wp-content\/uploads\/memoria2025-cast.pdf\" target=\"_blank\" rel=\"noreferrer noopener\">Memoria 2025<\/a><\/figcaption><\/figure>\n<\/div>\n\n\n\n<div class=\"wp-block-column is-layout-flow wp-block-column-is-layout-flow\">\n<figure class=\"wp-block-image size-full\"><a href=\"https:\/\/fundacioateneusantroc.org\/wp-content\/uploads\/memoria2024-cast-0.pdf\" target=\"_blank\" rel=\"noreferrer noopener\"><img loading=\"lazy\" decoding=\"async\" width=\"651\" height=\"1024\" src=\"https:\/\/fundacioateneusantroc.org\/wp-content\/uploads\/memoria2024.jpg\" alt=\"\" class=\"wp-image-68002\" srcset=\"https:\/\/fundacioateneusantroc.org\/wp-content\/uploads\/memoria2024.jpg 651w, https:\/\/fundacioateneusantroc.org\/wp-content\/uploads\/memoria2024-191x300.jpg 191w\" sizes=\"auto, (max-width: 651px) 100vw, 651px\" \/><\/a><figcaption class=\"wp-element-caption\"><a href=\"https:\/\/fundacioateneusantroc.org\/wp-content\/uploads\/memoria2024-cast-0.pdf\" target=\"_blank\" rel=\"noreferrer noopener\">Memoria 2024<\/a><\/figcaption><\/figure>\n<\/div>\n\n\n\n<div class=\"wp-block-column is-layout-flow wp-block-column-is-layout-flow\">\n<figure class=\"wp-block-image size-full\"><a href=\"https:\/\/fundacioateneusantroc.org\/wp-content\/uploads\/memoria2023-2-cast.pdf\" target=\"_blank\" rel=\"noreferrer noopener\"><img loading=\"lazy\" decoding=\"async\" width=\"651\" height=\"1024\" src=\"https:\/\/fundacioateneusantroc.org\/wp-content\/uploads\/memoria2023.jpg\" alt=\"\" class=\"wp-image-64265\" srcset=\"https:\/\/fundacioateneusantroc.org\/wp-content\/uploads\/memoria2023.jpg 651w, https:\/\/fundacioateneusantroc.org\/wp-content\/uploads\/memoria2023-191x300.jpg 191w\" sizes=\"auto, (max-width: 651px) 100vw, 651px\" \/><\/a><figcaption class=\"wp-element-caption\"><a href=\"https:\/\/fundacioateneusantroc.org\/wp-content\/uploads\/memoria2023-2-cast.pdf\" target=\"_blank\" rel=\"noreferrer noopener\">Memoria 2023<\/a><\/figcaption><\/figure>\n<\/div>\n<\/div>\n\n<div class=\"wp-block-group accordion\"><div class=\"wp-block-group__inner-container is-layout-flow wp-block-group-is-layout-flow\">\n<h2 class=\"wp-block-heading accordion-title\"><\/h2>\n\n\n\n<div class=\"wp-block-group accordion-content\"><div class=\"wp-block-group__inner-container is-layout-flow wp-block-group-is-layout-flow\">\n<div class=\"wp-block-columns is-layout-flex wp-container-core-columns-is-layout-9d6595d7 wp-block-columns-is-layout-flex\">\n<div class=\"wp-block-column is-layout-flow wp-block-column-is-layout-flow\">\n<figure class=\"wp-block-image size-full\"><a href=\"https:\/\/fundacioateneusantroc.org\/wp-content\/uploads\/memoria2022-2-cast.pdf\" target=\"_blank\" rel=\"noreferrer noopener\"><img loading=\"lazy\" decoding=\"async\" width=\"651\" height=\"1024\" src=\"https:\/\/fundacioateneusantroc.org\/wp-content\/uploads\/memoria2022.jpg\" alt=\"\" class=\"wp-image-59512\" srcset=\"https:\/\/fundacioateneusantroc.org\/wp-content\/uploads\/memoria2022.jpg 651w, https:\/\/fundacioateneusantroc.org\/wp-content\/uploads\/memoria2022-191x300.jpg 191w\" sizes=\"auto, (max-width: 651px) 100vw, 651px\" \/><\/a><figcaption class=\"wp-element-caption\"><a href=\"https:\/\/fundacioateneusantroc.org\/wp-content\/uploads\/memoria2022-2-cast.pdf\" target=\"_blank\" rel=\"noreferrer noopener\">Memoria 2022<\/a><\/figcaption><\/figure>\n<\/div>\n\n\n\n<div class=\"wp-block-column is-layout-flow wp-block-column-is-layout-flow\">\n<figure class=\"wp-block-image size-full\"><a href=\"https:\/\/fundacioateneusantroc.org\/wp-content\/uploads\/memoria2021.pdf\" target=\"_blank\" rel=\"noreferrer noopener\"><img loading=\"lazy\" decoding=\"async\" width=\"651\" height=\"1024\" src=\"https:\/\/fundacioateneusantroc.org\/wp-content\/uploads\/memoria2021.jpg\" alt=\"\" class=\"wp-image-52592\" srcset=\"https:\/\/fundacioateneusantroc.org\/wp-content\/uploads\/memoria2021.jpg 651w, https:\/\/fundacioateneusantroc.org\/wp-content\/uploads\/memoria2021-191x300.jpg 191w\" sizes=\"auto, (max-width: 651px) 100vw, 651px\" \/><\/a><figcaption class=\"wp-element-caption\"><a href=\"https:\/\/fundacioateneusantroc.org\/wp-content\/uploads\/memoria2021-cast.pdf\" target=\"_blank\" rel=\"noreferrer noopener\">Memoria 2021<\/a><\/figcaption><\/figure>\n<\/div>\n\n\n\n<div class=\"wp-block-column is-layout-flow wp-block-column-is-layout-flow\">\n<figure class=\"wp-block-image size-large\"><a href=\"https:\/\/fundacioateneusantroc.org\/wp-content\/uploads\/memoria2020-2-cast.pdf\" target=\"_blank\" rel=\"noreferrer noopener\"><img loading=\"lazy\" decoding=\"async\" width=\"651\" height=\"1024\" src=\"https:\/\/fundacioateneusantroc.org\/wp-content\/uploads\/\/memoria2020-651x1024.jpg\" alt=\"\" class=\"wp-image-44905\" srcset=\"https:\/\/fundacioateneusantroc.org\/wp-content\/uploads\/memoria2020-651x1024.jpg 651w, https:\/\/fundacioateneusantroc.org\/wp-content\/uploads\/memoria2020-191x300.jpg 191w, https:\/\/fundacioateneusantroc.org\/wp-content\/uploads\/memoria2020-768x1208.jpg 768w, https:\/\/fundacioateneusantroc.org\/wp-content\/uploads\/memoria2020-977x1536.jpg 977w, https:\/\/fundacioateneusantroc.org\/wp-content\/uploads\/memoria2020.jpg 995w\" sizes=\"auto, (max-width: 651px) 100vw, 651px\" \/><\/a><figcaption class=\"wp-element-caption\"><a href=\"https:\/\/fundacioateneusantroc.org\/wp-content\/uploads\/memoria2020-2-cast.pdf\" target=\"_blank\" rel=\"noreferrer noopener\">Memoria 2020<\/a><\/figcaption><\/figure>\n<\/div>\n<\/div>\n\n\n\n<div style=\"height:38px\" aria-hidden=\"true\" class=\"wp-block-spacer\"><\/div>\n\n\n\n<div class=\"wp-block-columns is-layout-flex wp-container-core-columns-is-layout-9d6595d7 wp-block-columns-is-layout-flex\">\n<div class=\"wp-block-column is-layout-flow wp-block-column-is-layout-flow\">\n<figure class=\"wp-block-image size-large\"><a href=\"https:\/\/fundacioateneusantroc.org\/wp-content\/uploads\/memoria2019.pdf\" target=\"_blank\" rel=\"noopener\"><img loading=\"lazy\" decoding=\"async\" width=\"651\" height=\"1024\" src=\"https:\/\/fundacioateneusantroc.org\/wp-content\/uploads\/\/memoria2019-651x1024.jpg\" alt=\"\" class=\"wp-image-44903\" srcset=\"https:\/\/fundacioateneusantroc.org\/wp-content\/uploads\/memoria2019-651x1024.jpg 651w, https:\/\/fundacioateneusantroc.org\/wp-content\/uploads\/memoria2019-191x300.jpg 191w, https:\/\/fundacioateneusantroc.org\/wp-content\/uploads\/memoria2019-768x1208.jpg 768w, https:\/\/fundacioateneusantroc.org\/wp-content\/uploads\/memoria2019-977x1536.jpg 977w, https:\/\/fundacioateneusantroc.org\/wp-content\/uploads\/memoria2019.jpg 995w\" sizes=\"auto, (max-width: 651px) 100vw, 651px\" \/><\/a><figcaption class=\"wp-element-caption\"><a href=\"https:\/\/fundacioateneusantroc.org\/wp-content\/uploads\/memoria2019_cast.pdf\" target=\"_blank\" rel=\"noreferrer noopener\">Memoria 2019<\/a><\/figcaption><\/figure>\n<\/div>\n\n\n\n<div class=\"wp-block-column is-layout-flow wp-block-column-is-layout-flow\">\n<figure class=\"wp-block-image size-large\"><a href=\"https:\/\/fundacioateneusantroc.org\/wp-content\/uploads\/memoria2018.pdf\" target=\"_blank\" rel=\"noopener noreferrer\"><img loading=\"lazy\" decoding=\"async\" width=\"651\" height=\"1024\" src=\"https:\/\/fundacioateneusantroc.org\/wp-content\/uploads\/\/memoria2018-651x1024.jpg\" alt=\"\" class=\"wp-image-44901\" srcset=\"https:\/\/fundacioateneusantroc.org\/wp-content\/uploads\/memoria2018-651x1024.jpg 651w, https:\/\/fundacioateneusantroc.org\/wp-content\/uploads\/memoria2018-191x300.jpg 191w, https:\/\/fundacioateneusantroc.org\/wp-content\/uploads\/memoria2018-768x1208.jpg 768w, https:\/\/fundacioateneusantroc.org\/wp-content\/uploads\/memoria2018-977x1536.jpg 977w, https:\/\/fundacioateneusantroc.org\/wp-content\/uploads\/memoria2018.jpg 995w\" sizes=\"auto, (max-width: 651px) 100vw, 651px\" \/><\/a><figcaption class=\"wp-element-caption\"><a href=\"https:\/\/fundacioateneusantroc.org\/wp-content\/uploads\/memoria2018_cast.pdf\" target=\"_blank\" rel=\"noreferrer noopener\">Memoria 2018<\/a><\/figcaption><\/figure>\n<\/div>\n\n\n\n<div class=\"wp-block-column is-layout-flow wp-block-column-is-layout-flow\">\n<figure class=\"wp-block-image size-large\"><a href=\"https:\/\/fundacioateneusantroc.org\/wp-content\/uploads\/memoria2017_cast.pdf\" target=\"_blank\" rel=\"noopener noreferrer\"><img loading=\"lazy\" decoding=\"async\" width=\"651\" height=\"1024\" src=\"https:\/\/fundacioateneusantroc.org\/wp-content\/uploads\/\/memoria2017-651x1024.jpg\" alt=\"\" class=\"wp-image-44899\" srcset=\"https:\/\/fundacioateneusantroc.org\/wp-content\/uploads\/memoria2017-651x1024.jpg 651w, https:\/\/fundacioateneusantroc.org\/wp-content\/uploads\/memoria2017-191x300.jpg 191w, https:\/\/fundacioateneusantroc.org\/wp-content\/uploads\/memoria2017-768x1208.jpg 768w, https:\/\/fundacioateneusantroc.org\/wp-content\/uploads\/memoria2017-977x1536.jpg 977w, https:\/\/fundacioateneusantroc.org\/wp-content\/uploads\/memoria2017.jpg 995w\" sizes=\"auto, (max-width: 651px) 100vw, 651px\" \/><\/a><figcaption class=\"wp-element-caption\"><a href=\"https:\/\/fundacioateneusantroc.org\/wp-content\/uploads\/memoria2017_cast.pdf\" target=\"_blank\" rel=\"noreferrer noopener\">Memoria 2017<\/a><\/figcaption><\/figure>\n<\/div>\n<\/div>\n\n\n\n<div style=\"height:38px\" aria-hidden=\"true\" class=\"wp-block-spacer\"><\/div>\n\n\n\n<div class=\"wp-block-columns is-layout-flex wp-container-core-columns-is-layout-9d6595d7 wp-block-columns-is-layout-flex\">\n<div class=\"wp-block-column is-layout-flow wp-block-column-is-layout-flow\">\n<figure class=\"wp-block-image size-large\"><a href=\"https:\/\/fundacioateneusantroc.org\/wp-content\/uploads\/memoria2016.pdf\" target=\"_blank\" rel=\"noopener noreferrer\"><img loading=\"lazy\" decoding=\"async\" width=\"651\" height=\"1024\" src=\"https:\/\/fundacioateneusantroc.org\/wp-content\/uploads\/\/memoria2016-1-651x1024.jpg\" alt=\"\" class=\"wp-image-44897\" srcset=\"https:\/\/fundacioateneusantroc.org\/wp-content\/uploads\/memoria2016-1-651x1024.jpg 651w, https:\/\/fundacioateneusantroc.org\/wp-content\/uploads\/memoria2016-1-191x300.jpg 191w, https:\/\/fundacioateneusantroc.org\/wp-content\/uploads\/memoria2016-1-768x1208.jpg 768w, https:\/\/fundacioateneusantroc.org\/wp-content\/uploads\/memoria2016-1-977x1536.jpg 977w, https:\/\/fundacioateneusantroc.org\/wp-content\/uploads\/memoria2016-1.jpg 995w\" sizes=\"auto, (max-width: 651px) 100vw, 651px\" \/><\/a><figcaption class=\"wp-element-caption\"><a href=\"https:\/\/fundacioateneusantroc.org\/wp-content\/uploads\/memoria2016_cast.pdf\" target=\"_blank\" rel=\"noreferrer noopener\">Memoria 2016<\/a><\/figcaption><\/figure>\n<\/div>\n\n\n\n<div class=\"wp-block-column is-layout-flow wp-block-column-is-layout-flow\">\n<figure class=\"wp-block-image size-large\"><a href=\"https:\/\/fundacioateneusantroc.org\/wp-content\/uploads\/memoria2015_cast.pdf\" target=\"_blank\" rel=\"noreferrer noopener\"><img loading=\"lazy\" decoding=\"async\" width=\"651\" height=\"1024\" src=\"https:\/\/fundacioateneusantroc.org\/wp-content\/uploads\/\/memoria2015-1-651x1024.jpg\" alt=\"\" class=\"wp-image-44895\" srcset=\"https:\/\/fundacioateneusantroc.org\/wp-content\/uploads\/memoria2015-1-651x1024.jpg 651w, https:\/\/fundacioateneusantroc.org\/wp-content\/uploads\/memoria2015-1-191x300.jpg 191w, https:\/\/fundacioateneusantroc.org\/wp-content\/uploads\/memoria2015-1-768x1208.jpg 768w, https:\/\/fundacioateneusantroc.org\/wp-content\/uploads\/memoria2015-1-977x1536.jpg 977w, https:\/\/fundacioateneusantroc.org\/wp-content\/uploads\/memoria2015-1.jpg 995w\" sizes=\"auto, (max-width: 651px) 100vw, 651px\" \/><\/a><figcaption class=\"wp-element-caption\"><a href=\"https:\/\/fundacioateneusantroc.org\/wp-content\/uploads\/memoria2015_cast.pdf\" target=\"_blank\" rel=\"noreferrer noopener\">Memoria 2015<\/a><\/figcaption><\/figure>\n<\/div>\n\n\n\n<div class=\"wp-block-column is-layout-flow wp-block-column-is-layout-flow\">\n<figure class=\"wp-block-image size-large\"><a href=\"https:\/\/fundacioateneusantroc.org\/wp-content\/uploads\/memoria2014_cast.pdf\" target=\"_blank\" rel=\"noopener\"><img loading=\"lazy\" decoding=\"async\" width=\"651\" height=\"1024\" src=\"https:\/\/fundacioateneusantroc.org\/wp-content\/uploads\/\/memoria2014-1-651x1024.jpg\" alt=\"\" class=\"wp-image-44893\" srcset=\"https:\/\/fundacioateneusantroc.org\/wp-content\/uploads\/memoria2014-1-651x1024.jpg 651w, https:\/\/fundacioateneusantroc.org\/wp-content\/uploads\/memoria2014-1-191x300.jpg 191w, https:\/\/fundacioateneusantroc.org\/wp-content\/uploads\/memoria2014-1-768x1208.jpg 768w, https:\/\/fundacioateneusantroc.org\/wp-content\/uploads\/memoria2014-1-977x1536.jpg 977w, https:\/\/fundacioateneusantroc.org\/wp-content\/uploads\/memoria2014-1.jpg 995w\" sizes=\"auto, (max-width: 651px) 100vw, 651px\" \/><\/a><figcaption class=\"wp-element-caption\"><a href=\"https:\/\/fundacioateneusantroc.org\/wp-content\/uploads\/memoria2014_cast.pdf\" target=\"_blank\" rel=\"noreferrer noopener\">Memoria 2014<\/a><\/figcaption><\/figure>\n<\/div>\n<\/div>\n\n\n\n<div style=\"height:38px\" aria-hidden=\"true\" class=\"wp-block-spacer\"><\/div>\n\n\n\n<div class=\"wp-block-columns is-layout-flex wp-container-core-columns-is-layout-9d6595d7 wp-block-columns-is-layout-flex\">\n<div class=\"wp-block-column is-layout-flow wp-block-column-is-layout-flow\">\n<figure class=\"wp-block-image size-large\"><a href=\"https:\/\/fundacioateneusantroc.org\/wp-content\/uploads\/memoria2013_cast.pdf\" target=\"_blank\" rel=\"noopener noreferrer\"><img loading=\"lazy\" decoding=\"async\" width=\"651\" height=\"1024\" src=\"https:\/\/fundacioateneusantroc.org\/wp-content\/uploads\/\/memoria2013-1-651x1024.jpg\" alt=\"\" class=\"wp-image-44891\" srcset=\"https:\/\/fundacioateneusantroc.org\/wp-content\/uploads\/memoria2013-1-651x1024.jpg 651w, https:\/\/fundacioateneusantroc.org\/wp-content\/uploads\/memoria2013-1-191x300.jpg 191w, https:\/\/fundacioateneusantroc.org\/wp-content\/uploads\/memoria2013-1-768x1208.jpg 768w, https:\/\/fundacioateneusantroc.org\/wp-content\/uploads\/memoria2013-1-977x1536.jpg 977w, https:\/\/fundacioateneusantroc.org\/wp-content\/uploads\/memoria2013-1.jpg 995w\" sizes=\"auto, (max-width: 651px) 100vw, 651px\" \/><\/a><figcaption class=\"wp-element-caption\"><a href=\"https:\/\/fundacioateneusantroc.org\/wp-content\/uploads\/memoria2013_cast.pdf\" target=\"_blank\" rel=\"noreferrer noopener\">Memoria 2013<\/a><\/figcaption><\/figure>\n<\/div>\n\n\n\n<div class=\"wp-block-column is-layout-flow wp-block-column-is-layout-flow\">\n<figure class=\"wp-block-image size-large\"><a href=\"https:\/\/fundacioateneusantroc.org\/wp-content\/uploads\/memoria2012.pdf\" target=\"_blank\" rel=\"noopener noreferrer\"><img loading=\"lazy\" decoding=\"async\" width=\"651\" height=\"1024\" src=\"https:\/\/fundacioateneusantroc.org\/wp-content\/uploads\/\/memoria2012-651x1024.jpg\" alt=\"\" class=\"wp-image-44889\" srcset=\"https:\/\/fundacioateneusantroc.org\/wp-content\/uploads\/memoria2012-651x1024.jpg 651w, https:\/\/fundacioateneusantroc.org\/wp-content\/uploads\/memoria2012-191x300.jpg 191w, https:\/\/fundacioateneusantroc.org\/wp-content\/uploads\/memoria2012-768x1208.jpg 768w, https:\/\/fundacioateneusantroc.org\/wp-content\/uploads\/memoria2012-977x1536.jpg 977w, https:\/\/fundacioateneusantroc.org\/wp-content\/uploads\/memoria2012.jpg 995w\" sizes=\"auto, (max-width: 651px) 100vw, 651px\" \/><\/a><figcaption class=\"wp-element-caption\"><a href=\"https:\/\/fundacioateneusantroc.org\/wp-content\/uploads\/memoria2012_cast.pdf\" target=\"_blank\" rel=\"noreferrer noopener\">Memoria 2012<\/a><\/figcaption><\/figure>\n<\/div>\n\n\n\n<div class=\"wp-block-column is-layout-flow wp-block-column-is-layout-flow\"><\/div>\n<\/div>\n<\/div><\/div>\n<\/div><\/div>\n\n<div style=\"height:50px\" aria-hidden=\"true\" class=\"wp-block-spacer\"><\/div>\n\n<hr class=\"wp-block-separator has-css-opacity\"\/>\n\n<div class=\"wp-block-group accordion\"><div class=\"wp-block-group__inner-container is-layout-flow wp-block-group-is-layout-flow\">\n<h2 class=\"wp-block-heading accordion-title\">Datos generales<\/h2>\n\n\n\n<div class=\"wp-block-group accordion-content\"><div class=\"wp-block-group__inner-container is-layout-flow wp-block-group-is-layout-flow\">\n<div style=\"height:15px\" aria-hidden=\"true\" class=\"wp-block-spacer\"><\/div>\n\n\n\n<div class=\"wp-block-group accordion-content\"><div class=\"wp-block-group__inner-container is-layout-flow wp-block-group-is-layout-flow\">\n<div class=\"wp-block-columns is-layout-flex wp-container-core-columns-is-layout-9d6595d7 wp-block-columns-is-layout-flex\">\n<div class=\"wp-block-column is-layout-flow wp-block-column-is-layout-flow\">\n<p><strong>Nombre: <\/strong>FUNDACI\u00d3 ATENEU SANT ROC<br\/><strong>Direcci\u00f3n:<\/strong> c. C\u00e1ceres, 34-36 \u00b7 08918 Badalona<br\/><strong>Tel\u00e9fono:<\/strong> 93 399 39 51<br\/><strong>e-mail:<\/strong> ateneu@fundacioateneusantroc.org<br\/><strong>NIF:<\/strong> G-63781157<br\/><strong>N\u00fam. cuenta \u201cLa Caixa\u201d: <\/strong>ES91 2100 0365 3502 0014 2257<br\/><strong>Bizum: <\/strong>01566<br\/><strong>Inscripci\u00f3n en el registro de fundaciones de la Generalitat:<\/strong><br\/>15\/12\/2005 con n\u00fam. 2.144<br\/><strong>Registro municipal de asociaciones vecinales:<\/strong> 586<br\/><strong>Censo Secretaria General de Joventut: <\/strong>561<br\/><strong>Federaci\u00f3 Catalana del Voluntariat Social: <\/strong>345<br\/><strong>Censo de entidades del voluntariado de Catalunya: <\/strong>001479-000<\/p>\n\n\n\n<p>1969 Creaci\u00f3n del Centre Social Sant Roc<br\/>1987 Constituci\u00f3n del Ateneu Popular Sant Roc<br\/>2005 Constituci\u00f3n de la Fundaci\u00f3 Ateneu Sant Roc<\/p>\n<\/div>\n<\/div>\n<\/div><\/div>\n<\/div><\/div>\n<\/div><\/div>\n\n<div class=\"wp-block-group accordion\"><div class=\"wp-block-group__inner-container is-layout-flow wp-block-group-is-layout-flow\">\n<h2 class=\"wp-block-heading accordion-title\">Nuestras cuentas \u00b7 Ejercicio 2025<\/h2>\n\n\n\n<div class=\"wp-block-group accordion-content\"><div class=\"wp-block-group__inner-container is-layout-flow wp-block-group-is-layout-flow\">\n<div style=\"height:15px\" aria-hidden=\"true\" class=\"wp-block-spacer\"><\/div>\n\n\n\n<div class=\"wp-block-columns is-layout-flex wp-container-core-columns-is-layout-9d6595d7 wp-block-columns-is-layout-flex\">\n<div class=\"wp-block-column is-layout-flow wp-block-column-is-layout-flow\">\n<h4 class=\"wp-block-heading has-text-align-left has-medium-font-size\">Nuestros ingresos<\/h4>\n\n\n\n<figure class=\"wp-block-image size-full is-resized\"><img loading=\"lazy\" decoding=\"async\" width=\"650\" height=\"709\" src=\"https:\/\/fundacioateneusantroc.org\/wp-content\/uploads\/comptes1-2025.jpg\" alt=\"\" class=\"wp-image-71148\" style=\"width:312px\" srcset=\"https:\/\/fundacioateneusantroc.org\/wp-content\/uploads\/comptes1-2025.jpg 650w, https:\/\/fundacioateneusantroc.org\/wp-content\/uploads\/comptes1-2025-275x300.jpg 275w\" sizes=\"auto, (max-width: 650px) 100vw, 650px\" \/><\/figure>\n\n\n\n<p><img loading=\"lazy\" decoding=\"async\" width=\"18\" height=\"18\" class=\"wp-image-44916\" style=\"width: 18px;\" src=\"https:\/\/fundacioateneusantroc.org\/wp-content\/uploads\/quadradettaronja.gif\" alt=\"\"> Fondos privados<\/p>\n\n\n\n<p><img loading=\"lazy\" decoding=\"async\" width=\"18\" height=\"18\" class=\"wp-image-44918\" style=\"width: 18px;\" src=\"https:\/\/fundacioateneusantroc.org\/wp-content\/uploads\/quadradetgris1.gif\" alt=\"\"> Fondos p\u00fablicos<\/p>\n\n\n\n<p>Generalitat de Catalunya: <br\/>221.854 \u20ac<br\/>Ajuntament de Badalona: <br\/>79.904 \u20ac<br\/>Otros: 1.628 \u20ac<\/p>\n<\/div>\n\n\n\n<div class=\"wp-block-column is-layout-flow wp-block-column-is-layout-flow\">\n<h4 class=\"wp-block-heading has-text-align-left has-medium-font-size\">Aplicaci\u00f3n de los fondos obtenidos<\/h4>\n\n\n\n<figure class=\"wp-block-image size-full is-resized\"><img loading=\"lazy\" decoding=\"async\" width=\"650\" height=\"709\" src=\"https:\/\/fundacioateneusantroc.org\/wp-content\/uploads\/comptes2-2025.jpg\" alt=\"\" class=\"wp-image-71150\" style=\"width:312px\" srcset=\"https:\/\/fundacioateneusantroc.org\/wp-content\/uploads\/comptes2-2025.jpg 650w, https:\/\/fundacioateneusantroc.org\/wp-content\/uploads\/comptes2-2025-275x300.jpg 275w\" sizes=\"auto, (max-width: 650px) 100vw, 650px\" \/><\/figure>\n\n\n\n<p><img loading=\"lazy\" decoding=\"async\" width=\"18\" height=\"18\" class=\"wp-image-44916\" style=\"width: 18px;\" src=\"https:\/\/fundacioateneusantroc.org\/wp-content\/uploads\/quadradettaronja.gif\" alt=\"\"> Educaci\u00f3n infancia y juventud<\/p>\n\n\n\n<p><img loading=\"lazy\" decoding=\"async\" width=\"18\" height=\"18\" class=\"wp-image-44918\" style=\"width: 18px;\" src=\"https:\/\/fundacioateneusantroc.org\/wp-content\/uploads\/quadradetgris1.gif\" alt=\"\"> Acogida y formaci\u00f3n<\/p>\n\n\n\n<p><img loading=\"lazy\" decoding=\"async\" width=\"18\" height=\"18\" class=\"wp-image-44920\" style=\"width: 18px;\" src=\"https:\/\/fundacioateneusantroc.org\/wp-content\/uploads\/quadradetgris2.gif\" alt=\"\"> Desarrollo comunitario<\/p>\n\n\n\n<p><img loading=\"lazy\" decoding=\"async\" width=\"18\" height=\"18\" class=\"wp-image-44922\" style=\"width: 18px;\" src=\"https:\/\/fundacioateneusantroc.org\/wp-content\/uploads\/quadradetgris3.gif\" alt=\"\"> Gastos de gesti\u00f3n<\/p>\n<\/div>\n<\/div>\n\n\n\n<div style=\"height:25px\" aria-hidden=\"true\" class=\"wp-block-spacer\"><\/div>\n\n\n\n<p><strong>*RESULTADO: +2.515 \u20ac<\/strong> (Las cuentas anuales de la Fundaci\u00f3 Ateneu Sant Roc han sido auditadas por Busquet Economistes Auditors-Estudi Jur\u00eddic)<\/p>\n<\/div><\/div>\n<\/div><\/div>\n\n<div class=\"wp-block-group accordion\"><div class=\"wp-block-group__inner-container is-layout-flow wp-block-group-is-layout-flow\">\n<h2 class=\"wp-block-heading accordion-title\">Documentos<\/h2>\n\n\n\n<div class=\"wp-block-group accordion-content\"><div class=\"wp-block-group__inner-container is-layout-flow wp-block-group-is-layout-flow\">\n<div style=\"height:15px\" aria-hidden=\"true\" class=\"wp-block-spacer\"><\/div>\n\n\n\n<div class=\"wp-block-group accordion-content\"><div class=\"wp-block-group__inner-container is-layout-flow wp-block-group-is-layout-flow\">\n<div class=\"wp-block-columns is-layout-flex wp-container-core-columns-is-layout-9d6595d7 wp-block-columns-is-layout-flex\">\n<div class=\"wp-block-column is-layout-flow wp-block-column-is-layout-flow\">\n<p class=\"has-text-color\" style=\"color:#444444\"><a href=\"https:\/\/fundacioateneusantroc.org\/wp-content\/uploads\/Estatuts-2012.pdf\" data-type=\"URL\" data-id=\"https:\/\/fundacioateneusantroc.org\/wp-content\/uploads\/Estatuts-2012.pdf\" target=\"_blank\" rel=\"noreferrer noopener\"><img loading=\"lazy\" decoding=\"async\" width=\"20\" height=\"25\" class=\"wp-image-1112\" style=\"width: 20px;\" src=\"https:\/\/fundacioateneusantroc.org\/wp-content\/uploads\/pdf-icon.png\" alt=\"\"> Estatutos de la Fundaci\u00f3 Ateneu Sant Roc<\/a><\/p>\n\n\n\n<p class=\"has-text-color\" style=\"color:#444444\"><a href=\"https:\/\/fundacioateneusantroc.org\/wp-content\/uploads\/ccaa-informeauditoria-fasr2025.pdf\" target=\"_blank\" rel=\"noreferrer noopener\"><img loading=\"lazy\" decoding=\"async\" width=\"20\" height=\"25\" class=\"wp-image-1112\" style=\"width: 20px;\" src=\"https:\/\/fundacioateneusantroc.org\/wp-content\/uploads\/pdf-icon.png\" alt=\"\"> Cuentas auditadas 2025<\/a><\/p>\n\n\n\n<p><a href=\"http:\/\/fundacioateneusantroc.org\/wp-content\/uploads\/CCAA_InformeAuditoria2020.pdf\" target=\"_blank\" rel=\"noreferrer noopener\"><img loading=\"lazy\" decoding=\"async\" width=\"20\" height=\"25\" class=\"wp-image-1112\" style=\"width: 20px;\" src=\"https:\/\/fundacioateneusantroc.org\/wp-content\/uploads\/pdf-icon.png\" alt=\"\"> <\/a><a href=\"https:\/\/fundacioateneusantroc.org\/wp-content\/uploads\/ccaa-informeauditoria-fasr2024.pdf\" target=\"_blank\" rel=\"noreferrer noopener\"> <\/a><a href=\"https:\/\/fundacioateneusantroc.org\/wp-content\/uploads\/ccaa-informeauditoria-fasr2024-2.pdf\" target=\"_blank\" rel=\"noreferrer noopener\">Cuentas auditadas 2024<\/a><\/p>\n\n\n\n<p class=\"has-text-color\" style=\"color:#444444\"><a href=\"https:\/\/fundacioateneusantroc.org\/wp-content\/uploads\/ccaa-informeauditoria-fasr2023-2.pdf\" target=\"_blank\" rel=\"noreferrer noopener\"><img loading=\"lazy\" decoding=\"async\" width=\"20\" height=\"25\" class=\"wp-image-1112\" style=\"width: 20px;\" src=\"https:\/\/fundacioateneusantroc.org\/wp-content\/uploads\/pdf-icon.png\" alt=\"\"> Cuentas auditadas 2023<\/a><\/p>\n\n\n\n<p class=\"has-text-color\" style=\"color:#444444\"><a href=\"https:\/\/fundacioateneusantroc.org\/wp-content\/uploads\/ccaa-informeauditoria-fasr2022-2.pdf\" target=\"_blank\" rel=\"noreferrer noopener\"><img loading=\"lazy\" decoding=\"async\" width=\"20\" height=\"25\" class=\"wp-image-1112\" style=\"width: 20px;\" src=\"https:\/\/fundacioateneusantroc.org\/wp-content\/uploads\/pdf-icon.png\" alt=\"\"> Cuentas auditadas 2022<\/a><\/p>\n\n\n\n<p class=\"has-text-color\" style=\"color:#444444\"><a href=\"http:\/\/fundacioateneusantroc.org\/wp-content\/uploads\/ccaa-informeauditoria-fasr2021.pdf\" target=\"_blank\" rel=\"noreferrer noopener\"><img loading=\"lazy\" decoding=\"async\" width=\"20\" height=\"25\" class=\"wp-image-1112\" style=\"width: 20px;\" src=\"https:\/\/fundacioateneusantroc.org\/wp-content\/uploads\/pdf-icon.png\" alt=\"\"> Cuentas auditadas 2021<\/a><\/p>\n<\/div>\n\n\n\n<div class=\"wp-block-column is-layout-flow wp-block-column-is-layout-flow\">\n<p class=\"has-text-color\" style=\"color:#444444\"><a href=\"https:\/\/fundacioateneusantroc.org\/wp-content\/uploads\/codi-etic-fasr2.pdf\" target=\"_blank\" rel=\"noreferrer noopener\"><img loading=\"lazy\" decoding=\"async\" width=\"20\" height=\"25\" class=\"wp-image-1112\" style=\"width: 20px;\" src=\"https:\/\/fundacioateneusantroc.org\/wp-content\/uploads\/pdf-icon.png\" alt=\"\"> C\u00f3digo \u00e9tico<\/a><\/p>\n\n\n\n<p class=\"has-text-color\" style=\"color:#444444\"><a href=\"https:\/\/fundacioateneusantroc.org\/wp-content\/uploads\/politica-de-qualitat-FASR.pdf\" target=\"_blank\" rel=\"noreferrer noopener\"><img loading=\"lazy\" decoding=\"async\" width=\"20\" height=\"25\" class=\"wp-image-1112\" style=\"width: 20px;\" src=\"https:\/\/fundacioateneusantroc.org\/wp-content\/uploads\/pdf-icon.png\" alt=\"\"> Pol\u00edtica de calidad<\/a><\/p>\n\n\n\n<p><a href=\"https:\/\/fundacioateneusantroc.org\/wp-content\/uploads\/protocol-assetjament-sexual-fasr2.pdf\" target=\"_blank\" rel=\"noreferrer noopener\"><img loading=\"lazy\" decoding=\"async\" width=\"20\" height=\"25\" class=\"wp-image-1112\" style=\"width: 20px;\" src=\"https:\/\/fundacioateneusantroc.org\/wp-content\/uploads\/pdf-icon.png\" alt=\"\"> Protocolo de acoso sexual<\/a><\/p>\n\n\n\n<p><a href=\"https:\/\/fundacioateneusantroc.org\/wp-content\/uploads\/protocol-assetjament-sexual-fasr2.pdf\" target=\"_blank\" rel=\"noreferrer noopener\"><img loading=\"lazy\" decoding=\"async\" width=\"20\" height=\"25\" class=\"wp-image-1112\" style=\"width: 20px;\" src=\"https:\/\/fundacioateneusantroc.org\/wp-content\/uploads\/pdf-icon.png\" alt=\"\"> <\/a><a href=\"https:\/\/fundacioateneusantroc.org\/wp-content\/uploads\/Protocol-Prevencio-dels-abusos-sexuals-i-altres-maltractaments-en-lambit-de-leducacio-en-el-lleure.pdf\" target=\"_blank\" rel=\"noreferrer noopener\"> Protocolo de Prevencio\u0301n de abusos sexuales y otros maltratos en el \u00e1mbito de la educacio\u0301n en el tiempo libre<\/a><\/p>\n\n\n\n<p class=\"has-text-color\" style=\"color:#444444\"><a href=\"https:\/\/fundacioateneusantroc.org\/wp-content\/uploads\/1-carta-de-serveis-fasr.pdf\" target=\"_blank\" rel=\"noreferrer noopener\"><img loading=\"lazy\" decoding=\"async\" width=\"20\" height=\"25\" class=\"wp-image-1112\" style=\"width: 20px;\" src=\"https:\/\/fundacioateneusantroc.org\/wp-content\/uploads\/pdf-icon.png\" alt=\"\"> Carta de servicios<\/a><\/p>\n\n\n\n<p><a href=\"https:\/\/fundacioateneusantroc.org\/wp-content\/uploads\/protocol-assetjament-sexual-fasr2.pdf\" target=\"_blank\" rel=\"noreferrer noopener\"><img loading=\"lazy\" decoding=\"async\" width=\"20\" height=\"25\" class=\"wp-image-1112\" style=\"width: 20px;\" src=\"https:\/\/fundacioateneusantroc.org\/wp-content\/uploads\/pdf-icon.png\" alt=\"\"><\/a><a href=\"https:\/\/fundacioateneusantroc.org\/wp-content\/uploads\/normativa-aplicable-fasr.pdf\" target=\"_blank\" rel=\"noreferrer noopener\"> Normativa aplicable<\/a><\/p>\n\n\n\n<p><a href=\"https:\/\/fundacioateneusantroc.org\/wp-content\/uploads\/taula-salarial-2025.pdf\" target=\"_blank\" rel=\"noreferrer noopener\"><img loading=\"lazy\" decoding=\"async\" width=\"20\" height=\"25\" class=\"wp-image-1112\" style=\"width: 20px;\" src=\"https:\/\/fundacioateneusantroc.org\/wp-content\/uploads\/pdf-icon.png\" alt=\"\"> Acuerdo relativo a las condiciones salariales del personal remunerado<\/a><\/p>\n<\/div>\n<\/div>\n<\/div><\/div>\n<\/div><\/div>\n<\/div><\/div>\n\n<div class=\"wp-block-group accordion\"><div class=\"wp-block-group__inner-container is-layout-flow wp-block-group-is-layout-flow\">\n<h2 class=\"wp-block-heading accordion-title\">Recursos gr\u00e1ficos<\/h2>\n\n\n\n<div class=\"wp-block-group accordion-content\"><div class=\"wp-block-group__inner-container is-layout-flow wp-block-group-is-layout-flow\">\n<div style=\"height:50px\" aria-hidden=\"true\" class=\"wp-block-spacer\"><\/div>\n\n\n\n<div class=\"wp-block-group accordion-content\"><div class=\"wp-block-group__inner-container is-layout-flow wp-block-group-is-layout-flow\">\n<div class=\"wp-block-columns is-layout-flex wp-container-core-columns-is-layout-9d6595d7 wp-block-columns-is-layout-flex\">\n<div class=\"wp-block-column is-layout-flow wp-block-column-is-layout-flow\">\n<a href=\"https:\/\/fundacioateneusantroc.org\/imatges\/fasr-logotip.png\" download=\"\">\n<\/a>\n\n\n<figure class=\"wp-block-image size-large\"><img loading=\"lazy\" decoding=\"async\" width=\"1024\" height=\"460\" src=\"https:\/\/fundacioateneusantroc.org\/wp-content\/uploads\/\/fasr-logotip-1024x460.png\" alt=\"\" class=\"wp-image-59221\" srcset=\"https:\/\/fundacioateneusantroc.org\/wp-content\/uploads\/fasr-logotip-1024x460.png 1024w, https:\/\/fundacioateneusantroc.org\/wp-content\/uploads\/fasr-logotip-300x135.png 300w, https:\/\/fundacioateneusantroc.org\/wp-content\/uploads\/fasr-logotip-768x345.png 768w, https:\/\/fundacioateneusantroc.org\/wp-content\/uploads\/fasr-logotip-1536x689.png 1536w, https:\/\/fundacioateneusantroc.org\/wp-content\/uploads\/fasr-logotip-2048x919.png 2048w\" sizes=\"auto, (max-width: 1024px) 100vw, 1024px\" \/><\/figure>\n\n\n\n\n\n\n\n<p>Tipo: color (uso preferible)<br\/>Archivo: PNG<br\/>Ancho: 2894px<\/p>\n<\/div>\n\n\n\n<div class=\"wp-block-column is-layout-flow wp-block-column-is-layout-flow\">\n<a href=\"https:\/\/fundacioateneusantroc.org\/imatges\/fasr-logotip-bn.png\" download=\"\">\n<\/a>\n\n\n<figure class=\"wp-block-image size-large\"><img loading=\"lazy\" decoding=\"async\" width=\"1024\" height=\"460\" src=\"https:\/\/fundacioateneusantroc.org\/wp-content\/uploads\/\/fasr-logotip-bn-1024x460.png\" alt=\"\" class=\"wp-image-59225\" srcset=\"https:\/\/fundacioateneusantroc.org\/wp-content\/uploads\/fasr-logotip-bn-1024x460.png 1024w, https:\/\/fundacioateneusantroc.org\/wp-content\/uploads\/fasr-logotip-bn-300x135.png 300w, https:\/\/fundacioateneusantroc.org\/wp-content\/uploads\/fasr-logotip-bn-768x345.png 768w, https:\/\/fundacioateneusantroc.org\/wp-content\/uploads\/fasr-logotip-bn-1536x689.png 1536w, https:\/\/fundacioateneusantroc.org\/wp-content\/uploads\/fasr-logotip-bn-2048x919.png 2048w\" sizes=\"auto, (max-width: 1024px) 100vw, 1024px\" \/><\/figure>\n\n\n\n\n\n\n\n<p>Tipo: monocromo negro<br\/>Archivo: PNG<br\/>Ancho: 2894px<\/p>\n<\/div>\n\n\n\n<div class=\"wp-block-column is-layout-flow wp-block-column-is-layout-flow\">\n<a href=\"https:\/\/fundacioateneusantroc.org\/wp-content\/uploads\/\/fasr-logotip-blanc-1024x460.png\" download=\"\">\n<\/a>\n\n\n<figure class=\"wp-block-image size-large wp-duotone-000000-rgba128128128019-1\"><img loading=\"lazy\" decoding=\"async\" width=\"1024\" height=\"460\" src=\"https:\/\/fundacioateneusantroc.org\/wp-content\/uploads\/\/fasr-logotip-blanc-1024x460.png\" alt=\"\" class=\"wp-image-69683\" srcset=\"https:\/\/fundacioateneusantroc.org\/wp-content\/uploads\/fasr-logotip-blanc-1024x460.png 1024w, https:\/\/fundacioateneusantroc.org\/wp-content\/uploads\/fasr-logotip-blanc-300x135.png 300w, https:\/\/fundacioateneusantroc.org\/wp-content\/uploads\/fasr-logotip-blanc-768x345.png 768w, https:\/\/fundacioateneusantroc.org\/wp-content\/uploads\/fasr-logotip-blanc-1536x689.png 1536w, https:\/\/fundacioateneusantroc.org\/wp-content\/uploads\/fasr-logotip-blanc-2048x919.png 2048w\" sizes=\"auto, (max-width: 1024px) 100vw, 1024px\" \/><\/figure>\n\n\n\n\n\n\n\n<p>Tipo: monocromo blanco<br\/>Archivo: PNG<br\/>Ancho: 2894px<\/p>\n<\/div>\n<\/div>\n<\/div><\/div>\n<\/div><\/div>\n<\/div><\/div>\n\n<div style=\"height:116px\" aria-hidden=\"true\" class=\"wp-block-spacer\"><\/div>\n","protected":false},"excerpt":{"rendered":"<p>Transparencia Ateneu Sant Roc Memoria de actividades Datos generales Nombre: FUNDACI\u00d3 ATENEU SANT ROCDirecci\u00f3n: c. C\u00e1ceres, [&hellip;]<\/p>\n","protected":false},"author":2,"featured_media":0,"parent":0,"menu_order":0,"comment_status":"closed","ping_status":"closed","template":"","meta":{"footnotes":""},"class_list":["post-62922","page","type-page","status-publish","hentry"],"_links":{"self":[{"href":"https:\/\/fundacioateneusantroc.org\/es\/wp-json\/wp\/v2\/pages\/62922","targetHints":{"allow":["GET"]}}],"collection":[{"href":"https:\/\/fundacioateneusantroc.org\/es\/wp-json\/wp\/v2\/pages"}],"about":[{"href":"https:\/\/fundacioateneusantroc.org\/es\/wp-json\/wp\/v2\/types\/page"}],"author":[{"embeddable":true,"href":"https:\/\/fundacioateneusantroc.org\/es\/wp-json\/wp\/v2\/users\/2"}],"replies":[{"embeddable":true,"href":"https:\/\/fundacioateneusantroc.org\/es\/wp-json\/wp\/v2\/comments?post=62922"}],"version-history":[{"count":94,"href":"https:\/\/fundacioateneusantroc.org\/es\/wp-json\/wp\/v2\/pages\/62922\/revisions"}],"predecessor-version":[{"id":71389,"href":"https:\/\/fundacioateneusantroc.org\/es\/wp-json\/wp\/v2\/pages\/62922\/revisions\/71389"}],"wp:attachment":[{"href":"https:\/\/fundacioateneusantroc.org\/es\/wp-json\/wp\/v2\/media?parent=62922"}],"curies":[{"name":"wp","href":"https:\/\/api.w.org\/{rel}","templated":true}]}}