{"id":46097,"date":"2021-09-07T12:53:57","date_gmt":"2021-09-07T10:53:57","guid":{"rendered":"https:\/\/fundacioateneusantroc.org\/projecte\/fira-de-sant-roc\/"},"modified":"2024-06-19T11:01:20","modified_gmt":"2024-06-19T09:01:20","slug":"fira-de-sant-roc","status":"publish","type":"projectes","link":"https:\/\/fundacioateneusantroc.org\/es\/projecte\/fira-de-sant-roc\/","title":{"rendered":"Fira de Sant Roc"},"content":{"rendered":"\n<div class=\"wp-block-group img-background full-width\"><div class=\"wp-block-group__inner-container is-layout-flow wp-block-group-is-layout-flow\">\n<div class=\"wp-block-group content-block max-width\"><div class=\"wp-block-group__inner-container is-layout-flow wp-block-group-is-layout-flow\">\n<div class=\"wp-block-group content-block\"><div class=\"wp-block-group__inner-container is-layout-flow wp-block-group-is-layout-flow\">\n<div style=\"height:15px\" aria-hidden=\"true\" class=\"wp-block-spacer\"><\/div>\n\n\n\n<div style=\"height:70px\" aria-hidden=\"true\" class=\"wp-block-spacer\"><\/div>\n\n\n\n<h1 class=\"wp-block-heading has-text-align-center no-margin\">Fira de Sant Roc<\/h1>\n\n\n\n<p class=\"has-text-align-center has-medium-font-size\"><em>\u201cUn d\u00eda para emitir mensajes de inclusi\u00f3n y cohesi\u00f3n social a m\u00e1s de 3.000 personas\u201d<\/em><\/p>\n\n\n\n<div style=\"height:40px\" aria-hidden=\"true\" class=\"wp-block-spacer\"><\/div>\n<\/div><\/div>\n<\/div><\/div>\n\n\n\n<figure class=\"wp-block-image size-large background-image\"><img loading=\"lazy\" decoding=\"async\" width=\"1024\" height=\"682\" src=\"https:\/\/fundacioateneusantroc.org\/wp-content\/uploads\/\/Firasantroc1-1024x682.jpg\" alt=\"\" class=\"wp-image-45344\" srcset=\"https:\/\/fundacioateneusantroc.org\/wp-content\/uploads\/Firasantroc1-1024x682.jpg 1024w, https:\/\/fundacioateneusantroc.org\/wp-content\/uploads\/Firasantroc1-300x200.jpg 300w, https:\/\/fundacioateneusantroc.org\/wp-content\/uploads\/Firasantroc1-768x512.jpg 768w, https:\/\/fundacioateneusantroc.org\/wp-content\/uploads\/Firasantroc1-1536x1024.jpg 1536w, https:\/\/fundacioateneusantroc.org\/wp-content\/uploads\/Firasantroc1-2048x1365.jpg 2048w\" sizes=\"auto, (max-width: 1024px) 100vw, 1024px\" \/><\/figure>\n<\/div><\/div>\n\n\n\n<div style=\"height:40px\" aria-hidden=\"true\" class=\"wp-block-spacer\"><\/div>\n\n\n\n<figure class=\"wp-block-gallery has-nested-images columns-8 is-cropped wp-block-gallery-1 is-layout-flex wp-block-gallery-is-layout-flex\">\n<figure class=\"wp-block-image size-large\"><img loading=\"lazy\" decoding=\"async\" width=\"1024\" height=\"640\" data-id=\"60561\" src=\"https:\/\/fundacioateneusantroc.org\/wp-content\/uploads\/pg-projecte-fira-sant-roc14.jpg\" alt=\"\" class=\"wp-image-60561\" srcset=\"https:\/\/fundacioateneusantroc.org\/wp-content\/uploads\/pg-projecte-fira-sant-roc14.jpg 1024w, https:\/\/fundacioateneusantroc.org\/wp-content\/uploads\/pg-projecte-fira-sant-roc14-300x188.jpg 300w, https:\/\/fundacioateneusantroc.org\/wp-content\/uploads\/pg-projecte-fira-sant-roc14-768x480.jpg 768w\" sizes=\"auto, (max-width: 1024px) 100vw, 1024px\" \/><\/figure>\n\n\n\n<figure class=\"wp-block-image size-large\"><img loading=\"lazy\" decoding=\"async\" width=\"1024\" height=\"640\" data-id=\"60545\" src=\"https:\/\/fundacioateneusantroc.org\/wp-content\/uploads\/pg-projecte-fira-sant-roc6.jpg\" alt=\"\" class=\"wp-image-60545\" srcset=\"https:\/\/fundacioateneusantroc.org\/wp-content\/uploads\/pg-projecte-fira-sant-roc6.jpg 1024w, https:\/\/fundacioateneusantroc.org\/wp-content\/uploads\/pg-projecte-fira-sant-roc6-300x188.jpg 300w, https:\/\/fundacioateneusantroc.org\/wp-content\/uploads\/pg-projecte-fira-sant-roc6-768x480.jpg 768w\" sizes=\"auto, (max-width: 1024px) 100vw, 1024px\" \/><\/figure>\n\n\n\n<figure class=\"wp-block-image size-large\"><img loading=\"lazy\" decoding=\"async\" width=\"1024\" height=\"640\" data-id=\"60543\" src=\"https:\/\/fundacioateneusantroc.org\/wp-content\/uploads\/pg-projecte-fira-sant-roc5.jpg\" alt=\"\" class=\"wp-image-60543\" srcset=\"https:\/\/fundacioateneusantroc.org\/wp-content\/uploads\/pg-projecte-fira-sant-roc5.jpg 1024w, https:\/\/fundacioateneusantroc.org\/wp-content\/uploads\/pg-projecte-fira-sant-roc5-300x188.jpg 300w, https:\/\/fundacioateneusantroc.org\/wp-content\/uploads\/pg-projecte-fira-sant-roc5-768x480.jpg 768w\" sizes=\"auto, (max-width: 1024px) 100vw, 1024px\" \/><\/figure>\n\n\n\n<figure class=\"wp-block-image size-large\"><img loading=\"lazy\" decoding=\"async\" width=\"1024\" height=\"640\" data-id=\"60537\" src=\"https:\/\/fundacioateneusantroc.org\/wp-content\/uploads\/pg-projecte-fira-sant-roc2.jpg\" alt=\"\" class=\"wp-image-60537\" srcset=\"https:\/\/fundacioateneusantroc.org\/wp-content\/uploads\/pg-projecte-fira-sant-roc2.jpg 1024w, https:\/\/fundacioateneusantroc.org\/wp-content\/uploads\/pg-projecte-fira-sant-roc2-300x188.jpg 300w, https:\/\/fundacioateneusantroc.org\/wp-content\/uploads\/pg-projecte-fira-sant-roc2-768x480.jpg 768w\" sizes=\"auto, (max-width: 1024px) 100vw, 1024px\" \/><\/figure>\n\n\n\n<figure class=\"wp-block-image size-large\"><img loading=\"lazy\" decoding=\"async\" width=\"1024\" height=\"640\" data-id=\"60563\" src=\"https:\/\/fundacioateneusantroc.org\/wp-content\/uploads\/pg-projecte-fira-sant-roc15.jpg\" alt=\"\" class=\"wp-image-60563\" srcset=\"https:\/\/fundacioateneusantroc.org\/wp-content\/uploads\/pg-projecte-fira-sant-roc15.jpg 1024w, https:\/\/fundacioateneusantroc.org\/wp-content\/uploads\/pg-projecte-fira-sant-roc15-300x188.jpg 300w, https:\/\/fundacioateneusantroc.org\/wp-content\/uploads\/pg-projecte-fira-sant-roc15-768x480.jpg 768w\" sizes=\"auto, (max-width: 1024px) 100vw, 1024px\" \/><\/figure>\n\n\n\n<figure class=\"wp-block-image size-large\"><img loading=\"lazy\" decoding=\"async\" width=\"1024\" height=\"640\" data-id=\"60565\" src=\"https:\/\/fundacioateneusantroc.org\/wp-content\/uploads\/pg-projecte-fira-sant-roc16.jpg\" alt=\"\" class=\"wp-image-60565\" srcset=\"https:\/\/fundacioateneusantroc.org\/wp-content\/uploads\/pg-projecte-fira-sant-roc16.jpg 1024w, https:\/\/fundacioateneusantroc.org\/wp-content\/uploads\/pg-projecte-fira-sant-roc16-300x188.jpg 300w, https:\/\/fundacioateneusantroc.org\/wp-content\/uploads\/pg-projecte-fira-sant-roc16-768x480.jpg 768w\" sizes=\"auto, (max-width: 1024px) 100vw, 1024px\" \/><\/figure>\n\n\n\n<figure class=\"wp-block-image size-large\"><img loading=\"lazy\" decoding=\"async\" width=\"1024\" height=\"640\" data-id=\"60567\" src=\"https:\/\/fundacioateneusantroc.org\/wp-content\/uploads\/pg-projecte-fira-sant-roc17.jpg\" alt=\"\" class=\"wp-image-60567\" srcset=\"https:\/\/fundacioateneusantroc.org\/wp-content\/uploads\/pg-projecte-fira-sant-roc17.jpg 1024w, https:\/\/fundacioateneusantroc.org\/wp-content\/uploads\/pg-projecte-fira-sant-roc17-300x188.jpg 300w, https:\/\/fundacioateneusantroc.org\/wp-content\/uploads\/pg-projecte-fira-sant-roc17-768x480.jpg 768w\" sizes=\"auto, (max-width: 1024px) 100vw, 1024px\" \/><\/figure>\n\n\n\n<figure class=\"wp-block-image size-large\"><img loading=\"lazy\" decoding=\"async\" width=\"1024\" height=\"640\" data-id=\"60549\" src=\"https:\/\/fundacioateneusantroc.org\/wp-content\/uploads\/pg-projecte-fira-sant-roc8.jpg\" alt=\"\" class=\"wp-image-60549\" srcset=\"https:\/\/fundacioateneusantroc.org\/wp-content\/uploads\/pg-projecte-fira-sant-roc8.jpg 1024w, https:\/\/fundacioateneusantroc.org\/wp-content\/uploads\/pg-projecte-fira-sant-roc8-300x188.jpg 300w, https:\/\/fundacioateneusantroc.org\/wp-content\/uploads\/pg-projecte-fira-sant-roc8-768x480.jpg 768w\" sizes=\"auto, (max-width: 1024px) 100vw, 1024px\" \/><\/figure>\n\n\n\n<figure class=\"wp-block-image size-large\"><img loading=\"lazy\" decoding=\"async\" width=\"1024\" height=\"640\" data-id=\"60551\" src=\"https:\/\/fundacioateneusantroc.org\/wp-content\/uploads\/pg-projecte-fira-sant-roc9.jpg\" alt=\"\" class=\"wp-image-60551\" srcset=\"https:\/\/fundacioateneusantroc.org\/wp-content\/uploads\/pg-projecte-fira-sant-roc9.jpg 1024w, https:\/\/fundacioateneusantroc.org\/wp-content\/uploads\/pg-projecte-fira-sant-roc9-300x188.jpg 300w, https:\/\/fundacioateneusantroc.org\/wp-content\/uploads\/pg-projecte-fira-sant-roc9-768x480.jpg 768w\" sizes=\"auto, (max-width: 1024px) 100vw, 1024px\" \/><\/figure>\n\n\n\n<figure class=\"wp-block-image size-large\"><img loading=\"lazy\" decoding=\"async\" width=\"1024\" height=\"640\" data-id=\"60539\" src=\"https:\/\/fundacioateneusantroc.org\/wp-content\/uploads\/pg-projecte-fira-sant-roc3.jpg\" alt=\"\" class=\"wp-image-60539\" srcset=\"https:\/\/fundacioateneusantroc.org\/wp-content\/uploads\/pg-projecte-fira-sant-roc3.jpg 1024w, https:\/\/fundacioateneusantroc.org\/wp-content\/uploads\/pg-projecte-fira-sant-roc3-300x188.jpg 300w, https:\/\/fundacioateneusantroc.org\/wp-content\/uploads\/pg-projecte-fira-sant-roc3-768x480.jpg 768w\" sizes=\"auto, (max-width: 1024px) 100vw, 1024px\" \/><\/figure>\n\n\n\n<figure class=\"wp-block-image size-large\"><img loading=\"lazy\" decoding=\"async\" width=\"1024\" height=\"640\" data-id=\"60553\" src=\"https:\/\/fundacioateneusantroc.org\/wp-content\/uploads\/pg-projecte-fira-sant-roc10.jpg\" alt=\"\" class=\"wp-image-60553\" srcset=\"https:\/\/fundacioateneusantroc.org\/wp-content\/uploads\/pg-projecte-fira-sant-roc10.jpg 1024w, https:\/\/fundacioateneusantroc.org\/wp-content\/uploads\/pg-projecte-fira-sant-roc10-300x188.jpg 300w, https:\/\/fundacioateneusantroc.org\/wp-content\/uploads\/pg-projecte-fira-sant-roc10-768x480.jpg 768w\" sizes=\"auto, (max-width: 1024px) 100vw, 1024px\" \/><\/figure>\n\n\n\n<figure class=\"wp-block-image size-large\"><img loading=\"lazy\" decoding=\"async\" width=\"1024\" height=\"640\" data-id=\"60575\" src=\"https:\/\/fundacioateneusantroc.org\/wp-content\/uploads\/pg-projecte-fira-sant-roc21.jpg\" alt=\"\" class=\"wp-image-60575\" srcset=\"https:\/\/fundacioateneusantroc.org\/wp-content\/uploads\/pg-projecte-fira-sant-roc21.jpg 1024w, https:\/\/fundacioateneusantroc.org\/wp-content\/uploads\/pg-projecte-fira-sant-roc21-300x188.jpg 300w, https:\/\/fundacioateneusantroc.org\/wp-content\/uploads\/pg-projecte-fira-sant-roc21-768x480.jpg 768w\" sizes=\"auto, (max-width: 1024px) 100vw, 1024px\" \/><\/figure>\n\n\n\n<figure class=\"wp-block-image size-large\"><img loading=\"lazy\" decoding=\"async\" width=\"1024\" height=\"640\" data-id=\"60581\" src=\"https:\/\/fundacioateneusantroc.org\/wp-content\/uploads\/pg-projecte-fira-sant-roc24.jpg\" alt=\"\" class=\"wp-image-60581\" srcset=\"https:\/\/fundacioateneusantroc.org\/wp-content\/uploads\/pg-projecte-fira-sant-roc24.jpg 1024w, https:\/\/fundacioateneusantroc.org\/wp-content\/uploads\/pg-projecte-fira-sant-roc24-300x188.jpg 300w, https:\/\/fundacioateneusantroc.org\/wp-content\/uploads\/pg-projecte-fira-sant-roc24-768x480.jpg 768w\" sizes=\"auto, (max-width: 1024px) 100vw, 1024px\" \/><\/figure>\n\n\n\n<figure class=\"wp-block-image size-large\"><img loading=\"lazy\" decoding=\"async\" width=\"1024\" height=\"640\" data-id=\"60557\" src=\"https:\/\/fundacioateneusantroc.org\/wp-content\/uploads\/pg-projecte-fira-sant-roc12.jpg\" alt=\"\" class=\"wp-image-60557\" srcset=\"https:\/\/fundacioateneusantroc.org\/wp-content\/uploads\/pg-projecte-fira-sant-roc12.jpg 1024w, https:\/\/fundacioateneusantroc.org\/wp-content\/uploads\/pg-projecte-fira-sant-roc12-300x188.jpg 300w, https:\/\/fundacioateneusantroc.org\/wp-content\/uploads\/pg-projecte-fira-sant-roc12-768x480.jpg 768w\" sizes=\"auto, (max-width: 1024px) 100vw, 1024px\" \/><\/figure>\n\n\n\n<figure class=\"wp-block-image size-large\"><img loading=\"lazy\" decoding=\"async\" width=\"1024\" height=\"640\" data-id=\"60559\" src=\"https:\/\/fundacioateneusantroc.org\/wp-content\/uploads\/pg-projecte-fira-sant-roc13.jpg\" alt=\"\" class=\"wp-image-60559\" srcset=\"https:\/\/fundacioateneusantroc.org\/wp-content\/uploads\/pg-projecte-fira-sant-roc13.jpg 1024w, https:\/\/fundacioateneusantroc.org\/wp-content\/uploads\/pg-projecte-fira-sant-roc13-300x188.jpg 300w, https:\/\/fundacioateneusantroc.org\/wp-content\/uploads\/pg-projecte-fira-sant-roc13-768x480.jpg 768w\" sizes=\"auto, (max-width: 1024px) 100vw, 1024px\" \/><\/figure>\n\n\n\n<figure class=\"wp-block-image size-large\"><img loading=\"lazy\" decoding=\"async\" width=\"1024\" height=\"640\" data-id=\"60555\" src=\"https:\/\/fundacioateneusantroc.org\/wp-content\/uploads\/pg-projecte-fira-sant-roc11.jpg\" alt=\"\" class=\"wp-image-60555\" srcset=\"https:\/\/fundacioateneusantroc.org\/wp-content\/uploads\/pg-projecte-fira-sant-roc11.jpg 1024w, https:\/\/fundacioateneusantroc.org\/wp-content\/uploads\/pg-projecte-fira-sant-roc11-300x188.jpg 300w, https:\/\/fundacioateneusantroc.org\/wp-content\/uploads\/pg-projecte-fira-sant-roc11-768x480.jpg 768w\" sizes=\"auto, (max-width: 1024px) 100vw, 1024px\" \/><\/figure>\n\n\n\n<figure class=\"wp-block-image size-large\"><img loading=\"lazy\" decoding=\"async\" width=\"1024\" height=\"640\" data-id=\"60569\" src=\"https:\/\/fundacioateneusantroc.org\/wp-content\/uploads\/pg-projecte-fira-sant-roc18.jpg\" alt=\"\" class=\"wp-image-60569\" srcset=\"https:\/\/fundacioateneusantroc.org\/wp-content\/uploads\/pg-projecte-fira-sant-roc18.jpg 1024w, https:\/\/fundacioateneusantroc.org\/wp-content\/uploads\/pg-projecte-fira-sant-roc18-300x188.jpg 300w, https:\/\/fundacioateneusantroc.org\/wp-content\/uploads\/pg-projecte-fira-sant-roc18-768x480.jpg 768w\" sizes=\"auto, (max-width: 1024px) 100vw, 1024px\" \/><\/figure>\n\n\n\n<figure class=\"wp-block-image size-large\"><img loading=\"lazy\" decoding=\"async\" width=\"1024\" height=\"640\" data-id=\"60571\" src=\"https:\/\/fundacioateneusantroc.org\/wp-content\/uploads\/pg-projecte-fira-sant-roc19.jpg\" alt=\"\" class=\"wp-image-60571\" srcset=\"https:\/\/fundacioateneusantroc.org\/wp-content\/uploads\/pg-projecte-fira-sant-roc19.jpg 1024w, https:\/\/fundacioateneusantroc.org\/wp-content\/uploads\/pg-projecte-fira-sant-roc19-300x188.jpg 300w, https:\/\/fundacioateneusantroc.org\/wp-content\/uploads\/pg-projecte-fira-sant-roc19-768x480.jpg 768w\" sizes=\"auto, (max-width: 1024px) 100vw, 1024px\" \/><\/figure>\n\n\n\n<figure class=\"wp-block-image size-large\"><img loading=\"lazy\" decoding=\"async\" width=\"1024\" height=\"640\" data-id=\"60573\" src=\"https:\/\/fundacioateneusantroc.org\/wp-content\/uploads\/pg-projecte-fira-sant-roc20.jpg\" alt=\"\" class=\"wp-image-60573\" srcset=\"https:\/\/fundacioateneusantroc.org\/wp-content\/uploads\/pg-projecte-fira-sant-roc20.jpg 1024w, https:\/\/fundacioateneusantroc.org\/wp-content\/uploads\/pg-projecte-fira-sant-roc20-300x188.jpg 300w, https:\/\/fundacioateneusantroc.org\/wp-content\/uploads\/pg-projecte-fira-sant-roc20-768x480.jpg 768w\" sizes=\"auto, (max-width: 1024px) 100vw, 1024px\" \/><\/figure>\n\n\n\n<figure class=\"wp-block-image size-large\"><img loading=\"lazy\" decoding=\"async\" width=\"1024\" height=\"640\" data-id=\"60577\" src=\"https:\/\/fundacioateneusantroc.org\/wp-content\/uploads\/pg-projecte-fira-sant-roc22.jpg\" alt=\"\" class=\"wp-image-60577\" srcset=\"https:\/\/fundacioateneusantroc.org\/wp-content\/uploads\/pg-projecte-fira-sant-roc22.jpg 1024w, https:\/\/fundacioateneusantroc.org\/wp-content\/uploads\/pg-projecte-fira-sant-roc22-300x188.jpg 300w, https:\/\/fundacioateneusantroc.org\/wp-content\/uploads\/pg-projecte-fira-sant-roc22-768x480.jpg 768w\" sizes=\"auto, (max-width: 1024px) 100vw, 1024px\" \/><\/figure>\n\n\n\n<figure class=\"wp-block-image size-large\"><img loading=\"lazy\" decoding=\"async\" width=\"1024\" height=\"640\" data-id=\"60579\" src=\"https:\/\/fundacioateneusantroc.org\/wp-content\/uploads\/pg-projecte-fira-sant-roc23.jpg\" alt=\"\" class=\"wp-image-60579\" srcset=\"https:\/\/fundacioateneusantroc.org\/wp-content\/uploads\/pg-projecte-fira-sant-roc23.jpg 1024w, https:\/\/fundacioateneusantroc.org\/wp-content\/uploads\/pg-projecte-fira-sant-roc23-300x188.jpg 300w, https:\/\/fundacioateneusantroc.org\/wp-content\/uploads\/pg-projecte-fira-sant-roc23-768x480.jpg 768w\" sizes=\"auto, (max-width: 1024px) 100vw, 1024px\" \/><\/figure>\n\n\n\n<figure class=\"wp-block-image size-large\"><img loading=\"lazy\" decoding=\"async\" width=\"1024\" height=\"640\" data-id=\"60583\" src=\"https:\/\/fundacioateneusantroc.org\/wp-content\/uploads\/pg-projecte-fira-sant-roc01.jpg\" alt=\"\" class=\"wp-image-60583\" srcset=\"https:\/\/fundacioateneusantroc.org\/wp-content\/uploads\/pg-projecte-fira-sant-roc01.jpg 1024w, https:\/\/fundacioateneusantroc.org\/wp-content\/uploads\/pg-projecte-fira-sant-roc01-300x188.jpg 300w, https:\/\/fundacioateneusantroc.org\/wp-content\/uploads\/pg-projecte-fira-sant-roc01-768x480.jpg 768w\" sizes=\"auto, (max-width: 1024px) 100vw, 1024px\" \/><\/figure>\n\n\n\n<figure class=\"wp-block-image size-large\"><img loading=\"lazy\" decoding=\"async\" width=\"1024\" height=\"640\" data-id=\"60547\" src=\"https:\/\/fundacioateneusantroc.org\/wp-content\/uploads\/pg-projecte-fira-sant-roc7.jpg\" alt=\"\" class=\"wp-image-60547\" srcset=\"https:\/\/fundacioateneusantroc.org\/wp-content\/uploads\/pg-projecte-fira-sant-roc7.jpg 1024w, https:\/\/fundacioateneusantroc.org\/wp-content\/uploads\/pg-projecte-fira-sant-roc7-300x188.jpg 300w, https:\/\/fundacioateneusantroc.org\/wp-content\/uploads\/pg-projecte-fira-sant-roc7-768x480.jpg 768w\" sizes=\"auto, (max-width: 1024px) 100vw, 1024px\" \/><\/figure>\n\n\n\n<figure class=\"wp-block-image size-large\"><img loading=\"lazy\" decoding=\"async\" width=\"1024\" height=\"640\" data-id=\"60541\" src=\"https:\/\/fundacioateneusantroc.org\/wp-content\/uploads\/pg-projecte-fira-sant-roc4.jpg\" alt=\"\" class=\"wp-image-60541\" srcset=\"https:\/\/fundacioateneusantroc.org\/wp-content\/uploads\/pg-projecte-fira-sant-roc4.jpg 1024w, https:\/\/fundacioateneusantroc.org\/wp-content\/uploads\/pg-projecte-fira-sant-roc4-300x188.jpg 300w, https:\/\/fundacioateneusantroc.org\/wp-content\/uploads\/pg-projecte-fira-sant-roc4-768x480.jpg 768w\" sizes=\"auto, (max-width: 1024px) 100vw, 1024px\" \/><\/figure>\n<\/figure>\n\n\n\n<h2 class=\"wp-block-heading\">Participantes<\/h2>\n\n\n\n<p>P\u00fablico asistente: m\u00e1s de 3.000 personas de todas las edades, principalmente del barrio y de la ciudad.<\/p>\n\n\n\n<p>Paradas y actuaciones: 10 artesanos\/as, 60 entidades y servicios, y casi 100 personas de las collas de gigantes, castellers, bailarines, m\u00fasicos&#8230;<\/p>\n\n\n\n<p>Organizaci\u00f3n: 150 personas voluntarias.<\/p>\n\n\n\n<h2 class=\"wp-block-heading\">Objetivo principal<\/h2>\n\n\n\n<p>Fomentar la inclusi\u00f3n y la cohesi\u00f3n social.<\/p>\n\n\n\n<h2 class=\"wp-block-heading\">Actividades<\/h2>\n\n\n\n<p>La Feria se celebra el primer domingo de mayo en la plaza Roja. Una ma\u00f1ana de actividades socioculturales, oficios artesanos y puesta en com\u00fan de trabajos realizados con ilusi\u00f3n hacia la transformaci\u00f3n del barrio.<\/p>\n\n\n\n<ul class=\"wp-block-list\">\n<li>Pasacalles.<\/li>\n\n\n\n<li>Actuaciones: gigantes, castellers, bailes del mundo&#8230;<\/li>\n\n\n\n<li>Oficios artesanales.<\/li>\n\n\n\n<li>Paradas de trebajos realizados por las entidades.<\/li>\n<\/ul>\n\n\n\n<figure class=\"wp-block-embed is-type-video is-provider-youtube wp-block-embed-youtube wp-embed-aspect-16-9 wp-has-aspect-ratio\"><div class=\"wp-block-embed__wrapper\">\n<iframe loading=\"lazy\" title=\"FESTES 2022 \u2022 Fira de Sant Roc\" width=\"500\" height=\"281\" src=\"https:\/\/www.youtube.com\/embed\/GrEaoKNCUsE?feature=oembed\" frameborder=\"0\" allow=\"accelerometer; autoplay; clipboard-write; encrypted-media; gyroscope; picture-in-picture; web-share\" referrerpolicy=\"strict-origin-when-cross-origin\" allowfullscreen><\/iframe>\n<\/div><\/figure>\n\n\n\n<h2 class=\"wp-block-heading\">M\u00e9s informaci\u00f3 <\/h2>\n\n\n\n<p><strong>&gt;Fundaci\u00f3 Acollida i Esperan\u00e7a \u2022<\/strong> La 40a Fira de Sant Roc: artesania, diversitat i mostra d\u2019entitats. <em><a href=\"https:\/\/www.acollida.org\/2024\/05\/la-40a-fira-de-sant-roc-artesania-diversitat-i-mostra-dentitats\/\" target=\"_blank\" rel=\"noreferrer noopener\"><em>Llegir article<\/em><\/a><\/em><\/p>\n\n\n\n<p><strong>&gt;Oriol Llad\u00f3 \u2022 <\/strong>La Fira de Sant Roc i la Festa del Badiu: les quatre caracter\u00edstiques que expliquen l\u2019\u00e8xit d\u2019una i altra cita, que en el fons s\u00f3n les dues cares d\u2019una mateixa moneda. <em><a href=\"https:\/\/www.oriolllado.cat\/reivindicacio-de-badalona-del-badiu-a-la-placa-roja\/\" target=\"_blank\" rel=\"noreferrer noopener\"><em>Llegir article<\/em><\/a><\/em><\/p>\n\n\n\n<p><strong>&gt;Oriol Llad\u00f3 \u2022<\/strong> El poder dels petits detalls. <em><a href=\"https:\/\/www.oriolllado.cat\/petitesgransllicons\/\" target=\"_blank\" rel=\"noreferrer noopener\"><em>Llegir article<\/em><\/a><\/em><\/p>\n","protected":false},"excerpt":{"rendered":"<p>\u201cUn dia para emitir mensajes de inclusi\u00f3n y cohesi\u00f3n social a m\u00e1s de 3.000 personas\u201d<\/p>\n","protected":false},"featured_media":53206,"menu_order":0,"template":"","projectes_categories":[],"class_list":["post-46097","projectes","type-projectes","status-publish","has-post-thumbnail","hentry"],"_links":{"self":[{"href":"https:\/\/fundacioateneusantroc.org\/es\/wp-json\/wp\/v2\/projectes\/46097","targetHints":{"allow":["GET"]}}],"collection":[{"href":"https:\/\/fundacioateneusantroc.org\/es\/wp-json\/wp\/v2\/projectes"}],"about":[{"href":"https:\/\/fundacioateneusantroc.org\/es\/wp-json\/wp\/v2\/types\/projectes"}],"version-history":[{"count":35,"href":"https:\/\/fundacioateneusantroc.org\/es\/wp-json\/wp\/v2\/projectes\/46097\/revisions"}],"predecessor-version":[{"id":65492,"href":"https:\/\/fundacioateneusantroc.org\/es\/wp-json\/wp\/v2\/projectes\/46097\/revisions\/65492"}],"wp:featuredmedia":[{"embeddable":true,"href":"https:\/\/fundacioateneusantroc.org\/es\/wp-json\/wp\/v2\/media\/53206"}],"wp:attachment":[{"href":"https:\/\/fundacioateneusantroc.org\/es\/wp-json\/wp\/v2\/media?parent=46097"}],"wp:term":[{"taxonomy":"projectes_categories","embeddable":true,"href":"https:\/\/fundacioateneusantroc.org\/es\/wp-json\/wp\/v2\/projectes_categories?post=46097"}],"curies":[{"name":"wp","href":"https:\/\/api.w.org\/{rel}","templated":true}]}}